{"id":652,"date":"2017-03-28T12:52:19","date_gmt":"2017-03-28T12:52:19","guid":{"rendered":"http:\/\/areasaludplasencia.es\/aspwp\/?page_id=652"},"modified":"2024-02-02T13:44:23","modified_gmt":"2024-02-02T13:44:23","slug":"sesiones-clinicas-archivo","status":"publish","type":"page","link":"https:\/\/areasaludplasencia.es\/aspwp\/sesiones-clinicas-archivo\/","title":{"rendered":"Sesiones Cl\u00ednicas (archivo)"},"content":{"rendered":"<p>[et_pb_section fb_built=&#8221;1&#8243; admin_label=&#8221;section&#8221; _builder_version=&#8221;4.0.5&#8243; custom_margin=&#8221;0px||||false|false&#8221; custom_padding=&#8221;0px||0px||false|false&#8221;][et_pb_row _builder_version=&#8221;4.0.5&#8243; custom_margin=&#8221;0px||||false|false&#8221; custom_padding=&#8221;||||false|false&#8221;][et_pb_column type=&#8221;4_4&#8243; _builder_version=&#8221;4.0.5&#8243;][et_pb_text _builder_version=&#8221;4.0.5&#8243; text_font=&#8221;||||||||&#8221; text_text_color=&#8221;#2b5183&#8243; text_font_size=&#8221;26px&#8221; custom_margin=&#8221;||0px||false|false&#8221; border_color_all=&#8221;#588cd0&#8243; border_width_bottom=&#8221;4px&#8221; border_color_bottom=&#8221;#5992c1&#8243; border_style_bottom=&#8221;solid&#8221;]<\/p>\n<p>Sesiones Cl\u00ednicas (archivo)<\/p>\n<p>[\/et_pb_text][\/et_pb_column][\/et_pb_row][\/et_pb_section][et_pb_section fb_built=&#8221;1&#8243; _builder_version=&#8221;4.0.5&#8243; custom_padding=&#8221;0px|||||&#8221;][et_pb_row _builder_version=&#8221;4.7.7&#8243; _module_preset=&#8221;default&#8221; min_height=&#8221;28.1px&#8221;][et_pb_column type=&#8221;4_4&#8243; _builder_version=&#8221;4.7.7&#8243; _module_preset=&#8221;default&#8221;][et_pb_divider _builder_version=&#8221;4.7.7&#8243; _module_preset=&#8221;default&#8221;][\/et_pb_divider][\/et_pb_column][\/et_pb_row][et_pb_row column_structure=&#8221;1_3,1_3,1_3&#8243; _builder_version=&#8221;4.7.7&#8243; _module_preset=&#8221;default&#8221;][et_pb_column type=&#8221;1_3&#8243; _builder_version=&#8221;4.7.7&#8243; _module_preset=&#8221;default&#8221;][et_pb_button button_url=&#8221;http:\/\/www.areasaludplasencia.es\/docs\/sesiones\/archivo\/ses_plasencia_hitos_oncologicos.pdf&#8221; url_new_window=&#8221;on&#8221; button_text=&#8221;Hitos oncol\u00f3gicos. El nuevo paradigma.&#8221; _builder_version=&#8221;4.7.7&#8243; custom_button=&#8221;on&#8221; button_text_size=&#8221;16px&#8221; button_text_color=&#8221;#000000&#8243; button_border_width=&#8221;0px&#8221; button_icon=&#8221;%%372%%&#8221; button_icon_color=&#8221;#0c71c3&#8243; button_icon_placement=&#8221;left&#8221; button_on_hover=&#8221;off&#8221; custom_margin=&#8221;||0px||false|false&#8221; hover_enabled=&#8221;0&#8243; sticky_enabled=&#8221;0&#8243;][\/et_pb_button][et_pb_text _builder_version=&#8221;4.7.7&#8243; custom_margin=&#8221;-10px|||35px|false|false&#8221;]<\/p>\n<p>27-feb-2015<br \/>David L\u00f3pez S\u00e1nchez<br \/>Onc\u00f3logo<\/p>\n<p>[\/et_pb_text][\/et_pb_column][et_pb_column type=&#8221;1_3&#8243; _builder_version=&#8221;4.7.7&#8243; _module_preset=&#8221;default&#8221;][et_pb_button button_url=&#8221;http:\/\/www.areasaludplasencia.es\/docs\/sesiones\/archivo\/ses_plasencia_sindrome_febril_viajero.pdf&#8221; url_new_window=&#8221;on&#8221; button_text=&#8221;S\u00edndrome febril en el viajero&#8221; _builder_version=&#8221;4.7.7&#8243; custom_button=&#8221;on&#8221; button_text_size=&#8221;16px&#8221; button_text_color=&#8221;#000000&#8243; button_border_width=&#8221;0px&#8221; button_icon=&#8221;%%372%%&#8221; button_icon_color=&#8221;#0c71c3&#8243; button_icon_placement=&#8221;left&#8221; button_on_hover=&#8221;off&#8221; custom_margin=&#8221;||0px||false|false&#8221;][\/et_pb_button][et_pb_text _builder_version=&#8221;4.7.7&#8243; custom_margin=&#8221;-10px|||35px|false|false&#8221;]<\/p>\n<p>20-feb-2015<br \/> Francisco J. Garc\u00eda S\u00e1nchez<br \/> M\u00e9dico Residente Medicina Interna<\/p>\n<p>[\/et_pb_text][\/et_pb_column][et_pb_column type=&#8221;1_3&#8243; _builder_version=&#8221;4.7.7&#8243; _module_preset=&#8221;default&#8221;][et_pb_button button_url=&#8221;http:\/\/www.areasaludplasencia.es\/docs\/sesiones\/archivo\/ses_plasencia_antibioticos_resistencia.pdf&#8221; url_new_window=&#8221;on&#8221; button_text=&#8221;Antibi\u00f3ticos: resistencia y nuevos usos basados en la evidencia.&#8221; _builder_version=&#8221;4.7.7&#8243; custom_button=&#8221;on&#8221; button_text_size=&#8221;16px&#8221; button_text_color=&#8221;#000000&#8243; button_border_width=&#8221;0px&#8221; button_icon=&#8221;%%372%%&#8221; button_icon_color=&#8221;#0c71c3&#8243; button_icon_placement=&#8221;left&#8221; button_on_hover=&#8221;off&#8221; custom_margin=&#8221;||0px||false|false&#8221;][\/et_pb_button][et_pb_text _builder_version=&#8221;4.7.7&#8243; custom_margin=&#8221;-10px|||35px|false|false&#8221;]<\/p>\n<p>13-feb-2015<br \/>Jos\u00e9 Rom\u00e1n Mu\u00f1oz del Rey<br \/>Microbi\u00f3logo<\/p>\n<p>[\/et_pb_text][\/et_pb_column][\/et_pb_row][et_pb_row _builder_version=&#8221;4.7.7&#8243; _module_preset=&#8221;default&#8221; min_height=&#8221;28.1px&#8221;][et_pb_column type=&#8221;4_4&#8243; _builder_version=&#8221;4.7.7&#8243; _module_preset=&#8221;default&#8221;][et_pb_divider _builder_version=&#8221;4.7.7&#8243; _module_preset=&#8221;default&#8221;][\/et_pb_divider][\/et_pb_column][\/et_pb_row][et_pb_row column_structure=&#8221;1_3,1_3,1_3&#8243; _builder_version=&#8221;4.7.7&#8243; _module_preset=&#8221;default&#8221;][et_pb_column type=&#8221;1_3&#8243; _builder_version=&#8221;4.7.7&#8243; _module_preset=&#8221;default&#8221;][et_pb_button button_url=&#8221;http:\/\/www.areasaludplasencia.es\/docs\/sesiones\/archivo\/4B28.pdf&#8221; url_new_window=&#8221;on&#8221; button_text=&#8221;Linfadenopat\u00edas con histiocitos&#8221; _builder_version=&#8221;4.0.5&#8243; custom_button=&#8221;on&#8221; button_text_size=&#8221;16px&#8221; button_text_color=&#8221;#000000&#8243; button_border_width=&#8221;0px&#8221; button_icon=&#8221;%%372%%&#8221; button_icon_color=&#8221;#0c71c3&#8243; button_icon_placement=&#8221;left&#8221; button_on_hover=&#8221;off&#8221; custom_margin=&#8221;||0px||false|false&#8221;][\/et_pb_button][et_pb_text _builder_version=&#8221;4.0.5&#8243; custom_margin=&#8221;-10px|||35px|false|false&#8221;]<\/p>\n<p>28-nov-2014<br \/> Alejandro Ant\u00fanez Infante<br \/> M\u00e9dico, Antatom\u00eda Patol\u00f3gica<\/p>\n<p>[\/et_pb_text][\/et_pb_column][et_pb_column type=&#8221;1_3&#8243; _builder_version=&#8221;4.7.7&#8243; _module_preset=&#8221;default&#8221;][et_pb_button button_url=&#8221;http:\/\/www.areasaludplasencia.es\/docs\/sesiones\/archivo\/4A03.pdf&#8221; url_new_window=&#8221;on&#8221; button_text=&#8221;Traumatismos de o\u00eddo&#8221; _builder_version=&#8221;4.0.5&#8243; custom_button=&#8221;on&#8221; button_text_size=&#8221;16px&#8221; button_text_color=&#8221;#000000&#8243; button_border_width=&#8221;0px&#8221; button_icon=&#8221;%%372%%&#8221; button_icon_color=&#8221;#0c71c3&#8243; button_icon_placement=&#8221;left&#8221; button_on_hover=&#8221;off&#8221; custom_margin=&#8221;||0px||false|false&#8221;][\/et_pb_button][et_pb_text _builder_version=&#8221;4.0.5&#8243; custom_margin=&#8221;-10px|||35px|false|false&#8221;]<\/p>\n<p>28-oct-2014<br \/>M\u00aa Yolanda \u00c1lvarez Su\u00e1rez<br \/> M\u00e9dico, Otorrinolaringolog\u00eda<\/p>\n<p>[\/et_pb_text][\/et_pb_column][et_pb_column type=&#8221;1_3&#8243; _builder_version=&#8221;4.7.7&#8243; _module_preset=&#8221;default&#8221;][et_pb_button button_url=&#8221;http:\/\/www.areasaludplasencia.es\/docs\/sesiones\/archivo\/4A04.pdf&#8221; url_new_window=&#8221;on&#8221; button_text=&#8221;Tumores de fosa posterior&#8221; _builder_version=&#8221;4.0.5&#8243; custom_button=&#8221;on&#8221; button_text_size=&#8221;16px&#8221; button_text_color=&#8221;#000000&#8243; button_border_width=&#8221;0px&#8221; button_icon=&#8221;%%372%%&#8221; button_icon_color=&#8221;#0c71c3&#8243; button_icon_placement=&#8221;left&#8221; button_on_hover=&#8221;off&#8221; custom_margin=&#8221;||0px||false|false&#8221;][\/et_pb_button][et_pb_text _builder_version=&#8221;4.0.5&#8243; custom_margin=&#8221;-10px|||35px|false|false&#8221;]<\/p>\n<p>24-oct-2014<br \/> Sergio Trinidad R\u00edos<br \/> M\u00e9dico, Radiodiagn\u00f3stico<\/p>\n<p>[\/et_pb_text][\/et_pb_column][\/et_pb_row][et_pb_row column_structure=&#8221;1_3,1_3,1_3&#8243; _builder_version=&#8221;4.7.7&#8243; _module_preset=&#8221;default&#8221;][et_pb_column type=&#8221;1_3&#8243; _builder_version=&#8221;4.7.7&#8243; _module_preset=&#8221;default&#8221;][et_pb_button button_url=&#8221;http:\/\/www.areasaludplasencia.es\/docs\/sesiones\/archivo\/4A01.pdf&#8221; url_new_window=&#8221;on&#8221; button_text=&#8221;Dolor cr\u00f3nico: comprender y evaluar&#8221; _builder_version=&#8221;4.0.5&#8243; custom_button=&#8221;on&#8221; button_text_size=&#8221;16px&#8221; button_text_color=&#8221;#000000&#8243; button_border_width=&#8221;0px&#8221; button_icon=&#8221;%%372%%&#8221; button_icon_color=&#8221;#0c71c3&#8243; button_icon_placement=&#8221;left&#8221; button_on_hover=&#8221;off&#8221; custom_margin=&#8221;||0px||false|false&#8221;][\/et_pb_button][et_pb_text _builder_version=&#8221;4.0.5&#8243; custom_margin=&#8221;-10px|||35px|false|false&#8221;]<\/p>\n<p>3-oct-2014<br \/> M\u00aa Victoria P\u00e9rez Barbero<br \/> Psic\u00f3loga Cl\u00ednica, Unidad del Dolor<\/p>\n<p>[\/et_pb_text][\/et_pb_column][et_pb_column type=&#8221;1_3&#8243; _builder_version=&#8221;4.7.7&#8243; _module_preset=&#8221;default&#8221;][\/et_pb_column][et_pb_column type=&#8221;1_3&#8243; _builder_version=&#8221;4.7.7&#8243; _module_preset=&#8221;default&#8221;][\/et_pb_column][\/et_pb_row][et_pb_row _builder_version=&#8221;4.7.7&#8243; _module_preset=&#8221;default&#8221; min_height=&#8221;28.1px&#8221;][et_pb_column type=&#8221;4_4&#8243; _builder_version=&#8221;4.7.7&#8243; _module_preset=&#8221;default&#8221;][et_pb_divider _builder_version=&#8221;4.7.7&#8243; _module_preset=&#8221;default&#8221;][\/et_pb_divider][\/et_pb_column][\/et_pb_row][et_pb_row column_structure=&#8221;1_3,1_3,1_3&#8243; _builder_version=&#8221;4.7.7&#8243; _module_preset=&#8221;default&#8221;][et_pb_column type=&#8221;1_3&#8243; _builder_version=&#8221;4.7.7&#8243; _module_preset=&#8221;default&#8221;][et_pb_button button_url=&#8221;http:\/\/www.areasaludplasencia.es\/docs\/sesiones\/archivo\/D517.pdf&#8221; url_new_window=&#8221;on&#8221; button_text=&#8221;Avances en Fotoprotecci\u00f3n&#8221; _builder_version=&#8221;4.0.5&#8243; custom_button=&#8221;on&#8221; button_text_size=&#8221;16px&#8221; button_text_color=&#8221;#000000&#8243; button_border_width=&#8221;0px&#8221; button_icon=&#8221;%%372%%&#8221; button_icon_color=&#8221;#0c71c3&#8243; button_icon_placement=&#8221;left&#8221; button_on_hover=&#8221;off&#8221; custom_margin=&#8221;||0px||false|false&#8221;][\/et_pb_button][et_pb_text _builder_version=&#8221;4.0.5&#8243; custom_margin=&#8221;-10px|||35px|false|false&#8221;]<\/p>\n<p>17-may-2013<br \/> Francisco Dom\u00ednguez de Luis<br \/> M\u00e9dico, Dermatolog\u00eda<\/p>\n<p>[\/et_pb_text][\/et_pb_column][et_pb_column type=&#8221;1_3&#8243; _builder_version=&#8221;4.7.7&#8243; _module_preset=&#8221;default&#8221;][et_pb_button button_url=&#8221;http:\/\/www.areasaludplasencia.es\/docs\/sesiones\/archivo\/D503.pdf&#8221; url_new_window=&#8221;on&#8221; button_text=&#8221;Fracturas at\u00edpicas y bifosfonatos&#8221; _builder_version=&#8221;4.0.5&#8243; custom_button=&#8221;on&#8221; button_text_size=&#8221;16px&#8221; button_text_color=&#8221;#000000&#8243; button_border_width=&#8221;0px&#8221; button_icon=&#8221;%%372%%&#8221; button_icon_color=&#8221;#0c71c3&#8243; button_icon_placement=&#8221;left&#8221; button_on_hover=&#8221;off&#8221; custom_margin=&#8221;||0px||false|false&#8221;][\/et_pb_button][et_pb_text _builder_version=&#8221;4.0.5&#8243; custom_margin=&#8221;-10px|||35px|false|false&#8221;]<\/p>\n<p>3-may-2013<br \/> Javier Mar\u00edn S\u00e1nchez<br \/> M\u00e9dico residente, Traumatolog\u00eda<\/p>\n<p>[\/et_pb_text][\/et_pb_column][et_pb_column type=&#8221;1_3&#8243; _builder_version=&#8221;4.7.7&#8243; _module_preset=&#8221;default&#8221;][et_pb_button button_url=&#8221;http:\/\/www.areasaludplasencia.es\/docs\/sesiones\/archivo\/D419.pdf&#8221; url_new_window=&#8221;on&#8221; button_text=&#8221;Marcapasos para no cardi\u00f3logos&#8221; _builder_version=&#8221;4.7.7&#8243; custom_button=&#8221;on&#8221; button_text_size=&#8221;16px&#8221; button_text_color=&#8221;#000000&#8243; button_border_width=&#8221;0px&#8221; button_icon=&#8221;%%372%%&#8221; button_icon_color=&#8221;#0c71c3&#8243; button_icon_placement=&#8221;left&#8221; button_on_hover=&#8221;off&#8221; custom_margin=&#8221;||0px||false|false&#8221;][\/et_pb_button][et_pb_text _builder_version=&#8221;4.0.5&#8243; custom_margin=&#8221;-10px|||35px|false|false&#8221;]<\/p>\n<p>19-abr-2013<br \/> Luis Gerardo Gonz\u00e1lez Mart\u00edn<br \/> M\u00e9dico, Medicina Intensiva<\/p>\n<p>[\/et_pb_text][\/et_pb_column][\/et_pb_row][et_pb_row column_structure=&#8221;1_3,1_3,1_3&#8243; _builder_version=&#8221;4.7.7&#8243; _module_preset=&#8221;default&#8221;][et_pb_column type=&#8221;1_3&#8243; _builder_version=&#8221;4.7.7&#8243; _module_preset=&#8221;default&#8221;][et_pb_button button_url=&#8221;http:\/\/www.areasaludplasencia.es\/docs\/sesiones\/archivo\/D411.pdf&#8221; url_new_window=&#8221;on&#8221; button_text=&#8221;Endocarditis&#8221; _builder_version=&#8221;4.0.5&#8243; custom_button=&#8221;on&#8221; button_text_size=&#8221;16px&#8221; button_text_color=&#8221;#000000&#8243; button_border_width=&#8221;0px&#8221; button_icon=&#8221;%%372%%&#8221; button_icon_color=&#8221;#0c71c3&#8243; button_icon_placement=&#8221;left&#8221; button_on_hover=&#8221;off&#8221; custom_margin=&#8221;||0px||false|false&#8221;][\/et_pb_button][et_pb_text _builder_version=&#8221;4.0.5&#8243; custom_margin=&#8221;-10px|||35px|false|false&#8221;]<\/p>\n<p>11-abr-2013<br \/> Maru\u00e1n Koussa Madro\u00f1al<br \/> M\u00e9dico residente, Medicina Interna<\/p>\n<p>[\/et_pb_text][\/et_pb_column][et_pb_column type=&#8221;1_3&#8243; _builder_version=&#8221;4.7.7&#8243; _module_preset=&#8221;default&#8221;][et_pb_button button_url=&#8221;http:\/\/www.areasaludplasencia.es\/docs\/sesiones\/archivo\/D405.pdf&#8221; url_new_window=&#8221;on&#8221; button_text=&#8221;Enfermedad herp\u00e9tica ocular&#8221; _builder_version=&#8221;4.0.5&#8243; custom_button=&#8221;on&#8221; button_text_size=&#8221;16px&#8221; button_text_color=&#8221;#000000&#8243; button_border_width=&#8221;0px&#8221; button_icon=&#8221;%%372%%&#8221; button_icon_color=&#8221;#0c71c3&#8243; button_icon_placement=&#8221;left&#8221; button_on_hover=&#8221;off&#8221; custom_margin=&#8221;||0px||false|false&#8221;][\/et_pb_button][et_pb_text _builder_version=&#8221;4.7.7&#8243; custom_margin=&#8221;-10px|||35px|false|false&#8221;]<\/p>\n<p>5-abr-2013<br \/> Leonardo D\u00edaz Aguilar<br \/> MIR Medicina Familiar-Oftalmolg\u00eda<\/p>\n<p>[\/et_pb_text][\/et_pb_column][et_pb_column type=&#8221;1_3&#8243; _builder_version=&#8221;4.7.7&#8243; _module_preset=&#8221;default&#8221;][et_pb_button button_url=&#8221;http:\/\/www.areasaludplasencia.es\/docs\/sesiones\/archivo\/D315.pdf&#8221; url_new_window=&#8221;on&#8221; button_text=&#8221;Transfusi\u00f3n hemorragia digest. alta&#8221; _builder_version=&#8221;4.7.7&#8243; custom_button=&#8221;on&#8221; button_text_size=&#8221;16px&#8221; button_text_color=&#8221;#000000&#8243; button_border_width=&#8221;0px&#8221; button_icon=&#8221;%%372%%&#8221; button_icon_color=&#8221;#0c71c3&#8243; button_icon_placement=&#8221;left&#8221; button_on_hover=&#8221;off&#8221; custom_margin=&#8221;||0px||false|false&#8221;][\/et_pb_button][et_pb_text _builder_version=&#8221;4.0.5&#8243; custom_margin=&#8221;-10px|||35px|false|false&#8221;]<\/p>\n<p>15-mar-2013<br \/> Elena Garc\u00eda Abad\u00eda<br \/> M\u00e9dico, Aparato Digestivo<\/p>\n<p>[\/et_pb_text][\/et_pb_column][\/et_pb_row][et_pb_row column_structure=&#8221;1_3,1_3,1_3&#8243; _builder_version=&#8221;4.7.7&#8243; _module_preset=&#8221;default&#8221;][et_pb_column type=&#8221;1_3&#8243; _builder_version=&#8221;4.7.7&#8243; _module_preset=&#8221;default&#8221;][et_pb_button button_url=&#8221;http:\/\/www.areasaludplasencia.es\/docs\/sesiones\/archivo\/D301.pdf&#8221; url_new_window=&#8221;on&#8221; button_text=&#8221;Catecolaminosis plasm\u00e1tica&#8221; _builder_version=&#8221;4.0.5&#8243; custom_button=&#8221;on&#8221; button_text_size=&#8221;16px&#8221; button_text_color=&#8221;#000000&#8243; button_border_width=&#8221;0px&#8221; button_icon=&#8221;%%372%%&#8221; button_icon_color=&#8221;#0c71c3&#8243; button_icon_placement=&#8221;left&#8221; button_on_hover=&#8221;off&#8221; custom_margin=&#8221;||0px||false|false&#8221;][\/et_pb_button][et_pb_text _builder_version=&#8221;4.0.5&#8243; custom_margin=&#8221;-10px|||35px|false|false&#8221;]<\/p>\n<p>1-mar-2013<br \/> M\u00aa Rosa Gonz\u00e1lez P\u00e9rez<br \/> M\u00e9dico, Endocrinolog\u00eda y Nutrici\u00f3n<\/p>\n<p>[\/et_pb_text][\/et_pb_column][et_pb_column type=&#8221;1_3&#8243; _builder_version=&#8221;4.7.7&#8243; _module_preset=&#8221;default&#8221;][et_pb_button button_url=&#8221;http:\/\/www.areasaludplasencia.es\/docs\/sesiones\/archivo\/D222.pdf&#8221; url_new_window=&#8221;on&#8221; button_text=&#8221;El C\u00e1ncer: La herencia no deseada&#8221; _builder_version=&#8221;4.0.5&#8243; custom_button=&#8221;on&#8221; button_text_size=&#8221;16px&#8221; button_text_color=&#8221;#000000&#8243; button_border_width=&#8221;0px&#8221; button_icon=&#8221;%%372%%&#8221; button_icon_color=&#8221;#0c71c3&#8243; button_icon_placement=&#8221;left&#8221; button_on_hover=&#8221;off&#8221; custom_margin=&#8221;||0px||false|false&#8221;][\/et_pb_button][et_pb_text _builder_version=&#8221;4.0.5&#8243; custom_margin=&#8221;-10px|||35px|false|false&#8221;]<\/p>\n<p>22-feb-2013<br \/> David L\u00f3pez S\u00e1nchez<br \/> M\u00e9dico, Oncolog\u00eda<\/p>\n<p>[\/et_pb_text][\/et_pb_column][et_pb_column type=&#8221;1_3&#8243; _builder_version=&#8221;4.7.7&#8243; _module_preset=&#8221;default&#8221;][et_pb_button button_url=&#8221;http:\/\/www.areasaludplasencia.es\/docs\/sesiones\/archivo\/D208.pdf&#8221; url_new_window=&#8221;on&#8221; button_text=&#8221;Neuromodulaci\u00f3n&#8221; _builder_version=&#8221;4.0.5&#8243; custom_button=&#8221;on&#8221; button_text_size=&#8221;16px&#8221; button_text_color=&#8221;#000000&#8243; button_border_width=&#8221;0px&#8221; button_icon=&#8221;%%372%%&#8221; button_icon_color=&#8221;#0c71c3&#8243; button_icon_placement=&#8221;left&#8221; button_on_hover=&#8221;off&#8221; custom_margin=&#8221;||0px||false|false&#8221;][\/et_pb_button][et_pb_text _builder_version=&#8221;4.0.5&#8243; custom_margin=&#8221;-10px|||35px|false|false&#8221;]<\/p>\n<p>8-feb-2013<br \/> Pedro Julio P\u00e9rez Mu\u00f1oz<br \/> M\u00e9dico, Urolog\u00eda<\/p>\n<p>[\/et_pb_text][\/et_pb_column][\/et_pb_row][\/et_pb_section]<\/p>\n","protected":false},"excerpt":{"rendered":"<p>[et_pb_section fb_built=&#8221;1&#8243; admin_label=&#8221;section&#8221; _builder_version=&#8221;4.0.5&#8243; custom_margin=&#8221;0px||||false|false&#8221; custom_padding=&#8221;0px||0px||false|false&#8221;][et_pb_row _builder_version=&#8221;4.0.5&#8243; custom_margin=&#8221;0px||||false|false&#8221; custom_padding=&#8221;||||false|false&#8221;][et_pb_column type=&#8221;4_4&#8243; _builder_version=&#8221;4.0.5&#8243;][et_pb_text _builder_version=&#8221;4.0.5&#8243; text_font=&#8221;||||||||&#8221; text_text_color=&#8221;#2b5183&#8243; text_font_size=&#8221;26px&#8221; custom_margin=&#8221;||0px||false|false&#8221; border_color_all=&#8221;#588cd0&#8243; border_width_bottom=&#8221;4px&#8221; border_color_bottom=&#8221;#5992c1&#8243; border_style_bottom=&#8221;solid&#8221;] Sesiones Cl\u00ednicas (archivo) [\/et_pb_text][\/et_pb_column][\/et_pb_row][\/et_pb_section][et_pb_section fb_built=&#8221;1&#8243; _builder_version=&#8221;4.0.5&#8243; custom_padding=&#8221;0px|||||&#8221;][et_pb_row _builder_version=&#8221;4.7.7&#8243; _module_preset=&#8221;default&#8221; min_height=&#8221;28.1px&#8221;][et_pb_column type=&#8221;4_4&#8243; _builder_version=&#8221;4.7.7&#8243; _module_preset=&#8221;default&#8221;][et_pb_divider _builder_version=&#8221;4.7.7&#8243; _module_preset=&#8221;default&#8221;][\/et_pb_divider][\/et_pb_column][\/et_pb_row][et_pb_row column_structure=&#8221;1_3,1_3,1_3&#8243; _builder_version=&#8221;4.7.7&#8243; _module_preset=&#8221;default&#8221;][et_pb_column type=&#8221;1_3&#8243; _builder_version=&#8221;4.7.7&#8243; _module_preset=&#8221;default&#8221;][et_pb_button button_url=&#8221;http:\/\/www.areasaludplasencia.es\/docs\/sesiones\/archivo\/ses_plasencia_hitos_oncologicos.pdf&#8221; url_new_window=&#8221;on&#8221; button_text=&#8221;Hitos oncol\u00f3gicos. El nuevo paradigma.&#8221; _builder_version=&#8221;4.7.7&#8243; custom_button=&#8221;on&#8221; button_text_size=&#8221;16px&#8221; button_text_color=&#8221;#000000&#8243; button_border_width=&#8221;0px&#8221; button_icon=&#8221;%%372%%&#8221; button_icon_color=&#8221;#0c71c3&#8243; &hellip; <a href=\"https:\/\/areasaludplasencia.es\/aspwp\/sesiones-clinicas-archivo\/\" class=\"more-link\">Seguir leyendo <span class=\"screen-reader-text\">Sesiones Cl\u00ednicas (archivo)<\/span> <span class=\"meta-nav\">&rarr;<\/span><\/a><\/p>\n","protected":false},"author":1,"featured_media":0,"parent":0,"menu_order":0,"comment_status":"closed","ping_status":"closed","template":"page-templates\/full-width.php","meta":{"_et_pb_use_builder":"on","_et_pb_old_content":"<img class=\"alignnone size-medium wp-image-720\" src=\"http:\/\/areasaludplasencia.es\/aspwp\/wp-content\/uploads\/2017\/03\/sesionesclinicas-300x150.jpg\" alt=\"\" width=\"300\" height=\"150\">\n\nSei\u00f3n Cl\u00ednica general del 17 de febrero de 2017","_et_gb_content_width":""},"_links":{"self":[{"href":"https:\/\/areasaludplasencia.es\/aspwp\/wp-json\/wp\/v2\/pages\/652"}],"collection":[{"href":"https:\/\/areasaludplasencia.es\/aspwp\/wp-json\/wp\/v2\/pages"}],"about":[{"href":"https:\/\/areasaludplasencia.es\/aspwp\/wp-json\/wp\/v2\/types\/page"}],"author":[{"embeddable":true,"href":"https:\/\/areasaludplasencia.es\/aspwp\/wp-json\/wp\/v2\/users\/1"}],"replies":[{"embeddable":true,"href":"https:\/\/areasaludplasencia.es\/aspwp\/wp-json\/wp\/v2\/comments?post=652"}],"version-history":[{"count":20,"href":"https:\/\/areasaludplasencia.es\/aspwp\/wp-json\/wp\/v2\/pages\/652\/revisions"}],"predecessor-version":[{"id":5117,"href":"https:\/\/areasaludplasencia.es\/aspwp\/wp-json\/wp\/v2\/pages\/652\/revisions\/5117"}],"wp:attachment":[{"href":"https:\/\/areasaludplasencia.es\/aspwp\/wp-json\/wp\/v2\/media?parent=652"}],"curies":[{"name":"wp","href":"https:\/\/api.w.org\/{rel}","templated":true}]}}