{"id":271,"date":"2017-03-05T09:57:46","date_gmt":"2017-03-05T09:57:46","guid":{"rendered":"http:\/\/areasaludplasencia.es\/aspwp\/?page_id=271"},"modified":"2026-04-08T11:13:22","modified_gmt":"2026-04-08T11:13:22","slug":"seleccion-y-provision","status":"publish","type":"page","link":"https:\/\/areasaludplasencia.es\/aspwp\/seleccion-y-provision\/","title":{"rendered":"Selecci\u00f3n y Provisi\u00f3n"},"content":{"rendered":"<p>[et_pb_section fb_built=&#8221;1&#8243; admin_label=&#8221;section&#8221; _builder_version=&#8221;3.22&#8243; custom_margin=&#8221;-8px||-39px|||&#8221;][et_pb_row _builder_version=&#8221;4.0.5&#8243; custom_margin=&#8221;-45px|auto||auto||&#8221; custom_padding=&#8221;||22px|||&#8221;][et_pb_column type=&#8221;4_4&#8243; _builder_version=&#8221;4.0.5&#8243;][et_pb_text _builder_version=&#8221;4.0.5&#8243; text_font=&#8221;||||||||&#8221; text_text_color=&#8221;#2b5183&#8243; text_font_size=&#8221;26px&#8221; custom_margin=&#8221;||5px|||&#8221; border_color_all=&#8221;#588cd0&#8243; border_width_bottom=&#8221;4px&#8221; border_color_bottom=&#8221;#5992c1&#8243; border_style_bottom=&#8221;solid&#8221;]<\/p>\n<p>Selecci\u00f3n y Provisi\u00f3n<\/p>\n<p>[\/et_pb_text][\/et_pb_column][\/et_pb_row][\/et_pb_section][et_pb_section fb_built=&#8221;1&#8243; _builder_version=&#8221;4.0.5&#8243; custom_padding=&#8221;9px||10px|||&#8221;][et_pb_row column_structure=&#8221;1_2,1_2&#8243; _builder_version=&#8221;4.7.7&#8243; _module_preset=&#8221;default&#8221;][et_pb_column type=&#8221;1_2&#8243; _builder_version=&#8221;4.7.7&#8243; _module_preset=&#8221;default&#8221;][et_pb_blurb title=&#8221;Portal del Candidato SES&#8221; icon_placement=&#8221;left&#8221; _builder_version=&#8221;4.7.7&#8243; header_level=&#8221;h2&#8243; header_text_color=&#8221;#FFFFFF&#8221; background_color=&#8221;#76c0e0&#8243; text_orientation=&#8221;center&#8221; custom_margin=&#8221;||11px|||&#8221; custom_padding=&#8221;5px||0px|10px|false|false&#8221; border_radii=&#8221;on|3px|3px|3px|3px&#8221;][\/et_pb_blurb][et_pb_text _builder_version=&#8221;4.7.7&#8243; _module_preset=&#8221;default&#8221; text_font_size=&#8221;16px&#8221; text_orientation=&#8221;justified&#8221;]<\/p>\n<p style=\"text-align: justify;\">Portal de Selecci\u00f3n de Personal del Servicio Extreme\u00f1o de Salud<\/p>\n<p>[\/et_pb_text][et_pb_button button_url=&#8221;https:\/\/saludextremadura.ses.es\/seleccionpersonal&#8221; url_new_window=&#8221;on&#8221; button_text=&#8221;Portal del Candidato&#8221; button_alignment=&#8221;center&#8221; _builder_version=&#8221;4.7.7&#8243; _module_preset=&#8221;default&#8221;][\/et_pb_button][\/et_pb_column][et_pb_column type=&#8221;1_2&#8243; _builder_version=&#8221;4.7.7&#8243; _module_preset=&#8221;default&#8221;][et_pb_text _builder_version=&#8221;4.7.7&#8243; _module_preset=&#8221;default&#8221; text_orientation=&#8221;justified&#8221;]<\/p>\n<p>\u2190 Herramienta web para acceder a todos los procesos selectivos que convoque el SES. Para poder inscribirse en las oposiciones hay que <span style=\"color: #3366ff;\"><strong>darse de alta<\/strong><\/span> usando un DNI electr\u00f3nico, certificado digital de persona f\u00edsica de la F\u00e1brica Nacional de Moneda y Timbre o tarjeta de Empleado P\u00fablico del SES.<\/p>\n<p style=\"text-align: center;\">M\u00e1s informaci\u00f3n en el men\u00fa Ayuda del propio portal.<\/p>\n<p>[\/et_pb_text][\/et_pb_column][\/et_pb_row][et_pb_row column_structure=&#8221;1_2,1_2&#8243; _builder_version=&#8221;4.7.7&#8243; _module_preset=&#8221;default&#8221;][et_pb_column type=&#8221;1_2&#8243; _builder_version=&#8221;4.7.7&#8243; _module_preset=&#8221;default&#8221;][et_pb_blurb title=&#8221;Incorporaci\u00f3n de M\u00e9dicos\/as a Equipos de Traslados Interhospitalarios Urgentes&#8221; icon_placement=&#8221;left&#8221; disabled_on=&#8221;off|off|off&#8221; _builder_version=&#8221;4.7.7&#8243; header_level=&#8221;h2&#8243; header_text_color=&#8221;#FFFFFF&#8221; background_color=&#8221;#E09900&#8243; text_orientation=&#8221;center&#8221; custom_margin=&#8221;0px||11px||false|false&#8221; custom_padding=&#8221;5px||0px|10px|false|false&#8221; border_radii=&#8221;on|3px|3px|3px|3px&#8221;][\/et_pb_blurb][et_pb_button button_url=&#8221;http:\/\/www.areasaludplasencia.es\/docs\/rrhh\/ses-plasencia-transporte-urgente-medico-convoca-260311.pdf&#8221; url_new_window=&#8221;on&#8221; button_text=&#8221;Convocatoria M\u00e9dicos\/as (11-mar-2026)&#8221; disabled_on=&#8221;off|off|off&#8221; _builder_version=&#8221;4.7.7&#8243; custom_button=&#8221;on&#8221; button_text_size=&#8221;18px&#8221; button_text_color=&#8221;#0C71C3&#8243; button_border_width=&#8221;0px&#8221; button_font=&#8221;||||||||&#8221; button_icon=&#8221;%%72%%&#8221; button_icon_color=&#8221;#E02B20&#8243; button_icon_placement=&#8221;left&#8221; button_on_hover=&#8221;off&#8221; custom_margin=&#8221;||0px|0px|false|false&#8221; custom_padding=&#8221;|||30px|false|false&#8221;][\/et_pb_button][et_pb_button button_url=&#8221;http:\/\/www.areasaludplasencia.es\/docs\/rrhh\/ses-plasencia-transporte-urgente-medico-anexo1-260311.pdf&#8221; url_new_window=&#8221;on&#8221; button_text=&#8221;Anexo I &#8211; Solicitud de participaci\u00f3n&#8221; disabled_on=&#8221;off|off|off&#8221; _builder_version=&#8221;4.7.7&#8243; custom_button=&#8221;on&#8221; button_text_size=&#8221;18px&#8221; button_text_color=&#8221;#0C71C3&#8243; button_border_width=&#8221;0px&#8221; button_font=&#8221;||||||||&#8221; button_icon=&#8221;%%372%%&#8221; button_icon_color=&#8221;#e00f04&#8243; button_icon_placement=&#8221;left&#8221; button_on_hover=&#8221;off&#8221; custom_margin=&#8221;||0px|30px|false|false&#8221; custom_padding=&#8221;|||30px|false|false&#8221;][\/et_pb_button][et_pb_button button_url=&#8221;http:\/\/www.areasaludplasencia.es\/docs\/rrhh\/ses-plasencia-transporte-urgente-medico-anexo2-260311.pdf&#8221; url_new_window=&#8221;on&#8221; button_text=&#8221;Anexo II &#8211; Compromiso cumplimiento tiempos&#8221; disabled_on=&#8221;off|off|off&#8221; _builder_version=&#8221;4.7.7&#8243; custom_button=&#8221;on&#8221; button_text_size=&#8221;18px&#8221; button_text_color=&#8221;#0C71C3&#8243; button_border_width=&#8221;0px&#8221; button_font=&#8221;||||||||&#8221; button_icon=&#8221;%%372%%&#8221; button_icon_color=&#8221;#e00f04&#8243; button_icon_placement=&#8221;left&#8221; button_on_hover=&#8221;off&#8221; custom_margin=&#8221;||0px|30px|false|false&#8221; custom_padding=&#8221;|||30px|false|false&#8221;][\/et_pb_button][et_pb_button button_url=&#8221;http:\/\/www.areasaludplasencia.es\/docs\/rrhh\/ses-plasencia-transporte-urgente-medico-lista-definitiva-260407.pdf&#8221; url_new_window=&#8221;on&#8221; button_text=&#8221;Resoluci\u00f3n DEFINITIVA y Listados, 07-04-2026&#8243; disabled_on=&#8221;off|off|off&#8221; _builder_version=&#8221;4.7.7&#8243; custom_button=&#8221;on&#8221; button_text_size=&#8221;18px&#8221; button_text_color=&#8221;#0C71C3&#8243; button_border_width=&#8221;0px&#8221; button_font=&#8221;||||||||&#8221; button_icon=&#8221;%%372%%&#8221; button_icon_color=&#8221;#e00f04&#8243; button_icon_placement=&#8221;left&#8221; button_on_hover=&#8221;off&#8221; custom_margin=&#8221;||0px|30px|false|false&#8221; custom_padding=&#8221;|||30px|false|false&#8221; hover_enabled=&#8221;0&#8243; sticky_enabled=&#8221;0&#8243;][\/et_pb_button][et_pb_button button_text=&#8221;Resoluci\u00f3n PROVISIONAL y Listados, 25-mar-2026&#8243; disabled_on=&#8221;off|off|off&#8221; _builder_version=&#8221;4.7.7&#8243; custom_button=&#8221;on&#8221; button_text_size=&#8221;18px&#8221; button_text_color=&#8221;#c2c2c2&#8243; button_border_width=&#8221;0px&#8221; button_font=&#8221;||||||on||&#8221; button_icon=&#8221;%%372%%&#8221; button_icon_color=&#8221;#b3b3b3&#8243; button_icon_placement=&#8221;left&#8221; button_on_hover=&#8221;off&#8221; custom_margin=&#8221;||0px|30px|false|false&#8221; custom_padding=&#8221;|||30px|false|false&#8221; hover_enabled=&#8221;0&#8243; sticky_enabled=&#8221;0&#8243;][\/et_pb_button][\/et_pb_column][et_pb_column type=&#8221;1_2&#8243; _builder_version=&#8221;4.7.7&#8243; _module_preset=&#8221;default&#8221;][et_pb_blurb title=&#8221;Incorporaci\u00f3n de Enfermeros\/as a Equipos de Traslados Interhospitalarios Urgentes&#8221; icon_placement=&#8221;left&#8221; disabled_on=&#8221;off|off|off&#8221; _builder_version=&#8221;4.7.7&#8243; header_level=&#8221;h2&#8243; header_text_color=&#8221;#FFFFFF&#8221; background_color=&#8221;#76c0e0&#8243; text_orientation=&#8221;center&#8221; custom_margin=&#8221;0px||11px||false|false&#8221; custom_padding=&#8221;5px||0px|10px|false|false&#8221; border_radii=&#8221;on|3px|3px|3px|3px&#8221;][\/et_pb_blurb][et_pb_button button_url=&#8221;http:\/\/www.areasaludplasencia.es\/docs\/rrhh\/ses-plasencia-traslados-interhospitalarios-urgentes-convoca-241028.pdf&#8221; url_new_window=&#8221;on&#8221; button_text=&#8221;Convocatoria de enfermeros\/as para Equipos de Traslados Interhospitalarios Urgentes, 28-oct-2024&#8243; disabled_on=&#8221;off|off|off&#8221; _builder_version=&#8221;4.7.7&#8243; custom_button=&#8221;on&#8221; button_text_size=&#8221;18px&#8221; button_text_color=&#8221;#0C71C3&#8243; button_border_width=&#8221;0px&#8221; button_font=&#8221;||||||||&#8221; button_icon=&#8221;%%372%%&#8221; button_icon_color=&#8221;#e00f04&#8243; button_icon_placement=&#8221;left&#8221; button_on_hover=&#8221;off&#8221; custom_margin=&#8221;||0px||false|false&#8221; custom_padding=&#8221;|||30px|false|false&#8221;][\/et_pb_button][et_pb_button button_url=&#8221;http:\/\/www.areasaludplasencia.es\/docs\/rrhh\/ses-plasencia-traslados-interhospitalarios-urgentes-resolucion-definitiva-241217.pdf&#8221; url_new_window=&#8221;on&#8221; button_text=&#8221;Resoluci\u00f3n DEFINITIVA y Listados, 17-dic-2024&#8243; disabled_on=&#8221;off|off|off&#8221; _builder_version=&#8221;4.7.7&#8243; custom_button=&#8221;on&#8221; button_text_size=&#8221;18px&#8221; button_text_color=&#8221;#0C71C3&#8243; button_border_width=&#8221;0px&#8221; button_font=&#8221;||||||||&#8221; button_icon=&#8221;%%372%%&#8221; button_icon_color=&#8221;#e00f04&#8243; button_icon_placement=&#8221;left&#8221; button_on_hover=&#8221;off&#8221; custom_margin=&#8221;||0px||false|false&#8221; custom_padding=&#8221;|||30px|false|false&#8221;][\/et_pb_button][\/et_pb_column][\/et_pb_row][et_pb_row column_structure=&#8221;1_2,1_2&#8243; _builder_version=&#8221;4.7.7&#8243; custom_padding=&#8221;||11px|||&#8221;][et_pb_column type=&#8221;1_2&#8243; _builder_version=&#8221;4.0.5&#8243;][et_pb_blurb title=&#8221;Traslados intrahospitalarios&#8221; icon_placement=&#8221;left&#8221; _builder_version=&#8221;4.0.5&#8243; header_level=&#8221;h2&#8243; header_text_color=&#8221;#FFFFFF&#8221; background_color=&#8221;#76c0e0&#8243; custom_padding=&#8221;5px||0px|10px|false|false&#8221; border_radii=&#8221;on|3px|3px|3px|3px&#8221;][\/et_pb_blurb][et_pb_button button_url=&#8221;http:\/\/www.areasaludplasencia.es\/docs\/rrhh\/ses-plasencia-traslados251205-convocatoria-251205.pdf&#8221; url_new_window=&#8221;on&#8221; button_text=&#8221;CONVOCATORIA de 5-dic-2025&#8243; _builder_version=&#8221;4.7.7&#8243; custom_button=&#8221;on&#8221; button_text_size=&#8221;18px&#8221; button_text_color=&#8221;#0C71C3&#8243; button_border_width=&#8221;0px&#8221; button_font=&#8221;|700|||||||&#8221; button_icon=&#8221;%%72%%&#8221; button_icon_color=&#8221;#e00f04&#8243; button_icon_placement=&#8221;left&#8221; button_on_hover=&#8221;off&#8221; custom_margin=&#8221;||0px||false|false&#8221; custom_padding=&#8221;|||30px|false|false&#8221;][\/et_pb_button][et_pb_button button_url=&#8221;http:\/\/www.areasaludplasencia.es\/docs\/rrhh\/ses-plasencia-traslados251205-creacomision-260202.pdf&#8221; url_new_window=&#8221;on&#8221; button_text=&#8221;Constituci\u00f3n Comisi\u00f3n Paritaria de Traslados:&#8221; _builder_version=&#8221;4.7.7&#8243; custom_button=&#8221;on&#8221; button_text_size=&#8221;18px&#8221; button_text_color=&#8221;#0C71C3&#8243; button_border_width=&#8221;0px&#8221; button_font=&#8221;||||||||&#8221; button_icon=&#8221;%%372%%&#8221; button_icon_color=&#8221;#e00f04&#8243; button_icon_placement=&#8221;left&#8221; button_on_hover=&#8221;off&#8221; custom_margin=&#8221;||0px|30px|false|false&#8221; custom_padding=&#8221;|||30px|false|false&#8221;][\/et_pb_button][et_pb_text _builder_version=&#8221;4.7.7&#8243; custom_margin=&#8221;||11px|60px|false|false&#8221;]<\/p>\n<p>&#8211; Enfermero\/a<br \/> &#8211; Fisioterapeuta<br \/> &#8211; T\u00e9cnico especialista de Laboratorio<br \/>&#8211; TCAE<br \/>&#8211; Grupo auxiliar de la Funci\u00f3n Administrativa<br \/>&#8211; Celador\/a<\/p>\n<p>[\/et_pb_text][et_pb_button button_url=&#8221;http:\/\/www.areasaludplasencia.es\/docs\/rrhh\/ses-plasencia-traslados251205-provisional-260206.pdf&#8221; url_new_window=&#8221;on&#8221; button_text=&#8221;Resoluci\u00f3n PROVISIONAL y Listados, 6-feb-2026&#8243; disabled_on=&#8221;on|on|on&#8221; _builder_version=&#8221;4.7.7&#8243; custom_button=&#8221;on&#8221; button_text_size=&#8221;18px&#8221; button_text_color=&#8221;#0C71C3&#8243; button_border_width=&#8221;0px&#8221; button_font=&#8221;||||||||&#8221; button_icon=&#8221;%%372%%&#8221; button_icon_color=&#8221;#e00f04&#8243; button_icon_placement=&#8221;left&#8221; button_on_hover=&#8221;off&#8221; custom_margin=&#8221;0px||0px|30px|false|false&#8221; custom_padding=&#8221;21px|||30px|false|false&#8221; disabled=&#8221;on&#8221;][\/et_pb_button][et_pb_button button_url=&#8221;http:\/\/www.areasaludplasencia.es\/docs\/rrhh\/ses-plasencia-traslados251205-definitiva-260220.pdf&#8221; url_new_window=&#8221;on&#8221; button_text=&#8221;Resoluci\u00f3n DEFINITIVA y Listados, 20-feb-2026&#8243; disabled_on=&#8221;off|off|off&#8221; _builder_version=&#8221;4.7.7&#8243; custom_button=&#8221;on&#8221; button_text_size=&#8221;18px&#8221; button_text_color=&#8221;#0C71C3&#8243; button_border_width=&#8221;0px&#8221; button_font=&#8221;||||||||&#8221; button_icon=&#8221;%%372%%&#8221; button_icon_color=&#8221;#e00f04&#8243; button_icon_placement=&#8221;left&#8221; button_on_hover=&#8221;off&#8221; custom_margin=&#8221;0px||0px|30px|false|false&#8221; custom_padding=&#8221;21px|||30px|false|false&#8221;][\/et_pb_button][et_pb_button button_url=&#8221;http:\/\/www.areasaludplasencia.es\/docs\/rrhh\/ses-plasencia-traslados251205-definitiva-correccion-260224.pdf&#8221; url_new_window=&#8221;on&#8221; button_text=&#8221;Correcci\u00f3n de Errores, 24-feb-2026&#8243; disabled_on=&#8221;off|off|off&#8221; _builder_version=&#8221;4.7.7&#8243; custom_button=&#8221;on&#8221; button_text_size=&#8221;18px&#8221; button_text_color=&#8221;#0C71C3&#8243; button_border_width=&#8221;0px&#8221; button_font=&#8221;||||||||&#8221; button_icon=&#8221;%%147%%&#8221; button_icon_color=&#8221;#e00f04&#8243; button_icon_placement=&#8221;left&#8221; button_on_hover=&#8221;off&#8221; custom_margin=&#8221;0px||0px|80px|false|false&#8221; custom_padding=&#8221;0px|||30px|false|false&#8221;][\/et_pb_button][et_pb_text disabled_on=&#8221;off|off|off&#8221; _builder_version=&#8221;4.7.7&#8243; custom_margin=&#8221;0px||20px|110px|false|false&#8221; custom_padding=&#8221;||0px|||&#8221;]<\/p>\n<p><span color=\"#ff0000\" style=\"color: #ff0000;\">Enfermera\/o<\/span><\/p>\n<p>[\/et_pb_text][et_pb_divider _builder_version=&#8221;4.7.7&#8243; _module_preset=&#8221;default&#8221; min_height=&#8221;49px&#8221; custom_margin=&#8221;10px||0px||false|false&#8221; custom_padding=&#8221;30px||0px||false|false&#8221;][\/et_pb_divider][et_pb_button button_url=&#8221;http:\/\/www.areasaludplasencia.es\/docs\/rrhh\/ses-plasencia-traslados250214-convocatoria-250214.pdf&#8221; url_new_window=&#8221;on&#8221; button_text=&#8221;CONVOCATORIA de 14-feb-2025&#8243; _builder_version=&#8221;4.7.7&#8243; custom_button=&#8221;on&#8221; button_text_size=&#8221;18px&#8221; button_text_color=&#8221;#0C71C3&#8243; button_border_width=&#8221;0px&#8221; button_font=&#8221;|700|||||||&#8221; button_icon=&#8221;%%72%%&#8221; button_icon_color=&#8221;#e00f04&#8243; button_icon_placement=&#8221;left&#8221; button_on_hover=&#8221;off&#8221; custom_margin=&#8221;||0px||false|false&#8221; custom_padding=&#8221;|||30px|false|false&#8221;][\/et_pb_button][et_pb_button button_url=&#8221;http:\/\/www.areasaludplasencia.es\/docs\/rrhh\/ses-plasencia-traslados250214-correccion-errores-250219.pdf&#8221; url_new_window=&#8221;on&#8221; button_text=&#8221;Correcci\u00f3n de Errores \u00b7 Enfermer@ &#8211; TCAE&#8221; _builder_version=&#8221;4.7.7&#8243; custom_button=&#8221;on&#8221; button_text_size=&#8221;18px&#8221; button_text_color=&#8221;#0C71C3&#8243; button_border_width=&#8221;0px&#8221; button_font=&#8221;||||||||&#8221; button_icon=&#8221;%%147%%&#8221; button_icon_color=&#8221;#0C71C3&#8243; button_icon_placement=&#8221;left&#8221; button_on_hover=&#8221;off&#8221; custom_margin=&#8221;||0px|30px|false|false&#8221; custom_padding=&#8221;|||30px|false|false&#8221;][\/et_pb_button][et_pb_button button_url=&#8221;http:\/\/www.areasaludplasencia.es\/docs\/rrhh\/ses-plasencia-traslados250214-modifica-anexo1-enfermero-tcae-250310.pdf&#8221; url_new_window=&#8221;on&#8221; button_text=&#8221;Modificaci\u00f3n Anxo I \u00b7 Enfermer@ &#8211; TCAE&#8221; _builder_version=&#8221;4.7.7&#8243; custom_button=&#8221;on&#8221; button_text_size=&#8221;18px&#8221; button_text_color=&#8221;#0C71C3&#8243; button_border_width=&#8221;0px&#8221; button_font=&#8221;||||||||&#8221; button_icon=&#8221;%%147%%&#8221; button_icon_color=&#8221;#0C71C3&#8243; button_icon_placement=&#8221;left&#8221; button_on_hover=&#8221;off&#8221; custom_margin=&#8221;||0px|30px|false|false&#8221; custom_padding=&#8221;|||30px|false|false&#8221;][\/et_pb_button][et_pb_button button_url=&#8221;http:\/\/www.areasaludplasencia.es\/docs\/rrhh\/ses-plasencia-traslados250214-creacomision-250325.pdf&#8221; url_new_window=&#8221;on&#8221; button_text=&#8221;Constituci\u00f3n Comisi\u00f3n Paritaria de Traslados:&#8221; _builder_version=&#8221;4.7.7&#8243; custom_button=&#8221;on&#8221; button_text_size=&#8221;18px&#8221; button_text_color=&#8221;#0C71C3&#8243; button_border_width=&#8221;0px&#8221; button_font=&#8221;||||||||&#8221; button_icon=&#8221;%%372%%&#8221; button_icon_color=&#8221;#e00f04&#8243; button_icon_placement=&#8221;left&#8221; button_on_hover=&#8221;off&#8221; custom_margin=&#8221;||0px|30px|false|false&#8221; custom_padding=&#8221;|||30px|false|false&#8221;][\/et_pb_button][et_pb_text _builder_version=&#8221;4.7.7&#8243; custom_margin=&#8221;||11px|60px|false|false&#8221;]<\/p>\n<p>&#8211; TEL<br \/> &#8211; Grupo Auxiliar de la Funci\u00f3n Administrativa<br \/> &#8211; Celador\/a<\/p>\n<p>[\/et_pb_text][et_pb_button button_url=&#8221;http:\/\/www.areasaludplasencia.es\/docs\/rrhh\/ses-plasencia-traslados250214-creacomision2-250403.pdf&#8221; url_new_window=&#8221;on&#8221; button_text=&#8221;Constituci\u00f3n Comisi\u00f3n Paritaria de Traslados:&#8221; _builder_version=&#8221;4.7.7&#8243; custom_button=&#8221;on&#8221; button_text_size=&#8221;18px&#8221; button_text_color=&#8221;#0C71C3&#8243; button_border_width=&#8221;0px&#8221; button_font=&#8221;||||||||&#8221; button_icon=&#8221;%%372%%&#8221; button_icon_color=&#8221;#e00f04&#8243; button_icon_placement=&#8221;left&#8221; button_on_hover=&#8221;off&#8221; custom_margin=&#8221;||0px|30px|false|false&#8221; custom_padding=&#8221;|||30px|false|false&#8221;][\/et_pb_button][et_pb_text _builder_version=&#8221;4.7.7&#8243; custom_margin=&#8221;||11px|60px|false|false&#8221;]<\/p>\n<p>&#8211; Enfermero\/a<br \/> &#8211; TCAE<\/p>\n<p>[\/et_pb_text][et_pb_button button_url=&#8221;http:\/\/www.areasaludplasencia.es\/docs\/rrhh\/ses-plasencia-traslados250214-definitiva-250430.pdf&#8221; url_new_window=&#8221;on&#8221; button_text=&#8221;Resoluci\u00f3n DEFINITIVA y Listados, 30-abr-2025&#8243; disabled_on=&#8221;off|off|off&#8221; _builder_version=&#8221;4.7.7&#8243; custom_button=&#8221;on&#8221; button_text_size=&#8221;18px&#8221; button_text_color=&#8221;#0C71C3&#8243; button_border_width=&#8221;0px&#8221; button_font=&#8221;||||||||&#8221; button_icon=&#8221;%%372%%&#8221; button_icon_color=&#8221;#e00f04&#8243; button_icon_placement=&#8221;left&#8221; button_on_hover=&#8221;off&#8221; custom_margin=&#8221;0px||0px|30px|false|false&#8221; custom_padding=&#8221;21px|||30px|false|false&#8221;][\/et_pb_button][et_pb_button button_url=&#8221;http:\/\/www.areasaludplasencia.es\/docs\/rrhh\/ses-plasencia-traslados250214-provisional-250416.pdf&#8221; url_new_window=&#8221;on&#8221; button_text=&#8221;Resoluci\u00f3n PROVISIONAL y Listados, 16-abr-2025&#8243; disabled_on=&#8221;on|on|on&#8221; _builder_version=&#8221;4.7.7&#8243; custom_button=&#8221;on&#8221; button_text_size=&#8221;18px&#8221; button_text_color=&#8221;#0C71C3&#8243; button_border_width=&#8221;0px&#8221; button_font=&#8221;||||||||&#8221; button_icon=&#8221;%%372%%&#8221; button_icon_color=&#8221;#e00f04&#8243; button_icon_placement=&#8221;left&#8221; button_on_hover=&#8221;off&#8221; custom_margin=&#8221;0px||0px|30px|false|false&#8221; custom_padding=&#8221;21px|||30px|false|false&#8221; disabled=&#8221;on&#8221;][\/et_pb_button][et_pb_divider _builder_version=&#8221;4.7.7&#8243; _module_preset=&#8221;default&#8221; min_height=&#8221;49px&#8221; custom_margin=&#8221;10px||0px||false|false&#8221; custom_padding=&#8221;30px||0px||false|false&#8221;][\/et_pb_divider][et_pb_button button_url=&#8221;http:\/\/www.areasaludplasencia.es\/docs\/rrhh\/ses-plasencia-traslados231211-convocatoria.pdf&#8221; url_new_window=&#8221;on&#8221; button_text=&#8221;CONVOCATORIA de 11-dic-2023&#8243; _builder_version=&#8221;4.7.7&#8243; custom_button=&#8221;on&#8221; button_text_size=&#8221;18px&#8221; button_text_color=&#8221;#0C71C3&#8243; button_border_width=&#8221;0px&#8221; button_font=&#8221;||||||||&#8221; button_icon=&#8221;%%372%%&#8221; button_icon_color=&#8221;#e00f04&#8243; button_icon_placement=&#8221;left&#8221; button_on_hover=&#8221;off&#8221; custom_margin=&#8221;||0px||false|false&#8221; custom_padding=&#8221;|||30px|false|false&#8221;][\/et_pb_button][et_pb_button button_url=&#8221;http:\/\/www.areasaludplasencia.es\/docs\/rrhh\/ses-plasencia-traslados231211-modificaanexo1-240119.pdf&#8221; url_new_window=&#8221;on&#8221; button_text=&#8221;Modificaci\u00f3n Anexo I de  19-ene-2024&#8243; _builder_version=&#8221;4.7.7&#8243; custom_button=&#8221;on&#8221; button_text_size=&#8221;18px&#8221; button_text_color=&#8221;#0C71C3&#8243; button_border_width=&#8221;0px&#8221; button_font=&#8221;||||||||&#8221; button_icon=&#8221;%%372%%&#8221; button_icon_color=&#8221;#e00f04&#8243; button_icon_placement=&#8221;left&#8221; button_on_hover=&#8221;off&#8221; custom_margin=&#8221;||0px|20px|false|false&#8221; custom_padding=&#8221;|||30px|false|false&#8221;][\/et_pb_button][et_pb_text _builder_version=&#8221;4.7.7&#8243; custom_margin=&#8221;||11px|50px|false|false&#8221;]<\/p>\n<p>&#8211; Enfermera\/o<br \/> &#8211; TCAE<\/p>\n<p>[\/et_pb_text][et_pb_button button_url=&#8221;http:\/\/www.areasaludplasencia.es\/docs\/rrhh\/ses-plasencia-traslados231211-creacomision-240129.pdf&#8221; url_new_window=&#8221;on&#8221; button_text=&#8221;Constituci\u00f3n de Comisi\u00f3n Paritaria de Traslados: 29-ene-2024&#8243; _builder_version=&#8221;4.7.7&#8243; custom_button=&#8221;on&#8221; button_text_size=&#8221;18px&#8221; button_text_color=&#8221;#0C71C3&#8243; button_border_width=&#8221;0px&#8221; button_font=&#8221;||||||||&#8221; button_icon=&#8221;%%372%%&#8221; button_icon_color=&#8221;#e00f04&#8243; button_icon_placement=&#8221;left&#8221; button_on_hover=&#8221;off&#8221; custom_margin=&#8221;||0px|20px|false|false&#8221; custom_padding=&#8221;|||30px|false|false&#8221;][\/et_pb_button][et_pb_text _builder_version=&#8221;4.7.7&#8243; custom_margin=&#8221;||11px|50px|false|false&#8221;]<\/p>\n<p>&#8211; Grupo Auxiliar de la Funci\u00f3n Administrativa<br \/> &#8211; Celador\/a<\/p>\n<p>[\/et_pb_text][et_pb_button button_url=&#8221;http:\/\/www.areasaludplasencia.es\/docs\/rrhh\/ses-plasencia-traslados231211-creacomision-240215.pdf&#8221; url_new_window=&#8221;on&#8221; button_text=&#8221;Constituci\u00f3n de Comisi\u00f3n Paritaria de Traslados: 15-febe-2024&#8243; _builder_version=&#8221;4.7.7&#8243; custom_button=&#8221;on&#8221; button_text_size=&#8221;18px&#8221; button_text_color=&#8221;#0C71C3&#8243; button_border_width=&#8221;0px&#8221; button_font=&#8221;||||||||&#8221; button_icon=&#8221;%%372%%&#8221; button_icon_color=&#8221;#e00f04&#8243; button_icon_placement=&#8221;left&#8221; button_on_hover=&#8221;off&#8221; custom_margin=&#8221;||0px|20px|false|false&#8221; custom_padding=&#8221;|||30px|false|false&#8221;][\/et_pb_button][et_pb_text _builder_version=&#8221;4.7.7&#8243; custom_margin=&#8221;||11px|50px|false|false&#8221;]<\/p>\n<p>&#8211; Enfermera\/o<br \/> &#8211; TCAE<br \/>&#8211; TEL<\/p>\n<p>[\/et_pb_text][et_pb_button button_url=&#8221;http:\/\/www.areasaludplasencia.es\/docs\/rrhh\/ses-plasencia-traslados231211-resolucion-definitiva-240229.pdf&#8221; url_new_window=&#8221;on&#8221; button_text=&#8221;Resoluci\u00f3n DEFINITIVA 29-feb-2024&#8243; button_alignment=&#8221;left&#8221; disabled_on=&#8221;off|off|off&#8221; _builder_version=&#8221;4.7.7&#8243; custom_button=&#8221;on&#8221; button_text_size=&#8221;18px&#8221; button_text_color=&#8221;#0C71C3&#8243; button_border_width=&#8221;0px&#8221; button_font=&#8221;||||||||&#8221; button_icon=&#8221;%%72%%&#8221; button_icon_color=&#8221;#e00f04&#8243; button_icon_placement=&#8221;left&#8221; button_on_hover=&#8221;off&#8221; custom_margin=&#8221;||0px|25px|false|false&#8221; custom_padding=&#8221;|||30px|false|false&#8221;][\/et_pb_button][et_pb_text _builder_version=&#8221;4.7.7&#8243; custom_margin=&#8221;||11px|50px|false|false&#8221;]<\/p>\n<p>&#8211; Enfermera\/o<br \/>&#8211; TCAE<br \/>&#8211; Grupo Auxiliar Funci\u00f3n Administrativa<br \/>&#8211; Celador\/a<\/p>\n<p>[\/et_pb_text][et_pb_button button_url=&#8221;http:\/\/www.areasaludplasencia.es\/docs\/rrhh\/ses-plasencia-traslados231211-anexo2-solicitud.pdf&#8221; url_new_window=&#8221;on&#8221; button_text=&#8221;Anexo II: Nuevo modelo de solicitud&#8221; button_alignment=&#8221;left&#8221; disabled_on=&#8221;off|off|off&#8221; _builder_version=&#8221;4.7.7&#8243; custom_button=&#8221;on&#8221; button_text_size=&#8221;18px&#8221; button_text_color=&#8221;#0C71C3&#8243; button_border_width=&#8221;0px&#8221; button_font=&#8221;||||||||&#8221; button_icon=&#8221;%%75%%&#8221; button_icon_color=&#8221;#e00f04&#8243; button_icon_placement=&#8221;left&#8221; button_on_hover=&#8221;off&#8221; custom_margin=&#8221;35px||0px|20px|false|false&#8221; custom_padding=&#8221;|||30px|false|false&#8221;][\/et_pb_button][et_pb_divider _builder_version=&#8221;4.7.7&#8243; _module_preset=&#8221;default&#8221; min_height=&#8221;49px&#8221; custom_margin=&#8221;10px||0px||false|false&#8221; custom_padding=&#8221;30px||0px||false|false&#8221;][\/et_pb_divider][et_pb_button button_url=&#8221;http:\/\/www.areasaludplasencia.es\/docs\/rrhh\/ses-plasencia-traslados221216-convocatoria.pdf&#8221; url_new_window=&#8221;on&#8221; button_text=&#8221;CONVOCATORIA de 16-dic-2022&#8243; _builder_version=&#8221;4.7.7&#8243; custom_button=&#8221;on&#8221; button_text_size=&#8221;18px&#8221; button_text_color=&#8221;#0C71C3&#8243; button_border_width=&#8221;0px&#8221; button_font=&#8221;||||||||&#8221; button_icon=&#8221;%%372%%&#8221; button_icon_color=&#8221;#e00f04&#8243; button_icon_placement=&#8221;left&#8221; button_on_hover=&#8221;off&#8221; custom_margin=&#8221;||0px||false|false&#8221; custom_padding=&#8221;|||30px|false|false&#8221;][\/et_pb_button][et_pb_text _builder_version=&#8221;4.0.5&#8243; custom_margin=&#8221;||11px|32px|false|false&#8221;]<\/p>\n<p>&#8211; Enfermera\/o<br \/> &#8211; T\u00e9cnico Especialista de Laboratorio<br \/> &#8211; TCAE<br \/> &#8211; Grupo Auxiliar de la Funci\u00f3n Administrativa<br \/> &#8211; Celador\/a<\/p>\n<p>[\/et_pb_text][et_pb_button button_url=&#8221;http:\/\/www.areasaludplasencia.es\/docs\/rrhh\/ses-plasencia-traslados221216-comision-230202.pdf&#8221; url_new_window=&#8221;on&#8221; button_text=&#8221;Creaci\u00f3n de la Comisi\u00f3n paritaria&#8221; button_alignment=&#8221;left&#8221; disabled_on=&#8221;off|off|off&#8221; _builder_version=&#8221;4.7.7&#8243; custom_button=&#8221;on&#8221; button_text_size=&#8221;18px&#8221; button_text_color=&#8221;#0C71C3&#8243; button_border_width=&#8221;0px&#8221; button_font=&#8221;||||||||&#8221; button_icon=&#8221;%%72%%&#8221; button_icon_color=&#8221;#e00f04&#8243; button_icon_placement=&#8221;left&#8221; button_on_hover=&#8221;off&#8221; custom_margin=&#8221;||0px|25px|false|false&#8221; custom_padding=&#8221;|||30px|false|false&#8221;][\/et_pb_button][et_pb_button button_url=&#8221;http:\/\/www.areasaludplasencia.es\/docs\/rrhh\/ses-plasencia-traslados221216-resoluciondefinitiva-230224.pdf&#8221; url_new_window=&#8221;on&#8221; button_text=&#8221;Resoluci\u00f3n DEFINITIVA de 24-feb-2023&#8243; button_alignment=&#8221;left&#8221; disabled_on=&#8221;off|off|off&#8221; _builder_version=&#8221;4.7.7&#8243; custom_button=&#8221;on&#8221; button_text_size=&#8221;18px&#8221; button_text_color=&#8221;#0C71C3&#8243; button_border_width=&#8221;0px&#8221; button_font=&#8221;||||||||&#8221; button_icon=&#8221;%%72%%&#8221; button_icon_color=&#8221;#e00f04&#8243; button_icon_placement=&#8221;left&#8221; button_on_hover=&#8221;off&#8221; custom_margin=&#8221;||0px|25px|false|false&#8221; custom_padding=&#8221;|||30px|false|false&#8221;][\/et_pb_button][\/et_pb_column][et_pb_column type=&#8221;1_2&#8243; _builder_version=&#8221;4.0.5&#8243;][et_pb_blurb title=&#8221;Promociones internas temporales&#8221; icon_placement=&#8221;left&#8221; _builder_version=&#8221;4.7.7&#8243; header_level=&#8221;h2&#8243; header_text_color=&#8221;#FFFFFF&#8221; background_color=&#8221;#76c0e0&#8243; custom_margin=&#8221;0px||||false|false&#8221; custom_padding=&#8221;5px||0px|10px|false|false&#8221; border_radii=&#8221;on|3px|3px|3px|3px&#8221;][\/et_pb_blurb][et_pb_text _builder_version=&#8221;4.7.7&#8243; text_font=&#8221;|700|||||||&#8221; text_font_size=&#8221;18px&#8221; custom_margin=&#8221;0px||16px|3px|false|false&#8221; custom_padding=&#8221;||0px|||&#8221;]<\/p>\n<p>Actualizaci\u00f3n 2025 (15 julio)<\/p>\n<p>[\/et_pb_text][et_pb_button button_url=&#8221;http:\/\/www.areasaludplasencia.es\/docs\/rrhh\/ses-plasencia-pit251205-definitiva-sanitario.pdf&#8221; url_new_window=&#8221;on&#8221; button_text=&#8221;Resoluci\u00f3n DEFINITIVA y Listados, 5-dic-2025&#8243; disabled_on=&#8221;off|off|off&#8221; _builder_version=&#8221;4.7.7&#8243; custom_button=&#8221;on&#8221; button_text_size=&#8221;18px&#8221; button_text_color=&#8221;#0C71C3&#8243; button_border_width=&#8221;0px&#8221; button_font=&#8221;||||||||&#8221; button_icon=&#8221;%%372%%&#8221; button_icon_color=&#8221;#e00f04&#8243; button_icon_placement=&#8221;left&#8221; button_on_hover=&#8221;off&#8221; custom_margin=&#8221;0px||0px||false|false&#8221; custom_padding=&#8221;0px|||30px|false|false&#8221;][\/et_pb_button][et_pb_text disabled_on=&#8221;off|off|off&#8221; _builder_version=&#8221;4.7.7&#8243; custom_margin=&#8221;-15px||0px|32px|false|false&#8221; custom_padding=&#8221;0px||0px|||&#8221;]<\/p>\n<p><span style=\"color: #ff0000;\">Sanitario<\/span><\/p>\n<p>[\/et_pb_text][et_pb_button button_url=&#8221;http:\/\/www.areasaludplasencia.es\/docs\/rrhh\/ses-plasencia-pit251205-definitiva-nosanitario.pdf&#8221; url_new_window=&#8221;on&#8221; button_text=&#8221;Resoluci\u00f3n DEFINITIVA y Listados, 5-dic-205&#8243; disabled_on=&#8221;off|off|off&#8221; _builder_version=&#8221;4.7.7&#8243; custom_button=&#8221;on&#8221; button_text_size=&#8221;18px&#8221; button_text_color=&#8221;#0C71C3&#8243; button_border_width=&#8221;0px&#8221; button_font=&#8221;||||||||&#8221; button_icon=&#8221;%%372%%&#8221; button_icon_color=&#8221;#e00f04&#8243; button_icon_placement=&#8221;left&#8221; button_on_hover=&#8221;off&#8221; custom_margin=&#8221;0px||0px||false|false&#8221; custom_padding=&#8221;21px|||30px|false|false&#8221;][\/et_pb_button][et_pb_text disabled_on=&#8221;off|off|off&#8221; _builder_version=&#8221;4.7.7&#8243; custom_margin=&#8221;-14px||10px|32px|false|false&#8221; custom_padding=&#8221;||0px|||&#8221;]<\/p>\n<p><span style=\"color: #ff0000;\">No Sanitario<\/span><\/p>\n<p>[\/et_pb_text][et_pb_divider _builder_version=&#8221;4.7.7&#8243; custom_margin=&#8221;10px||0px||false|false&#8221; custom_padding=&#8221;||0px|||&#8221;][\/et_pb_divider][et_pb_button button_url=&#8221;http:\/\/www.areasaludplasencia.es\/docs\/rrhh\/ses-plasencia-pit-terapeutaocupacional-convoca-251008.pdf&#8221; url_new_window=&#8221;on&#8221; button_text=&#8221;Convocatoria de Terapeuta Ocupacional, 8-oct-2025&#8243; _builder_version=&#8221;4.7.7&#8243; custom_button=&#8221;on&#8221; button_text_size=&#8221;18px&#8221; button_text_color=&#8221;#0C71C3&#8243; button_border_width=&#8221;0px&#8221; button_font=&#8221;||||||||&#8221; button_icon=&#8221;%%72%%&#8221; button_icon_color=&#8221;#e00f04&#8243; button_icon_placement=&#8221;left&#8221; button_on_hover=&#8221;off&#8221; custom_margin=&#8221;||0px||false|false&#8221; custom_padding=&#8221;|||30px|false|false&#8221;][\/et_pb_button][et_pb_divider _builder_version=&#8221;4.7.7&#8243; custom_margin=&#8221;10px||0px||false|false&#8221; custom_padding=&#8221;||0px|||&#8221;][\/et_pb_divider][et_pb_text _builder_version=&#8221;4.7.7&#8243; text_font=&#8221;|700|||||||&#8221; text_font_size=&#8221;18px&#8221; custom_margin=&#8221;0px||16px|3px|false|false&#8221; custom_padding=&#8221;||0px|||&#8221;]<\/p>\n<p>Actualizaci\u00f3n 2024<\/p>\n<p>[\/et_pb_text][et_pb_button button_url=&#8221;http:\/\/www.areasaludplasencia.es\/docs\/rrhh\/ses-plasencia-pit240715-definitiva-sanitario.pdf&#8221; url_new_window=&#8221;on&#8221; button_text=&#8221;Resoluci\u00f3n DEFINITIVA y Listados, 15-jul-2024&#8243; disabled_on=&#8221;off|off|off&#8221; _builder_version=&#8221;4.7.7&#8243; custom_button=&#8221;on&#8221; button_text_size=&#8221;18px&#8221; button_text_color=&#8221;#0C71C3&#8243; button_border_width=&#8221;0px&#8221; button_font=&#8221;||||||||&#8221; button_icon=&#8221;%%372%%&#8221; button_icon_color=&#8221;#e00f04&#8243; button_icon_placement=&#8221;left&#8221; button_on_hover=&#8221;off&#8221; custom_margin=&#8221;0px||0px||false|false&#8221; custom_padding=&#8221;0px|||30px|false|false&#8221;][\/et_pb_button][et_pb_text disabled_on=&#8221;off|off|off&#8221; _builder_version=&#8221;4.7.7&#8243; custom_margin=&#8221;-15px||0px|32px|false|false&#8221; custom_padding=&#8221;0px||0px|||&#8221;]<\/p>\n<p><span style=\"color: #ff0000;\">Sanitario<\/span><\/p>\n<p>[\/et_pb_text][et_pb_button button_url=&#8221;http:\/\/www.areasaludplasencia.es\/docs\/rrhh\/ses-plasencia-pit240715-definitiva-nosanitario.pdf&#8221; url_new_window=&#8221;on&#8221; button_text=&#8221;Resoluci\u00f3n DEFINITIVA y Listados, 15-jul-2024&#8243; disabled_on=&#8221;off|off|off&#8221; _builder_version=&#8221;4.7.7&#8243; custom_button=&#8221;on&#8221; button_text_size=&#8221;18px&#8221; button_text_color=&#8221;#0C71C3&#8243; button_border_width=&#8221;0px&#8221; button_font=&#8221;||||||||&#8221; button_icon=&#8221;%%372%%&#8221; button_icon_color=&#8221;#e00f04&#8243; button_icon_placement=&#8221;left&#8221; button_on_hover=&#8221;off&#8221; custom_margin=&#8221;0px||0px||false|false&#8221; custom_padding=&#8221;21px|||30px|false|false&#8221;][\/et_pb_button][et_pb_text disabled_on=&#8221;off|off|off&#8221; _builder_version=&#8221;4.7.7&#8243; custom_margin=&#8221;-14px||10px|32px|false|false&#8221; custom_padding=&#8221;||0px|||&#8221;]<\/p>\n<p><span style=\"color: #ff0000;\">No Sanitario<\/span><\/p>\n<p>[\/et_pb_text][et_pb_button button_url=&#8221;http:\/\/www.areasaludplasencia.es\/docs\/rrhh\/ses-plasencia-pit240715-correccion-errores-auxadmtvo.pdf&#8221; url_new_window=&#8221;on&#8221; button_text=&#8221;Correcci\u00f3n de Errores, 19-feb-2025&#8243; disabled_on=&#8221;off|off|off&#8221; _builder_version=&#8221;4.7.7&#8243; custom_button=&#8221;on&#8221; button_text_size=&#8221;18px&#8221; button_text_color=&#8221;#0C71C3&#8243; button_border_width=&#8221;0px&#8221; button_font=&#8221;||||||||&#8221; button_icon=&#8221;%%147%%&#8221; button_icon_color=&#8221;#e00f04&#8243; button_icon_placement=&#8221;left&#8221; button_on_hover=&#8221;off&#8221; custom_margin=&#8221;0px||0px|30px|false|false&#8221; custom_padding=&#8221;0px|||30px|false|false&#8221;][\/et_pb_button][et_pb_text disabled_on=&#8221;off|off|off&#8221; _builder_version=&#8221;4.7.7&#8243; custom_margin=&#8221;0px||20px|61px|false|false&#8221; custom_padding=&#8221;||0px|||&#8221;]<\/p>\n<p><span color=\"#ff0000\" style=\"color: #ff0000;\">Auxiliar Administrativo<\/span><\/p>\n<p>[\/et_pb_text][et_pb_divider _builder_version=&#8221;4.7.7&#8243; custom_margin=&#8221;10px||0px||false|false&#8221; custom_padding=&#8221;||0px|||&#8221;][\/et_pb_divider][et_pb_button button_url=&#8221;http:\/\/www.areasaludplasencia.es\/docs\/rrhh\/ses-plasencia-pit-varios-convoca-241017.pdf&#8221; url_new_window=&#8221;on&#8221; button_text=&#8221;Convocatorias de T\u00e9cnico en Diet\u00e9tica y Nutrici\u00f3n y de Auxiliar de Farmacia (17-oct-2024)&#8221; disabled_on=&#8221;off|off|off&#8221; _builder_version=&#8221;4.7.7&#8243; custom_button=&#8221;on&#8221; button_text_size=&#8221;18px&#8221; button_text_color=&#8221;#0C71C3&#8243; button_border_width=&#8221;0px&#8221; button_border_color=&#8221;#0C71C3&#8243; button_font=&#8221;||||||||&#8221; button_icon=&#8221;%%72%%&#8221; button_icon_color=&#8221;#0C71C3&#8243; button_icon_placement=&#8221;left&#8221; button_on_hover=&#8221;off&#8221; custom_margin=&#8221;||0px|0px|false|false&#8221; custom_padding=&#8221;|||30px|false|false&#8221;][\/et_pb_button][et_pb_button button_url=&#8221;http:\/\/www.areasaludplasencia.es\/docs\/rrhh\/ses-plasencia-pit-varios-ditetica-definitiva.pdf&#8221; url_new_window=&#8221;on&#8221; button_text=&#8221;Resoluci\u00f3n DEFINITIVA y Listados, 29-nov-2024&#8243; disabled_on=&#8221;off|off|off&#8221; _builder_version=&#8221;4.7.7&#8243; custom_button=&#8221;on&#8221; button_text_size=&#8221;18px&#8221; button_text_color=&#8221;#0C71C3&#8243; button_border_width=&#8221;0px&#8221; button_font=&#8221;||||||||&#8221; button_icon=&#8221;%%372%%&#8221; button_icon_color=&#8221;#0C71C3&#8243; button_icon_placement=&#8221;left&#8221; button_on_hover=&#8221;off&#8221; custom_margin=&#8221;0px||-10px|25px|false|false&#8221; custom_padding=&#8221;10px|||30px|false|false&#8221;][\/et_pb_button][et_pb_text disabled_on=&#8221;off|off|off&#8221; _builder_version=&#8221;4.7.7&#8243; custom_margin=&#8221;||16px|55px|false|false&#8221; custom_padding=&#8221;||0px|||&#8221;]<\/p>\n<p><span style=\"color: #ff0000;\">T\u00e9cnico Especialista en Diet\u00e9tica y Nutrici\u00f3n<\/span><\/p>\n<p>[\/et_pb_text][et_pb_divider _builder_version=&#8221;4.7.7&#8243; custom_margin=&#8221;5px||0px||false|false&#8221; custom_padding=&#8221;||0px|||&#8221;][\/et_pb_divider][et_pb_button button_url=&#8221;http:\/\/www.areasaludplasencia.es\/docs\/rrhh\/ses-plasencia-pit-enfermero-familiar-comunitaria-convoca-230320.pdf&#8221; url_new_window=&#8221;on&#8221; button_text=&#8221;Convocatoria de Enfermera\/o Especialista en Enfermer\u00eda Familiar y Comunitaria (20-mar-2023)&#8221; disabled_on=&#8221;off|off|off&#8221; _builder_version=&#8221;4.7.7&#8243; custom_button=&#8221;on&#8221; button_text_size=&#8221;18px&#8221; button_text_color=&#8221;#0C71C3&#8243; button_border_width=&#8221;0px&#8221; button_font=&#8221;||||||||&#8221; button_icon=&#8221;%%372%%&#8221; button_icon_color=&#8221;#e00f04&#8243; button_icon_placement=&#8221;left&#8221; button_on_hover=&#8221;off&#8221; custom_margin=&#8221;||0px|20px|false|false&#8221; custom_padding=&#8221;|||30px|false|false&#8221;][\/et_pb_button][et_pb_divider _builder_version=&#8221;4.7.7&#8243; custom_margin=&#8221;0px||0px||false|false&#8221; custom_padding=&#8221;||0px|||&#8221;][\/et_pb_divider][et_pb_button button_url=&#8221;http:\/\/www.areasaludplasencia.es\/docs\/rrhh\/ses-plasencia-convoca-pit-2016.pdf&#8221; url_new_window=&#8221;on&#8221; button_text=&#8221;Convocatorias, Bases y Anexos&#8221; button_alignment=&#8221;left&#8221; disabled_on=&#8221;off|off|off&#8221; _builder_version=&#8221;4.7.7&#8243; custom_button=&#8221;on&#8221; button_text_size=&#8221;18px&#8221; button_text_color=&#8221;#0C71C3&#8243; button_border_width=&#8221;0px&#8221; button_font=&#8221;||||||||&#8221; button_icon=&#8221;%%72%%&#8221; button_icon_color=&#8221;#e00f04&#8243; button_icon_placement=&#8221;left&#8221; button_on_hover=&#8221;off&#8221; custom_margin=&#8221;0px||0px|20px|false|false&#8221; custom_padding=&#8221;|||30px|false|false&#8221;][\/et_pb_button][et_pb_button button_url=&#8221;http:\/\/www.areasaludplasencia.es\/docs\/rrhh\/ses-plasencia-convoca-pit-2016-solicitud.pdf&#8221; url_new_window=&#8221;on&#8221; button_text=&#8221;Anexo II: Nuevo modelo de solicitud&#8221; button_alignment=&#8221;left&#8221; disabled_on=&#8221;off|off|off&#8221; _builder_version=&#8221;4.7.7&#8243; custom_button=&#8221;on&#8221; button_text_size=&#8221;18px&#8221; button_text_color=&#8221;#0C71C3&#8243; button_border_width=&#8221;0px&#8221; button_font=&#8221;||||||||&#8221; button_icon=&#8221;%%75%%&#8221; button_icon_color=&#8221;#e00f04&#8243; button_icon_placement=&#8221;left&#8221; button_on_hover=&#8221;off&#8221; custom_margin=&#8221;0px||0px|20px|false|false&#8221; custom_padding=&#8221;|||30px|false|false&#8221;][\/et_pb_button][et_pb_button button_url=&#8221;http:\/\/www.areasaludplasencia.es\/docs\/rrhh\/ses-plasencia-pit-convoca-anexo3.pdf&#8221; url_new_window=&#8221;on&#8221; button_text=&#8221;Anexo III: Declaraci\u00f3n Jurada&#8221; button_alignment=&#8221;left&#8221; disabled_on=&#8221;off|off|off&#8221; _builder_version=&#8221;4.7.7&#8243; custom_button=&#8221;on&#8221; button_text_size=&#8221;18px&#8221; button_text_color=&#8221;#0C71C3&#8243; button_border_width=&#8221;0px&#8221; button_font=&#8221;||||||||&#8221; button_icon=&#8221;%%75%%&#8221; button_icon_color=&#8221;#e00f04&#8243; button_icon_placement=&#8221;left&#8221; button_on_hover=&#8221;off&#8221; custom_margin=&#8221;0px||0px|20px|false|false&#8221; custom_padding=&#8221;|||30px|false|false&#8221;][\/et_pb_button][et_pb_blurb title=&#8221;Pactos SES &#8211; Sindicatos&#8221; icon_placement=&#8221;left&#8221; _builder_version=&#8221;4.7.7&#8243; header_level=&#8221;h2&#8243; header_text_color=&#8221;#FFFFFF&#8221; background_color=&#8221;#76c0e0&#8243; min_height=&#8221;33px&#8221; custom_margin=&#8221;50px||||false|false&#8221; custom_padding=&#8221;8px||0px|10px|false|false&#8221; border_radii=&#8221;on|3px|3px|3px|3px&#8221;][\/et_pb_blurb][et_pb_text _builder_version=&#8221;4.0.5&#8243;]<\/p>\n<p>\u2022 Pacto Administraci\u00f3n &#8211; Sindicatos sobre selecci\u00f3n de personal temporal y provisi\u00f3n de plazas temporales:<\/p>\n<p><span><a href=\"http:\/\/doe.juntaex.es\/pdfs\/doe\/2007\/710o\/07061811.pdf\" target=\"_blank\" rel=\"noopener noreferrer\"><img src=\"https:\/\/areasaludplasencia.es\/aspwp\/wp-content\/uploads\/2019\/11\/link1.png\" border=\"0\" align=\"bottom\" alt=\"Ver pdf\" \/>\u00a0\u00a0\u00a0 Resoluci\u00f3n 2017<\/a><\/span><\/p>\n<p><span><a href=\"http:\/\/doe.juntaex.es\/pdfs\/doe\/2007\/120o\/07040012.pdf\" target=\"_blank\" rel=\"noopener noreferrer\"><img src=\"https:\/\/areasaludplasencia.es\/aspwp\/wp-content\/uploads\/2019\/11\/link1.png\" border=\"0\" align=\"bottom\" alt=\"Ver pdf\" \/>\u00a0\u00a0\u00a0 DECRETO 12\/2017, de 23 de enero, por el que se regula el sistema de selecci\u00f3n de personal estatutario y de provisi\u00f3n de plazas b\u00e1sicas y singularizadas del Servicio Extreme\u00f1o de Salud<\/a><\/span><\/p>\n<p><span><a href=\"http:\/\/doe.juntaex.es\/pdfs\/doe\/2011\/330o\/11040021.pdf\" target=\"_blank\" rel=\"noopener noreferrer\"><img src=\"https:\/\/areasaludplasencia.es\/aspwp\/wp-content\/uploads\/2019\/11\/link1.png\" border=\"0\" align=\"bottom\" alt=\"Ver pdf\" \/>\u00a0\u00a0\u00a0 DECRETO 17\/2011, de 10 de febrero, por el que se modifica el Decreto 12\/2007, de 23 de enero<\/a><\/span><\/p>\n<p><span><a href=\"http:\/\/doe.gobex.es\/pdfs\/doe\/2013\/450o\/13060367.pdf\" target=\"_blank\" rel=\"noopener noreferrer\"><img src=\"https:\/\/areasaludplasencia.es\/aspwp\/wp-content\/uploads\/2019\/11\/link1.png\" border=\"0\" align=\"bottom\" alt=\"Ver pdf\" \/>\u00a0\u00a0\u00a0 RESOLUCI\u00d3N de 20 de febrero de 2013, de la Direcci\u00f3n General de Trabajo<\/a><\/span><\/p>\n<p>[\/et_pb_text][\/et_pb_column][\/et_pb_row][et_pb_row column_structure=&#8221;1_2,1_2&#8243; disabled_on=&#8221;on|on|on&#8221; _builder_version=&#8221;4.7.7&#8243; _module_preset=&#8221;default&#8221; disabled=&#8221;on&#8221;][et_pb_column type=&#8221;1_2&#8243; _builder_version=&#8221;4.7.7&#8243; _module_preset=&#8221;default&#8221;][et_pb_text _builder_version=&#8221;4.7.7&#8243; _module_preset=&#8221;default&#8221;]<\/p>\n<p>Your content goes here.\u00a0<\/p>\n<p>[\/et_pb_text][\/et_pb_column][et_pb_column type=&#8221;1_2&#8243; _builder_version=&#8221;4.7.7&#8243; _module_preset=&#8221;default&#8221;][et_pb_text _builder_version=&#8221;4.7.7&#8243; _module_preset=&#8221;default&#8221;]<\/p>\n<p>Your content goes here.\u00a0<\/p>\n<p>[\/et_pb_text][\/et_pb_column][\/et_pb_row][et_pb_row _builder_version=&#8221;4.7.7&#8243; _module_preset=&#8221;default&#8221; custom_padding=&#8221;||0px|||&#8221;][et_pb_column type=&#8221;4_4&#8243; _builder_version=&#8221;4.7.7&#8243; _module_preset=&#8221;default&#8221;][et_pb_divider _builder_version=&#8221;4.7.7&#8243; _module_preset=&#8221;default&#8221;][\/et_pb_divider][\/et_pb_column][\/et_pb_row][\/et_pb_section]<\/p>\n","protected":false},"excerpt":{"rendered":"<p>[et_pb_section fb_built=&#8221;1&#8243; admin_label=&#8221;section&#8221; _builder_version=&#8221;3.22&#8243; custom_margin=&#8221;-8px||-39px|||&#8221;][et_pb_row _builder_version=&#8221;4.0.5&#8243; custom_margin=&#8221;-45px|auto||auto||&#8221; custom_padding=&#8221;||22px|||&#8221;][et_pb_column type=&#8221;4_4&#8243; _builder_version=&#8221;4.0.5&#8243;][et_pb_text _builder_version=&#8221;4.0.5&#8243; text_font=&#8221;||||||||&#8221; text_text_color=&#8221;#2b5183&#8243; text_font_size=&#8221;26px&#8221; custom_margin=&#8221;||5px|||&#8221; border_color_all=&#8221;#588cd0&#8243; border_width_bottom=&#8221;4px&#8221; border_color_bottom=&#8221;#5992c1&#8243; border_style_bottom=&#8221;solid&#8221;] Selecci\u00f3n y Provisi\u00f3n [\/et_pb_text][\/et_pb_column][\/et_pb_row][\/et_pb_section][et_pb_section fb_built=&#8221;1&#8243; _builder_version=&#8221;4.0.5&#8243; custom_padding=&#8221;9px||10px|||&#8221;][et_pb_row column_structure=&#8221;1_2,1_2&#8243; _builder_version=&#8221;4.7.7&#8243; _module_preset=&#8221;default&#8221;][et_pb_column type=&#8221;1_2&#8243; _builder_version=&#8221;4.7.7&#8243; _module_preset=&#8221;default&#8221;][et_pb_blurb title=&#8221;Portal del Candidato SES&#8221; icon_placement=&#8221;left&#8221; _builder_version=&#8221;4.7.7&#8243; header_level=&#8221;h2&#8243; header_text_color=&#8221;#FFFFFF&#8221; background_color=&#8221;#76c0e0&#8243; text_orientation=&#8221;center&#8221; custom_margin=&#8221;||11px|||&#8221; custom_padding=&#8221;5px||0px|10px|false|false&#8221; border_radii=&#8221;on|3px|3px|3px|3px&#8221;][\/et_pb_blurb][et_pb_text _builder_version=&#8221;4.7.7&#8243; _module_preset=&#8221;default&#8221; text_font_size=&#8221;16px&#8221; text_orientation=&#8221;justified&#8221;] Portal de Selecci\u00f3n de Personal del &hellip; <a href=\"https:\/\/areasaludplasencia.es\/aspwp\/seleccion-y-provision\/\" class=\"more-link\">Seguir leyendo <span class=\"screen-reader-text\">Selecci\u00f3n y Provisi\u00f3n<\/span> <span class=\"meta-nav\">&rarr;<\/span><\/a><\/p>\n","protected":false},"author":1,"featured_media":0,"parent":0,"menu_order":0,"comment_status":"closed","ping_status":"closed","template":"page-templates\/full-width.php","meta":{"_et_pb_use_builder":"on","_et_pb_old_content":"<h1>Selecci\u00f3n y Provisi\u00f3n<\/h1>\n\n<hr style=\"border: 2px solid #588cd0;\">\n\n<div id=\"base\">\n<div id=\"columna1\" style=\"width: 47%; position: relative; float: left; text-align: justify; margin-bottom: 20%;\">\n<h3 style=\"margin-top: 20px; width: 100%;\">Concursos de Traslados<\/h3>\n<h4 style=\"color: #2b5183;\"><u>Concurso de Traslado Intrahospitalario\nHospital de Plasencia<\/u><\/h4>\n<ul style=\"list-style-type: none;\">\n \t<li><a href=\"http:\/\/www.areasaludplasencia.es\/wasp\/pdfs\/3\/314903.pdf\" target=\"blank\" rel=\"noopener noreferrer\"><img src=\"http:\/\/areasaludplasencia.es\/aspwp\/wp-content\/uploads\/2017\/03\/verpdf2.gif\"><\/a>&nbsp;&nbsp; RESOLUCI\u00d3N de 29 de diciembre de 2016\n<ul style=\"list-style-type: none;\">\n \t<li><a href=\"http:\/\/www.areasaludplasencia.es\/wasp\/pdfs\/3\/314903-3.pdf\" target=\"blank\" rel=\"noopener noreferrer\"><img src=\"http:\/\/areasaludplasencia.es\/aspwp\/wp-content\/uploads\/2017\/03\/verpdf2.gif\"><\/a>&nbsp; Correcci\u00f3n de errores (marzo 2017)<\/li>\n \t<li><a href=\"http:\/\/www.areasaludplasencia.es\/wasp\/pdfs\/3\/314903-1.pdf\" target=\"blank\" rel=\"noopener noreferrer\"><img src=\"http:\/\/areasaludplasencia.es\/aspwp\/wp-content\/uploads\/2017\/03\/verpdf2.gif\"><\/a>&nbsp; Correcci\u00f3n de errores (febrero 2017)<\/li>\n \t<li><a href=\"http:\/\/www.areasaludplasencia.es\/wasp\/pdfs\/3\/314903-2.pdf\" target=\"blank\" rel=\"noopener noreferrer\"><img src=\"http:\/\/areasaludplasencia.es\/aspwp\/wp-content\/uploads\/2017\/03\/verpdf2.gif\"><\/a>&nbsp; Comisi\u00f3n paritaria de traslados<\/li>\n<\/ul>\n<\/li>\n<\/ul>\n<ul style=\"list-style-type: none;\">\n \t<li><a href=\"http:\/\/www.areasaludplasencia.es\/wasp\/pdfs\/3\/314902.pdf\" target=\"blank\" rel=\"noopener noreferrer\"><img src=\"http:\/\/areasaludplasencia.es\/aspwp\/wp-content\/uploads\/2017\/03\/verpdf2.gif\"><\/a>&nbsp; RESOLUCI\u00d3N de 1 de marzo de 2016<\/li>\n \t<li><a href=\"http:\/\/www.areasaludplasencia.es\/wasp\/pdfs\/3\/314902p.pdf\" target=\"blank\" rel=\"noopener noreferrer\"><img src=\"http:\/\/areasaludplasencia.es\/aspwp\/wp-content\/uploads\/2017\/03\/verpdf2.gif\"><\/a>&nbsp; RESOLUCI\u00d3N de 05 de febrero de 2016. Relaci\u00f3n Provisional<\/li>\n \t<li><a href=\"http:\/\/www.areasaludplasencia.es\/wasp\/pdfs\/3\/314901.pdf\" target=\"blank\" rel=\"noopener noreferrer\"><img src=\"http:\/\/areasaludplasencia.es\/aspwp\/wp-content\/uploads\/2017\/03\/verpdf2.gif\"><\/a>&nbsp; RESOLUCI\u00d3N de 04 de diciembre de 2015<\/li>\n<\/ul>\n<h4><span style=\"color: #2b5183;\"><u>Traslados Generales<\/u><\/span><\/h4>\n<ul style=\"list-style-type: none;\">\n \t<li><a href=\"http:\/\/www.areasaludplasencia.es\/wasp\/pdfs\/3\/314011.pdf\" target=\"blank\" rel=\"noopener noreferrer\"><img src=\"http:\/\/areasaludplasencia.es\/aspwp\/wp-content\/uploads\/2017\/03\/verpdf2.gif\"><\/a>&nbsp; Nota informativa sobre c\u00f3digos de plazas de la categor\u00eda Enfermero\/a<\/li>\n<\/ul>\n<\/div>\n<div id=\"columna2\" style=\"position: relative; width: 47%; float: right; text-align: justify;\">\n<h3 style=\"margin-top: 20px;\">Promociones Internas Temporales<\/h3>\n<ul style=\"list-style-type: none;\">\n \t<li><\/li>\n \t<li><a href=\"http:\/\/www.areasaludplasencia.es\/wasp\/pdfs\/3\/314910.pdf\" target=\"blank\" rel=\"noopener noreferrer\"><img src=\"http:\/\/areasaludplasencia.es\/aspwp\/wp-content\/uploads\/2017\/03\/verpdf2.gif\"><\/a> CONVOCATORIA de 30 de mayo de 2016\n<ul style=\"list-style-type: none;\">\n \t<li><a href=\"http:\/\/www.areasaludplasencia.es\/wasp\/pdfs\/3\/314911.pdf\" target=\"blank\" rel=\"noopener noreferrer\"><img src=\"http:\/\/areasaludplasencia.es\/aspwp\/wp-content\/uploads\/2017\/03\/verpdf2.gif\"><\/a> Resoluci\u00f3n PROVISIONAL y listados:\n<ul style=\"list-style-type: none;\">\n \t<li>- Enfermero\/a<\/li>\n \t<li>- Enfermero\/a del Trabajo<\/li>\n \t<li>- Enfermero\/a de Salud Mental<\/li>\n \t<li>- Enfermero\/a Obst\u00e9trico-Ginecol\u00f3gico<\/li>\n \t<li>- T\u00e9cnico Especialista de Laboratorio<\/li>\n \t<li>- T\u00e9cnico Especialista de Radiodiagn\u00f3stico<\/li>\n \t<li>- Higienista Dental<\/li>\n \t<li>- Auxiliar de Enfermer\u00eda<\/li>\n \t<li>- Auxiliar de Tecnolog\u00eda de la Informaci\u00f3n<\/li>\n \t<li>- Costurera<\/li>\n \t<li>- Telefonista<\/li>\n \t<li>- Gobernante<\/li>\n<\/ul>\n<\/li>\n \t<li><a href=\"http:\/\/www.areasaludplasencia.es\/wasp\/pdfs\/3\/314913.pdf\" target=\"blank\" rel=\"noopener noreferrer\"><img src=\"http:\/\/areasaludplasencia.es\/aspwp\/wp-content\/uploads\/2017\/03\/verpdf2.gif\"><\/a> Resoluci\u00f3n DEFINITIVA y listados:\n<ul style=\"list-style-type: none;\">\n \t<li>- Veterinario de EAP<\/li>\n<\/ul>\n<\/li>\n \t<li><a href=\"http:\/\/www.areasaludplasencia.es\/wasp\/pdfs\/3\/314914.pdf\" target=\"blank\" rel=\"noopener noreferrer\"><img src=\"http:\/\/areasaludplasencia.es\/aspwp\/wp-content\/uploads\/2017\/03\/verpdf2.gif\"><\/a> Resoluci\u00f3n DEFINITIVA y listados:\n<ul style=\"list-style-type: none;\">\n \t<li>- M\u00e9dico de EAP<\/li>\n \t<li>- FEA An\u00e1lisis Cl\u00ednicos<\/li>\n \t<li>- FEA Microbiolog\u00eda y Parasitolog\u00eda<\/li>\n<\/ul>\n<\/li>\n<\/ul>\n<\/li>\n \t<li><a href=\"http:\/\/www.areasaludplasencia.es\/wasp\/pdfs\/3\/314053.pdf\" target=\"blank\" rel=\"noopener noreferrer\"><img src=\"http:\/\/areasaludplasencia.es\/aspwp\/wp-content\/uploads\/2017\/03\/verpdf2.gif\"><\/a> CONVOCATORIA de 30 de junio de 2014<\/li>\n \t<li><a href=\"http:\/\/www.areasaludplasencia.es\/wasp\/pdfs\/3\/314912.pdf\" target=\"blank\" rel=\"noopener noreferrer\"><img src=\"http:\/\/areasaludplasencia.es\/aspwp\/wp-content\/uploads\/2017\/03\/verpdf2.gif\"><\/a> CONVOCATORIA de 30 de septiembre de 2013<\/li>\n<\/ul>\n<\/div>\n<div id=\"columna3\" style=\"position: relative; width: 47%; float: left; text-align: justify;\">\n<h3 style=\"margin-top: 20px;\">Pactos Servicio Extreme\u00f1o de Salud y Organizaciones Sindicales<\/h3>\n&nbsp;\n<ul>\n \t<li>Pacto Administraci\u00f3n - Sindicatos sobre selecci\u00f3n de personal temporal y provisi\u00f3n de plazas temporales:\n<ul style=\"list-style-type: none;\">\n \t<li><\/li>\n \t<li><a href=\"http:\/\/doe.juntaex.es\/pdfs\/doe\/2006\/960O\/06062238.pdf\" target=\"blank\" rel=\"noopener noreferrer\"><img src=\"http:\/\/areasaludplasencia.es\/aspwp\/wp-content\/uploads\/2017\/03\/verdoe2.gif\"><\/a> Resoluci\u00f3n 2006<\/li>\n \t<li><a href=\"http:\/\/www.areasaludplasencia.es\/wasp\/pdfs\/3\/314006.pdf\" target=\"blank\" rel=\"noopener noreferrer\"><img src=\"http:\/\/areasaludplasencia.es\/aspwp\/wp-content\/uploads\/2017\/03\/verpdf2.gif\"><\/a> Anexo III modelo inscripci\u00f3n Bolsa Facultativos<\/li>\n \t<li><a href=\"http:\/\/doe.juntaex.es\/pdfs\/doe\/2007\/710O\/07061811.pdf\" target=\"blank\" rel=\"noopener noreferrer\"><img src=\"http:\/\/areasaludplasencia.es\/aspwp\/wp-content\/uploads\/2017\/03\/verdoe2.gif\"><\/a> Resoluci\u00f3n 2007<\/li>\n \t<li><a href=\"http:\/\/doe.juntaex.es\/pdfs\/doe\/2007\/120O\/07040012.pdf\" target=\"blank\" rel=\"noopener noreferrer\"><img src=\"http:\/\/areasaludplasencia.es\/aspwp\/wp-content\/uploads\/2017\/03\/verdoe2.gif\"><\/a> DECRETO 12\/2007, de 23 de enero, por el que se regula el sistema de selecci\u00f3n de personal estatutario y de provisi\u00f3n de plazas b\u00e1sicas y singularizadas del Servicio Extreme\u00f1o de Salud<\/li>\n \t<li><a href=\"http:\/\/doe.juntaex.es\/pdfs\/doe\/2011\/330o\/11040021.pdf\" target=\"blank\" rel=\"noopener noreferrer\"><img src=\"http:\/\/areasaludplasencia.es\/aspwp\/wp-content\/uploads\/2017\/03\/verdoe2.gif\"><\/a> DECRETO 17\/2011, de 10 de febrero, por el que se modifica el Decreto 12\/2007, de 23 de enero.<\/li>\n<\/ul>\n<\/li>\n \t<li>Pacto suscrito entre el Servicio Extreme\u00f1o de Saludo y las organizaciones sindicales CSI-F, SATSE, SIMEX y USAE sobre procedimientos de selecci\u00f3n de personal temporal y provisi\u00f3n de plazas con car\u00e1cter temporal en los centros, servicios y establecimientos sanitarios p\u00fablicos dependientes del Servicio Extreme\u00f1o de Salud, el 17 de enero de 2013, y publicado mediante Resoluci\u00f3n de 20 de febrero de 2013, de la Direcci\u00f3n General de Trabajo (DOE N1 45 de 6 de marzo de 2013).\n<ul style=\"list-style-type: none;\">\n \t<li><\/li>\n \t<li><a href=\"http:\/\/doe.gobex.es\/pdfs\/doe\/2013\/450o\/13060367.pdf\" target=\"blank\" rel=\"noopener noreferrer\"><img src=\"http:\/\/areasaludplasencia.es\/aspwp\/wp-content\/uploads\/2017\/03\/verdoe2.gif\"><\/a> REOLUCI\u00d3N de 20 de febrero de 2013, de la Direcci\u00f3n General de Trabajo<\/li>\n \t<li><a href=\"http:\/\/www.areasaludplasencia.es\/wasp\/pdfs\/3\/314041.pdf\" target=\"blank\" rel=\"noopener noreferrer\"><img src=\"http:\/\/areasaludplasencia.es\/aspwp\/wp-content\/uploads\/2017\/03\/verpdf2.gif\"><\/a> Diligencia de publicaci\u00f3n del pacto<\/li>\n<\/ul>\n<\/li>\n<\/ul>\n<\/div>\n<\/div>","_et_gb_content_width":""},"_links":{"self":[{"href":"https:\/\/areasaludplasencia.es\/aspwp\/wp-json\/wp\/v2\/pages\/271"}],"collection":[{"href":"https:\/\/areasaludplasencia.es\/aspwp\/wp-json\/wp\/v2\/pages"}],"about":[{"href":"https:\/\/areasaludplasencia.es\/aspwp\/wp-json\/wp\/v2\/types\/page"}],"author":[{"embeddable":true,"href":"https:\/\/areasaludplasencia.es\/aspwp\/wp-json\/wp\/v2\/users\/1"}],"replies":[{"embeddable":true,"href":"https:\/\/areasaludplasencia.es\/aspwp\/wp-json\/wp\/v2\/comments?post=271"}],"version-history":[{"count":370,"href":"https:\/\/areasaludplasencia.es\/aspwp\/wp-json\/wp\/v2\/pages\/271\/revisions"}],"predecessor-version":[{"id":6065,"href":"https:\/\/areasaludplasencia.es\/aspwp\/wp-json\/wp\/v2\/pages\/271\/revisions\/6065"}],"wp:attachment":[{"href":"https:\/\/areasaludplasencia.es\/aspwp\/wp-json\/wp\/v2\/media?parent=271"}],"curies":[{"name":"wp","href":"https:\/\/api.w.org\/{rel}","templated":true}]}}