{"id":182,"date":"2017-03-05T09:27:43","date_gmt":"2017-03-05T09:27:43","guid":{"rendered":"http:\/\/areasaludplasencia.es\/aspwp\/?page_id=182"},"modified":"2025-05-06T11:16:44","modified_gmt":"2025-05-06T11:16:44","slug":"derechos-y-deberes","status":"publish","type":"page","link":"https:\/\/areasaludplasencia.es\/aspwp\/derechos-y-deberes\/","title":{"rendered":"Derechos y Deberes"},"content":{"rendered":"<p>[et_pb_section fb_built=&#8221;1&#8243; admin_label=&#8221;section&#8221; _builder_version=&#8221;3.22&#8243; custom_margin=&#8221;-8px||-39px|||&#8221;][et_pb_row _builder_version=&#8221;4.0.5&#8243; custom_margin=&#8221;-45px|auto||auto||&#8221; custom_padding=&#8221;||22px|||&#8221;][et_pb_column type=&#8221;4_4&#8243; _builder_version=&#8221;4.0.5&#8243;][et_pb_text _builder_version=&#8221;4.7.7&#8243; text_font=&#8221;||||||||&#8221; text_text_color=&#8221;#2b5183&#8243; text_font_size=&#8221;26px&#8221; custom_margin=&#8221;||5px|||&#8221; border_color_all=&#8221;#588cd0&#8243; border_width_bottom=&#8221;4px&#8221; border_color_bottom=&#8221;#5992c1&#8243; border_style_bottom=&#8221;solid&#8221;]<\/p>\n<p>Derechos y Deberes<\/p>\n<p>[\/et_pb_text][\/et_pb_column][\/et_pb_row][\/et_pb_section][et_pb_section fb_built=&#8221;1&#8243; admin_label=&#8221;section&#8221; _builder_version=&#8221;4.7.7&#8243; custom_margin=&#8221;0px||-39px||false|false&#8221; custom_padding=&#8221;0px||||false|false&#8221;][et_pb_row column_structure=&#8221;1_2,1_2&#8243; _builder_version=&#8221;4.7.7&#8243; _module_preset=&#8221;default&#8221; hover_enabled=&#8221;0&#8243; custom_margin=&#8221;||-25px||false|false&#8221; sticky_enabled=&#8221;0&#8243;][et_pb_column type=&#8221;1_2&#8243; _builder_version=&#8221;4.7.7&#8243; _module_preset=&#8221;default&#8221;][et_pb_text _builder_version=&#8221;4.7.7&#8243; header_3_font=&#8221;||||||||&#8221; header_3_text_color=&#8221;#FFFFFF&#8221; background_color=&#8221;#76c0e0&#8243; custom_margin=&#8221;0px||||false|false&#8221; custom_padding=&#8221;7px||0px||false|false&#8221; border_radii=&#8221;on|3px|3px|3px|3px&#8221;]<\/p>\n<h3 style=\"text-align: center;\">Ley de Salud de Extremadura<\/h3>\n<p>[\/et_pb_text][et_pb_button button_url=&#8221;https:\/\/doe.juntaex.es\/pdfs\/doe\/2001\/760o\/01010010.pdf&#8221; url_new_window=&#8221;on&#8221; button_text=&#8221;LEY 10\/2001, de 28 de junio, de Salud de Extremadura&#8221; _builder_version=&#8221;4.7.7&#8243; custom_button=&#8221;on&#8221; button_text_size=&#8221;17px&#8221; button_text_color=&#8221;#0C71C3&#8243; button_border_width=&#8221;0px&#8221; button_border_color=&#8221;#00457a&#8221; button_font=&#8221;||||||||&#8221; button_icon=&#8221;%%372%%&#8221; button_icon_color=&#8221;#0c71c3&#8243; button_icon_placement=&#8221;left&#8221; button_on_hover=&#8221;off&#8221; custom_margin=&#8221;||0px|20px|false|false&#8221;][\/et_pb_button][et_pb_text _builder_version=&#8221;4.7.7&#8243; _module_preset=&#8221;default&#8221; text_text_color=&#8221;#0C71C3&#8243; custom_margin=&#8221;-20px||0px|30px|false|false&#8221;]<\/p>\n<ul>\n<li>art. 10 Titulares de los derechos y deberes<\/li>\n<li>art. 11 Derechos<\/li>\n<li>art. 12 Deberes<\/li>\n<\/ul>\n<p>[\/et_pb_text][\/et_pb_column][et_pb_column type=&#8221;1_2&#8243; _builder_version=&#8221;4.7.7&#8243; _module_preset=&#8221;default&#8221;][et_pb_text _builder_version=&#8221;4.7.7&#8243; header_3_font=&#8221;||||||||&#8221; header_3_text_color=&#8221;#FFFFFF&#8221; background_color=&#8221;#76c0e0&#8243; custom_margin=&#8221;0px||||false|false&#8221; custom_padding=&#8221;7px||0px||false|false&#8221; border_radii=&#8221;on|3px|3px|3px|3px&#8221;]<\/p>\n<h3 style=\"text-align: center;\">Ley de Tiempos de Respuesta<\/h3>\n<p>[\/et_pb_text][et_pb_button button_url=&#8221;https:\/\/doe.juntaex.es\/pdfs\/doe\/2005\/780o\/05010002.pdf&#8221; url_new_window=&#8221;on&#8221; button_text=&#8221;LEY 1\/2005, de 24 de junio, de tiempos de respuesta en la atenci\u00f3n sanitaria especializada&#8221; _builder_version=&#8221;4.7.7&#8243; custom_button=&#8221;on&#8221; button_text_size=&#8221;17px&#8221; button_text_color=&#8221;#0C71C3&#8243; button_border_width=&#8221;0px&#8221; button_border_color=&#8221;#00457a&#8221; button_font=&#8221;||||||||&#8221; button_icon=&#8221;%%372%%&#8221; button_icon_color=&#8221;#0c71c3&#8243; button_icon_placement=&#8221;left&#8221; button_on_hover=&#8221;off&#8221; custom_margin=&#8221;||0px|20px|false|false&#8221;][\/et_pb_button][\/et_pb_column][\/et_pb_row][et_pb_row column_structure=&#8221;1_2,1_2&#8243; _builder_version=&#8221;4.7.7&#8243; _module_preset=&#8221;default&#8221;][et_pb_column type=&#8221;1_2&#8243; _builder_version=&#8221;4.7.7&#8243; _module_preset=&#8221;default&#8221;][et_pb_text _builder_version=&#8221;4.7.7&#8243; header_3_font=&#8221;||||||||&#8221; header_3_text_color=&#8221;#FFFFFF&#8221; background_color=&#8221;#76c0e0&#8243; custom_margin=&#8221;0px||||false|false&#8221; custom_padding=&#8221;7px||0px||false|false&#8221; border_radii=&#8221;on|3px|3px|3px|3px&#8221;]<\/p>\n<h3 style=\"text-align: center;\">Expresi\u00f3n Anticipada de Voluntades<\/h3>\n<p>[\/et_pb_text][et_pb_button button_url=&#8221;https:\/\/saludextremadura.ses.es\/web\/expresion-anticipada-voluntades&#8221; url_new_window=&#8221;on&#8221; button_text=&#8221;Informaci\u00f3n&#8221; _builder_version=&#8221;4.7.7&#8243; custom_button=&#8221;on&#8221; button_text_size=&#8221;19px&#8221; button_text_color=&#8221;#0C71C3&#8243; button_border_width=&#8221;0px&#8221; button_border_color=&#8221;#00457a&#8221; button_font=&#8221;||||||||&#8221; button_icon=&#8221;%%372%%&#8221; button_icon_color=&#8221;#0c71c3&#8243; button_icon_placement=&#8221;left&#8221; button_on_hover=&#8221;off&#8221; custom_margin=&#8221;||0px|20px|false|false&#8221; saved_tabs=&#8221;all&#8221;][\/et_pb_button][et_pb_button button_url=&#8221;https:\/\/saludextremadura.ses.es\/filescms\/web\/uploaded_files\/Documentos\/Expresion%20Anticipada%20de%20Voluntades\/SOLICITUD%20INSCRIPCION%20DEL%20DOCUMENTO.pdf&#8221; url_new_window=&#8221;on&#8221; button_text=&#8221;Solicitud de inscripci\u00f3n&#8221; _builder_version=&#8221;4.7.7&#8243; custom_button=&#8221;on&#8221; button_text_size=&#8221;19px&#8221; button_text_color=&#8221;#0C71C3&#8243; button_border_width=&#8221;0px&#8221; button_border_color=&#8221;#00457a&#8221; button_font=&#8221;||||||||&#8221; button_icon=&#8221;%%75%%&#8221; button_icon_color=&#8221;#0c71c3&#8243; button_icon_placement=&#8221;left&#8221; button_on_hover=&#8221;off&#8221; custom_margin=&#8221;||0px|20px|false|false&#8221; saved_tabs=&#8221;all&#8221;][\/et_pb_button][\/et_pb_column][et_pb_column type=&#8221;1_2&#8243; _builder_version=&#8221;4.7.7&#8243; _module_preset=&#8221;default&#8221;][et_pb_text _builder_version=&#8221;4.7.7&#8243; header_3_font=&#8221;||||||||&#8221; header_3_text_color=&#8221;#FFFFFF&#8221; background_color=&#8221;#76c0e0&#8243; custom_margin=&#8221;0px||||false|false&#8221; custom_padding=&#8221;7px||0px||false|false&#8221; hover_enabled=&#8221;0&#8243; border_radii=&#8221;on|3px|3px|3px|3px&#8221; sticky_enabled=&#8221;0&#8243;]<\/p>\n<h3 style=\"text-align: center;\">Programa de Visitas a Pacientes<\/h3>\n<p>[\/et_pb_text][et_pb_button button_url=&#8221;https:\/\/www.areasaludplasencia.es\/wasp\/pdfs\/2\/222001.pdf&#8221; url_new_window=&#8221;on&#8221; button_text=&#8221;Normas de visitas a pacientes ingresados&#8221; _builder_version=&#8221;4.7.7&#8243; custom_button=&#8221;on&#8221; button_text_size=&#8221;19px&#8221; button_text_color=&#8221;#0C71C3&#8243; button_border_width=&#8221;0px&#8221; button_border_color=&#8221;#00457a&#8221; button_font=&#8221;||||||||&#8221; button_icon=&#8221;%%72%%&#8221; button_icon_color=&#8221;#0c71c3&#8243; button_icon_placement=&#8221;left&#8221; button_on_hover=&#8221;off&#8221; custom_margin=&#8221;||0px|20px|false|false&#8221; saved_tabs=&#8221;all&#8221;][\/et_pb_button][\/et_pb_column][\/et_pb_row][et_pb_row column_structure=&#8221;1_2,1_2&#8243; _builder_version=&#8221;4.7.7&#8243; _module_preset=&#8221;default&#8221;][et_pb_column type=&#8221;1_2&#8243; _builder_version=&#8221;4.7.7&#8243; _module_preset=&#8221;default&#8221;][et_pb_text _builder_version=&#8221;4.7.7&#8243; header_3_font=&#8221;||||||||&#8221; header_3_text_color=&#8221;#FFFFFF&#8221; background_color=&#8221;#76c0e0&#8243; custom_margin=&#8221;0px||||false|false&#8221; custom_padding=&#8221;7px||0px||false|false&#8221; hover_enabled=&#8221;0&#8243; border_radii=&#8221;on|3px|3px|3px|3px&#8221; sticky_enabled=&#8221;0&#8243;]<\/p>\n<h3 style=\"text-align: center;\">Derecho a la supresi\u00f3n de datos personales<\/h3>\n<p>[\/et_pb_text][et_pb_button button_url=&#8221;https:\/\/www.juntaex.es\/w\/0625122?inheritRedirect=true&#8221; url_new_window=&#8221;on&#8221; button_text=&#8221;Informaci\u00f3n y tr\u00e1mites&#8221; _builder_version=&#8221;4.7.7&#8243; custom_button=&#8221;on&#8221; button_text_size=&#8221;19px&#8221; button_text_color=&#8221;#0C71C3&#8243; button_border_width=&#8221;0px&#8221; button_border_color=&#8221;#00457a&#8221; button_font=&#8221;||||||||&#8221; button_icon=&#8221;%%372%%&#8221; button_icon_color=&#8221;#0c71c3&#8243; button_icon_placement=&#8221;left&#8221; button_on_hover=&#8221;off&#8221; custom_margin=&#8221;||0px|20px|false|false&#8221; saved_tabs=&#8221;all&#8221;][\/et_pb_button][\/et_pb_column][et_pb_column type=&#8221;1_2&#8243; _builder_version=&#8221;4.7.7&#8243; _module_preset=&#8221;default&#8221;][et_pb_text _builder_version=&#8221;4.7.7&#8243; header_3_font=&#8221;||||||||&#8221; header_3_text_color=&#8221;#FFFFFF&#8221; background_color=&#8221;#76c0e0&#8243; custom_margin=&#8221;0px||||false|false&#8221; custom_padding=&#8221;7px||0px||false|false&#8221; hover_enabled=&#8221;0&#8243; border_radii=&#8221;on|3px|3px|3px|3px&#8221; sticky_enabled=&#8221;0&#8243;]<\/p>\n<h3 style=\"text-align: center;\">Defensora de los usuarios<\/h3>\n<p>[\/et_pb_text][et_pb_button button_url=&#8221;https:\/\/saludextremadura.ses.es\/defensorausuarios\/&#8221; url_new_window=&#8221;on&#8221; button_text=&#8221;Defensora de los Usuarios del Sistema Sanitario P\u00fablico de Extremadura&#8221; _builder_version=&#8221;4.7.7&#8243; custom_button=&#8221;on&#8221; button_text_size=&#8221;19px&#8221; button_text_color=&#8221;#0C71C3&#8243; button_border_width=&#8221;0px&#8221; button_border_color=&#8221;#00457a&#8221; button_font=&#8221;||||||||&#8221; button_icon=&#8221;%%372%%&#8221; button_icon_color=&#8221;#0c71c3&#8243; button_icon_placement=&#8221;left&#8221; button_on_hover=&#8221;off&#8221; custom_margin=&#8221;||0px|20px|false|false&#8221; saved_tabs=&#8221;all&#8221;][\/et_pb_button][\/et_pb_column][\/et_pb_row][et_pb_row _builder_version=&#8221;4.7.7&#8243; _module_preset=&#8221;default&#8221;][et_pb_column type=&#8221;4_4&#8243; _builder_version=&#8221;4.7.7&#8243; _module_preset=&#8221;default&#8221;][et_pb_text _builder_version=&#8221;4.7.7&#8243; header_3_font=&#8221;||||||||&#8221; header_3_text_color=&#8221;#FFFFFF&#8221; background_color=&#8221;#76c0e0&#8243; custom_margin=&#8221;0px||||false|false&#8221; custom_padding=&#8221;7px||0px||false|false&#8221; border_radii=&#8221;on|3px|3px|3px|3px&#8221;]<\/p>\n<h3 style=\"text-align: center;\">Reintegro de Aportaci\u00f3n Farmac\u00e9utica<\/h3>\n<p>[\/et_pb_text][\/et_pb_column][\/et_pb_row][et_pb_row column_structure=&#8221;1_2,1_2&#8243; _builder_version=&#8221;4.7.7&#8243; _module_preset=&#8221;default&#8221;][et_pb_column type=&#8221;1_2&#8243; _builder_version=&#8221;4.7.7&#8243; _module_preset=&#8221;default&#8221;][et_pb_text _builder_version=&#8221;4.7.7&#8243; _module_preset=&#8221;default&#8221; min_height=&#8221;606px&#8221; custom_padding=&#8221;||2px|||&#8221;]<\/p>\n<p style=\"text-align: justify;\">El Real Decreto-Ley 16\/2012, de 20 de abril, de medidas urgentes para garantizar la sostenibilidad del Sistema Nacional de Salud y mejorar la calidad y seguridad de sus prestaciones, introduce un nuevo art. 94 bis en la Ley 29\/2006, de 26 de julio, de garant\u00edas y uso racional de los medicamentos, donde se determina la aportaci\u00f3n de los beneficiarios en la prestaci\u00f3n farmac\u00e9utica ambulatoria, en funci\u00f3n de su nivel de renta.<\/p>\n<p style=\"text-align: justify;\">En particular, para las personas que ostenten la condici\u00f3n de pensionistas de la Seguridad Social y sus beneficiarios, si su renta anual es inferior a 18000 euros tendr\u00e1n un l\u00edmite m\u00e1ximo de aportaci\u00f3n mensual de 8,14 euros, si la renta es superior a 18000 euros e inferior a 100000, dicho l\u00edmite ser\u00e1 de 18,32 euros, y finalmente, si la renta fuera superior a 100000 euros el l\u00edmite m\u00e1ximo mensual ser\u00e1 de 61,08 euros.<\/p>\n<p style=\"text-align: justify;\">Por su parte, el apartado 7 de este nuevo art. 94 bis, establece que el exceso del l\u00edmite m\u00e1ximo mensual que realicen estos usuarios, ser\u00e1 objeto de reintegro por parte de la Comunidad Aut\u00f3noma correspondiente, con una periodicidad m\u00e1xima semestral.<\/p>\n<p style=\"text-align: justify;\">La Comunidad Aut\u00f3noma de Extremadura, a trav\u00e9s del Servicio Extreme\u00f1o de Salud, ha establecido los procedimientos necesarios para el reintegro del exceso del l\u00edmite m\u00e1ximo mensual que realicen los usuarios. Dichos procedimientos son los que a continuaci\u00f3n se especifican:<\/p>\n<p>[\/et_pb_text][\/et_pb_column][et_pb_column type=&#8221;1_2&#8243; _builder_version=&#8221;4.7.7&#8243; _module_preset=&#8221;default&#8221;][et_pb_text _builder_version=&#8221;4.7.7&#8243; _module_preset=&#8221;default&#8221; custom_margin=&#8221;-15px|||||&#8221;]<\/p>\n<ol>\n<li value=\"1.\" style=\"text-align: justify;\">El reintegro de las aportaciones de los usuarios pensionistas, tanto titulares como beneficiarios, se realizar\u00e1 de oficio con una periodicidad mensual, en la entidad financiera y cuenta bancaria en que tengan domiciliada su pensi\u00f3n o en cualesquiera otras de las cuales el Servicio Extreme\u00f1o de Salud tenga constancia fehaciente, \u00fanicamente en el caso de los medicamentos dispensados por las oficinas de farmacia y hayan sido prescritos por medios inform\u00e1ticos, bien sea en soporte papel o aquellos que se obtienen directamente a trav\u00e9s de la tarjeta sanitaria individual.En el caso que el Servicio Extreme\u00f1o de Salud no tuviera constancia de una cuenta bancaria, el usuario deber\u00e1 presentar documento de Alta a Terceros debidamente cumplimentado y sellado por la entidad bancaria.<\/li>\n<li style=\"text-align: justify;\">En el caso de medicamentos con receta manual, para proceder a la devoluci\u00f3n del exceso en la aportaci\u00f3n en la prestaci\u00f3n farmac\u00e9utica ambulatoria, ser\u00e1 necesario que el interesado presente la solicitud en el modelo normalizado de \u201cSOLICITUD MENSUAL REINTEGRO APORTACI\u00d3N FARMAC\u00c9UTICA\u201d, acompa\u00f1ado de la documentaci\u00f3n que en ella se indica.<\/li>\n<li style=\"text-align: justify;\">Para cualquier otro caso no incluido en los puntos anteriores, se utilizar\u00e1 la v\u00eda de solicitud de reintegro de gastos que ya estaba establecida por el Servicio Extreme\u00f1o de Salud. Tanto para la tramitaci\u00f3n de cualesquiera de los procedimientos anteriores, como para recabar informaci\u00f3n al respecto, los usuarios podr\u00e1n dirigirse a los Trabajadores Sociales que prestan servicio en los Centros de Salud de este \u00c1rea de Salud de Plasencia.<\/li>\n<\/ol>\n<p>[\/et_pb_text][\/et_pb_column][\/et_pb_row][et_pb_row column_structure=&#8221;1_2,1_2&#8243; _builder_version=&#8221;4.7.7&#8243; _module_preset=&#8221;default&#8221;][et_pb_column type=&#8221;1_2&#8243; _builder_version=&#8221;4.7.7&#8243; _module_preset=&#8221;default&#8221;][et_pb_button button_url=&#8221;https:\/\/www.boe.es\/boe\/dias\/2012\/04\/24\/pdfs\/BOE-A-2012-5403.pdf&#8221; url_new_window=&#8221;on&#8221; button_text=&#8221;Real Decreto-Ley 16\/2012, de medidas urgentes para garantizar la sostenibilidad del Sistema Nacional de Salud y mejorar la calidad y seguridad de sus prestaciones.&#8221; _builder_version=&#8221;4.7.7&#8243; custom_button=&#8221;on&#8221; button_text_size=&#8221;19px&#8221; button_text_color=&#8221;#0C71C3&#8243; button_border_width=&#8221;0px&#8221; button_border_color=&#8221;#00457a&#8221; button_font=&#8221;||||||||&#8221; button_icon=&#8221;%%372%%&#8221; button_icon_color=&#8221;#0c71c3&#8243; button_icon_placement=&#8221;left&#8221; button_on_hover=&#8221;off&#8221; custom_margin=&#8221;||0px|20px|false|false&#8221; saved_tabs=&#8221;all&#8221;][\/et_pb_button][\/et_pb_column][et_pb_column type=&#8221;1_2&#8243; _builder_version=&#8221;4.7.7&#8243; _module_preset=&#8221;default&#8221;][et_pb_button button_url=&#8221;https:\/\/www.boe.es\/eli\/es\/l\/2006\/07\/26\/29\/dof\/spa\/pdf&#8221; url_new_window=&#8221;on&#8221; button_text=&#8221;Ley 29\/2006 de garant\u00edas y uso racional de los medicamentos y productos sanitarios.&#8221; _builder_version=&#8221;4.7.7&#8243; custom_button=&#8221;on&#8221; button_text_size=&#8221;19px&#8221; button_text_color=&#8221;#0C71C3&#8243; button_border_width=&#8221;0px&#8221; button_border_color=&#8221;#00457a&#8221; button_font=&#8221;||||||||&#8221; button_icon=&#8221;%%372%%&#8221; button_icon_color=&#8221;#0c71c3&#8243; button_icon_placement=&#8221;left&#8221; button_on_hover=&#8221;off&#8221; custom_margin=&#8221;||0px|20px|false|false&#8221; saved_tabs=&#8221;all&#8221;][\/et_pb_button][\/et_pb_column][\/et_pb_row][\/et_pb_section]<\/p>\n","protected":false},"excerpt":{"rendered":"<p>[et_pb_section fb_built=&#8221;1&#8243; admin_label=&#8221;section&#8221; _builder_version=&#8221;3.22&#8243; custom_margin=&#8221;-8px||-39px|||&#8221;][et_pb_row _builder_version=&#8221;4.0.5&#8243; custom_margin=&#8221;-45px|auto||auto||&#8221; custom_padding=&#8221;||22px|||&#8221;][et_pb_column type=&#8221;4_4&#8243; _builder_version=&#8221;4.0.5&#8243;][et_pb_text _builder_version=&#8221;4.7.7&#8243; text_font=&#8221;||||||||&#8221; text_text_color=&#8221;#2b5183&#8243; text_font_size=&#8221;26px&#8221; custom_margin=&#8221;||5px|||&#8221; border_color_all=&#8221;#588cd0&#8243; border_width_bottom=&#8221;4px&#8221; border_color_bottom=&#8221;#5992c1&#8243; border_style_bottom=&#8221;solid&#8221;] Derechos y Deberes [\/et_pb_text][\/et_pb_column][\/et_pb_row][\/et_pb_section][et_pb_section fb_built=&#8221;1&#8243; admin_label=&#8221;section&#8221; _builder_version=&#8221;4.7.7&#8243; custom_margin=&#8221;0px||-39px||false|false&#8221; custom_padding=&#8221;0px||||false|false&#8221;][et_pb_row column_structure=&#8221;1_2,1_2&#8243; _builder_version=&#8221;4.7.7&#8243; _module_preset=&#8221;default&#8221; hover_enabled=&#8221;0&#8243; custom_margin=&#8221;||-25px||false|false&#8221; sticky_enabled=&#8221;0&#8243;][et_pb_column type=&#8221;1_2&#8243; _builder_version=&#8221;4.7.7&#8243; _module_preset=&#8221;default&#8221;][et_pb_text _builder_version=&#8221;4.7.7&#8243; header_3_font=&#8221;||||||||&#8221; header_3_text_color=&#8221;#FFFFFF&#8221; background_color=&#8221;#76c0e0&#8243; custom_margin=&#8221;0px||||false|false&#8221; custom_padding=&#8221;7px||0px||false|false&#8221; border_radii=&#8221;on|3px|3px|3px|3px&#8221;] Ley de Salud de Extremadura [\/et_pb_text][et_pb_button button_url=&#8221;https:\/\/doe.juntaex.es\/pdfs\/doe\/2001\/760o\/01010010.pdf&#8221; url_new_window=&#8221;on&#8221; button_text=&#8221;LEY 10\/2001, de &hellip; <a href=\"https:\/\/areasaludplasencia.es\/aspwp\/derechos-y-deberes\/\" class=\"more-link\">Seguir leyendo <span class=\"screen-reader-text\">Derechos y Deberes<\/span> <span class=\"meta-nav\">&rarr;<\/span><\/a><\/p>\n","protected":false},"author":1,"featured_media":0,"parent":0,"menu_order":0,"comment_status":"closed","ping_status":"closed","template":"page-templates\/full-width.php","meta":{"_et_pb_use_builder":"on","_et_pb_old_content":"<h1 style=\"color: #223650;\">Derechos y Deberes<\/h1>\r\n\r\n<hr style=\"border: 2px solid #588cd0;\" \/>\r\n<div id=\"base\">\r\n<div id=\"columna1\" style=\"float:left; width:47%\">\r\n<h3>Ley de Salud de Extremadura<\/h3>\r\n<p class=\"Estilo1\"><a href=\"http:\/\/doe.juntaex.es\/pdfs\/doe\/2001\/760O\/01010010.pdf\" target=\"_blank\"> <img src=\"http:\/\/www.areasaludplasencia.es\/wasp\/images\/verweb.png\" alt=\"Acceso a web\" align=\"middle\" border=\"0\" \/><\/a> \u00a0\u00a0LEY 10\/2001, de 28 de junio, de Salud de Extremadura<\/p>\r\n\r\n<ul class=\"Estilo1\">\r\n \t<li>art.10 \u00a0Titulares de los derechos y deberes<\/li>\r\n \t<li>art.11 \u00a0Derechos<\/li>\r\n \t<li>art.12 \u00a0Deberes<\/li>\r\n<\/ul>\r\n<h3>Programa de Visitas a Pacientes<\/h3>\r\n<table class=\"tablasinborde\" width=\"100%\">\r\n<tbody>\r\n<tr>\r\n<td align=\"center\" width=\"10%\"><a class=\"aLink1\" href=\"http:\/\/www.areasaludplasencia.es\/wasp\/pdfs\/2\/222001.pdf\" target=\"_blank\"> <img src=\"http:\/\/www.areasaludplasencia.es\/wasp\/images\/verpdf2.gif\" alt=\"Ver pdf\" align=\"bottom\" border=\"0\" \/><\/a><\/td>\r\n<td colspan=\"2\">Normas de visitas a pacientes en el Hospital Virgen del Puerto<\/td>\r\n<\/tr>\r\n<\/tbody>\r\n<\/table>\r\n<h3>Solicitud 2\u00aa Opini\u00f3n<\/h3>\r\n<table class=\"tablasinborde\" width=\"100%\">\r\n<tbody>\r\n<tr>\r\n<td align=\"center\" width=\"10%\"><a class=\"aLink1\" href=\"http:\/\/www.areasaludplasencia.es\/wasp\/pdfs\/2\/223001.pdf\" target=\"_blank\"> <img src=\"http:\/\/www.areasaludplasencia.es\/wasp\/images\/verpdf2.gif\" alt=\"Ver pdf\" align=\"bottom\" border=\"0\" \/><\/a><\/td>\r\n<td colspan=\"2\">Solicitud 2\u00aa opini\u00f3n m\u00e9dica<\/td>\r\n<\/tr>\r\n<\/tbody>\r\n<\/table>\r\n<h3>Libre elecci\u00f3n de m\u00e9dico<\/h3>\r\n<table class=\"tablasinborde\" width=\"100%\">\r\n<tbody>\r\n<tr>\r\n<td align=\"center\" width=\"10%\"><a class=\"aLink1\" href=\"http:\/\/www.areasaludplasencia.es\/wasp\/pdfs\/2\/224001.pdf\" target=\"_blank\"><img src=\"http:\/\/www.areasaludplasencia.es\/wasp\/images\/verpdf2.gif\" alt=\"Ver pdf\" align=\"bottom\" border=\"0\" \/><\/a><\/td>\r\n<td colspan=\"2\">Solicitud de Libre Elecci\u00f3n de M\u00e9dico, Servicio y Centro de Atenci\u00f3n Primaria<\/td>\r\n<\/tr>\r\n<\/tbody>\r\n<\/table>\r\n<h3>Ley de Tiempo de respuesta<\/h3>\r\n<table class=\"tablasinborde\" width=\"100%\">\r\n<tbody>\r\n<tr>\r\n<td align=\"center\" valign=\"top\" width=\"10%\"><a class=\"aLink1\" href=\"http:\/\/doe.juntaex.es\/pdfs\/doe\/2005\/780O\/05010002.pdf\" target=\"_blank\"> <img src=\"http:\/\/www.areasaludplasencia.es\/wasp\/images\/verpdf2.gif\" alt=\"Ver pdf\" align=\"bottom\" border=\"0\" \/><\/a><\/td>\r\n<td colspan=\"2\">LEY 1\/2005, de 24 de junio, de tiempos de respuesta en la atenci\u00f3n sanitaria especializada del Sistema Sanitario P\u00fablico de Extremadura<\/td>\r\n<\/tr>\r\n<\/tbody>\r\n<\/table>\r\n<h3>Expresi\u00f3n Anticipada de Voluntades<\/h3>\r\n<table class=\"tablasinborde\" width=\"100%\">\r\n<tbody>\r\n<tr>\r\n<td align=\"center\" valign=\"top\" width=\"10%\"><a class=\"aLink1\" href=\"http:\/\/www.juntaex.es\/consejerias\/sanidad-dependencia\/common\/documentos_pdf\/folleto_ultimas_voluntades.pdf\" target=\"_blank\"><img src=\"http:\/\/www.areasaludplasencia.es\/wasp\/images\/verpdf2.gif\" alt=\"Ver pdf\" align=\"bottom\" border=\"0\" \/><\/a><\/td>\r\n<td colspan=\"2\">Documento de Expresi\u00f3n Anticipada de Voluntades<\/td>\r\n<\/tr>\r\n<\/tbody>\r\n<\/table>\r\n<\/div>\r\n<div id=\"columna2\" style=\"float:right; width:47%\">\r\n<h3>Reintegro de Aportaci\u00f3n Farmac\u00e9utica<\/h3>\r\nEl Real Decreto-Ley 16\/2012, de 20 de abril, de medidas urgentes para garantizar la sostenibilidad del Sistema Nacional de Salud y mejorar la calidad y seguridad de sus prestaciones, introduce un nuevo art. 94 bis en la Ley 29\/2006, de 26 de julio, de garant\u00edas y uso racional de los medicamentos, donde se determina la aportaci\u00f3n de los beneficiarios en la prestaci\u00f3n farmac\u00e9utica ambulatoria, en funci\u00f3n de su nivel de renta.\r\n\r\nEn particular, para las personas que ostenten la condici\u00f3n de pensionistas de la Seguridad Social y sus beneficiarios, si su renta anual es inferior a 18000 euros tendr\u00e1n un l\u00edmite m\u00e1ximo de aportaci\u00f3n mensual de 8,14 euros, si la renta es superior a 18000 euros e inferior a 100000, dicho l\u00edmite ser\u00e1 de 18,32 euros, y finalmente, si la renta fuera superior a 100000 euros el l\u00edmite m\u00e1ximo mensual ser\u00e1 de 61,08 euros.\r\n\r\nPor su parte, el apartado 7 de este nuevo art. 94 bis, establece que el exceso del l\u00edmite m\u00e1ximo mensual que realicen estos usuarios, ser\u00e1 objeto de reintegro por parte de la Comunidad Aut\u00f3noma correspondiente, con una periodicidad m\u00e1xima semestral.\r\n\r\nLa Comunidad Aut\u00f3noma de Extremadura, a trav\u00e9s del Servicio Extreme\u00f1o de Salud, ha establecido los procedimientos necesarios para el reintegro del exceso del l\u00edmite m\u00e1ximo mensual que realicen los usuarios. Dichos procedimientos son los que a continuaci\u00f3n se especifican:\r\n<ol>\r\n \t<li value=\"1.\">El reintegro de las aportaciones de los usuarios pensionistas, tanto titulares como beneficiarios, se realizar\u00e1 de oficio con una periodicidad mensual, en la entidad financiera y cuenta bancaria en que tengan domiciliada su pensi\u00f3n o en cualesquiera otras de las cuales el Servicio Extreme\u00f1o de Salud tenga constancia fehaciente, \u00fanicamente en el caso de los medicamentos dispensados por las oficinas de farmacia y hayan sido prescritos por medios inform\u00e1ticos, bien sea en soporte papel o aquellos que se obtienen directamente a trav\u00e9s de la tarjeta sanitaria individual.En el caso que el Servicio Extreme\u00f1o de Salud no tuviera constancia de una cuenta bancaria, el usuario deber\u00e1 presentar documento de Alta a Terceros debidamente cumplimentado y sellado por la entidad bancaria.<\/li>\r\n \t<li>En el caso de medicamentos con receta manual, para proceder a la devoluci\u00f3n del exceso en la aportaci\u00f3n en la prestaci\u00f3n farmac\u00e9utica ambulatoria, ser\u00e1 necesario que el interesado presente la solicitud en el modelo normalizado de \u201cSOLICITUD MENSUAL REINTEGRO APORTACI\u00d3N FARMAC\u00c9UTICA\u201d, acompa\u00f1ado de la documentaci\u00f3n que en ella se indica.<\/li>\r\n \t<li>Para cualquier otro caso no incluido en los puntos anteriores, se utilizar\u00e1 la v\u00eda de solicitud de reintegro de gastos que ya estaba establecida por el Servicio Extreme\u00f1o de Salud. Tanto para la tramitaci\u00f3n de cualesquiera de los procedimientos anteriores, como para recabar informaci\u00f3n al respecto, los usuarios podr\u00e1n dirigirse a los Trabajadores Sociales que prestan servicio en los Centros de Salud de este \u00c1rea de Salud de Plasencia.<\/li>\r\n<\/ol>\r\n<table class=\"tablasinborde\" width=\"50%\" align=\"center\">\r\n<tbody>\r\n<tr>\r\n<td align=\"center\" valign=\"top\" width=\"10%\"><a class=\"aLink1\" href=\"http:\/\/www.areasaludplasencia.es\/wasp\/3\/p328.php\" target=\"_blank\"> <img src=\"http:\/\/www.areasaludplasencia.es\/wasp\/images\/verpdf2.gif\" alt=\"Ver pdf\" align=\"bottom\" border=\"0\" \/><\/a><\/td>\r\n<td colspan=\"2\">Solicitud y m\u00e1s informaci\u00f3n<\/td>\r\n<\/tr>\r\n<\/tbody>\r\n<\/table>\r\n<\/div>\r\n<\/div>","_et_gb_content_width":""},"_links":{"self":[{"href":"https:\/\/areasaludplasencia.es\/aspwp\/wp-json\/wp\/v2\/pages\/182"}],"collection":[{"href":"https:\/\/areasaludplasencia.es\/aspwp\/wp-json\/wp\/v2\/pages"}],"about":[{"href":"https:\/\/areasaludplasencia.es\/aspwp\/wp-json\/wp\/v2\/types\/page"}],"author":[{"embeddable":true,"href":"https:\/\/areasaludplasencia.es\/aspwp\/wp-json\/wp\/v2\/users\/1"}],"replies":[{"embeddable":true,"href":"https:\/\/areasaludplasencia.es\/aspwp\/wp-json\/wp\/v2\/comments?post=182"}],"version-history":[{"count":25,"href":"https:\/\/areasaludplasencia.es\/aspwp\/wp-json\/wp\/v2\/pages\/182\/revisions"}],"predecessor-version":[{"id":5641,"href":"https:\/\/areasaludplasencia.es\/aspwp\/wp-json\/wp\/v2\/pages\/182\/revisions\/5641"}],"wp:attachment":[{"href":"https:\/\/areasaludplasencia.es\/aspwp\/wp-json\/wp\/v2\/media?parent=182"}],"curies":[{"name":"wp","href":"https:\/\/api.w.org\/{rel}","templated":true}]}}