{"id":144,"date":"2017-03-05T09:04:59","date_gmt":"2017-03-05T09:04:59","guid":{"rendered":"http:\/\/areasaludplasencia.es\/aspwp\/?page_id=144"},"modified":"2019-11-25T12:23:51","modified_gmt":"2019-11-25T12:23:51","slug":"calidad","status":"publish","type":"page","link":"https:\/\/areasaludplasencia.es\/aspwp\/calidad\/","title":{"rendered":"Calidad_X"},"content":{"rendered":"<p>[et_pb_section fb_built=&#8221;1&#8243; _builder_version=&#8221;4.0.5&#8243;][et_pb_row _builder_version=&#8221;4.0.5&#8243;][et_pb_column type=&#8221;4_4&#8243; _builder_version=&#8221;4.0.5&#8243;][et_pb_code _builder_version=&#8221;4.0.5&#8243; hover_enabled=&#8221;0&#8243;]\t<\/p>\n<div id=\"central\" style=\"height:746px\" class=\"contenidoCentral\"><!-- [et_pb_line_break_holder] --><!-- [et_pb_line_break_holder] -->\t<\/p>\n<div id=\"tituloPpal\">CALIDAD<\/div>\n<p><!\u2013- [et_pb_br_holder] -\u2013><!\u2013- [et_pb_br_holder] -\u2013><!\u2013- [et_pb_br_holder] -\u2013><!-- [et_pb_line_break_holder] --><!-- [et_pb_line_break_holder] -->\t<\/p>\n<div id=\"tituloTexto\" style=\"margin-top:20px; width:100%\">MISI\u00d3N, VISI\u00d3N Y VALORES DE LA UNIDAD DE CALIDAD<\/div>\n<p><!-- [et_pb_line_break_holder] --><!-- [et_pb_line_break_holder] -->\t<pee class=\"texto\" style=\"padding:20px\">La raz\u00f3n de ser de la Unidad de Calidad del \u00c1rea de Plasencia consiste en ayudar a mejorar todos los procesos del \u00e1rea,<!-- [et_pb_line_break_holder] -->       mediante actuaciones favorecedoras que incorporen valor a\u00f1adido a la actividad sanitaria.<!\u2013- [et_pb_br_holder] -\u2013><!-- [et_pb_line_break_holder] -->       Pretendemos alcanzar dichos objetivos mediante la Mejora Continua de la Calidad: con el desarrollo cient\u00edfico-t\u00e9cnico<!-- [et_pb_line_break_holder] -->       de la atenci\u00f3n prestada en nuestros centros y servicios sanitarios; con el acrecentamiento de la satisfacci\u00f3n de las<!-- [et_pb_line_break_holder] -->       necesidades de pacientes, familiares y usuarios en general.<!\u2013- [et_pb_br_holder] -\u2013><!-- [et_pb_line_break_holder] -->       Y todo ello en un marco de optimizaci\u00f3n de la calidad laboral de los trabajadores del \u00e1rea, desde la perspectiva de la<!-- [et_pb_line_break_holder] -->       colaboraci\u00f3n, la promoci\u00f3n y el bienestar, tanto individual como colectivo.<\/pee><!-- [et_pb_line_break_holder] --><!-- [et_pb_line_break_holder] -->\t<\/p>\n<div id=\"tituloTexto\" style=\"margin-top:20px; width:100%\">ORGANIGRAMA<\/div>\n<p><!\u2013- [et_pb_br_holder] -\u2013><!-- [et_pb_line_break_holder] --><!-- [et_pb_line_break_holder] -->    <\/p>\n<table width=\"75%\" class=\"texto\" align=\"center\"><!-- [et_pb_line_break_holder] -->    \t<\/p>\n<tr>\n<td valign=\"middle\">Coordinador de Calidad<!\u2013- [et_pb_br_holder] -\u2013>Secretario de la Unidad<!\u2013- [et_pb_br_holder] -\u2013>\u00a0<\/td>\n<p><!-- [et_pb_line_break_holder] -->    \t\t<\/p>\n<td valign=\"middle\">\n<ul><!-- [et_pb_line_break_holder] -->\t\t\t\t    \t\t\t\t<\/p>\n<li>Unidad de Calidad.<\/li>\n<p><!-- [et_pb_line_break_holder] -->\t\t\t\t\t\t\t        <\/p>\n<li>Oficina de Procesos.<\/li>\n<p><!-- [et_pb_line_break_holder] -->\t\t\t\t\t\t\t        <\/p>\n<li>Oficina de Gesti\u00f3n de Riesgos.<\/li>\n<p><!-- [et_pb_line_break_holder] -->\t\t\t\t\t\t\t        <\/p>\n<li>Oficina de MBE.<\/li>\n<p><!-- [et_pb_line_break_holder] -->\t\t\t\t\t\t\t    <\/ul>\n<p><!-- [et_pb_line_break_holder] -->            <\/td>\n<p><!-- [et_pb_line_break_holder] -->        <\/tr>\n<p>    <!-- [et_pb_line_break_holder] -->    <\/table>\n<p><!-- [et_pb_line_break_holder] --><!-- [et_pb_line_break_holder] -->\t<\/p>\n<div id=\"tituloTexto\" style=\"margin-top:20px; width:100%\">Ubicaci\u00f3n y Contacto:<\/div>\n<p><!-- [et_pb_line_break_holder] -->   <!-- [et_pb_line_break_holder] -->\t<pee class=\"texto\" style=\"padding:20px\">Coordinador: Gabriel Mart\u00edn Clemente<!\u2013- [et_pb_br_holder] -\u2013><!-- [et_pb_line_break_holder] -->                                          Secretario: \u00a0\u00a0Cecilio Luis del Mazo Mart\u00ednez<!\u2013- [et_pb_br_holder] -\u2013><!\u2013- [et_pb_br_holder] -\u2013><!-- [et_pb_line_break_holder] -->                                          Hospital Virgen del Puerto &#8211; Planta 3\u00aa<!\u2013- [et_pb_br_holder] -\u2013><!-- [et_pb_line_break_holder] --> \t                                      Tel: 927 428 300 ext. 78386<!\u2013- [et_pb_br_holder] -\u2013><!-- [et_pb_line_break_holder] -->\t                        \t\t\t  <b class=\"aLink1\">ucalid.hvpt@salud-juntaex.es<\/b><!-- [et_pb_line_break_holder] -->    <\/pee><!-- [et_pb_line_break_holder] --><!-- [et_pb_line_break_holder] --><\/div>\n<p><!-- #central -->[\/et_pb_code][\/et_pb_column][\/et_pb_row][\/et_pb_section]<\/p>\n","protected":false},"excerpt":{"rendered":"<p>[et_pb_section fb_built=&#8221;1&#8243; _builder_version=&#8221;4.0.5&#8243;][et_pb_row _builder_version=&#8221;4.0.5&#8243;][et_pb_column type=&#8221;4_4&#8243; _builder_version=&#8221;4.0.5&#8243;][et_pb_code _builder_version=&#8221;4.0.5&#8243; hover_enabled=&#8221;0&#8243;] CALIDAD MISI\u00d3N, VISI\u00d3N Y VALORES DE LA UNIDAD DE CALIDAD La raz\u00f3n de ser de la Unidad de Calidad del \u00c1rea de Plasencia consiste en ayudar a mejorar todos los procesos del \u00e1rea, mediante actuaciones favorecedoras que incorporen valor a\u00f1adido a la actividad sanitaria. Pretendemos alcanzar dichos &hellip; <a href=\"https:\/\/areasaludplasencia.es\/aspwp\/calidad\/\" class=\"more-link\">Seguir leyendo <span class=\"screen-reader-text\">Calidad_X<\/span> <span class=\"meta-nav\">&rarr;<\/span><\/a><\/p>\n","protected":false},"author":1,"featured_media":0,"parent":0,"menu_order":0,"comment_status":"closed","ping_status":"closed","template":"page-templates\/full-width.php","meta":{"_et_pb_use_builder":"on","_et_pb_old_content":"","_et_gb_content_width":""},"_links":{"self":[{"href":"https:\/\/areasaludplasencia.es\/aspwp\/wp-json\/wp\/v2\/pages\/144"}],"collection":[{"href":"https:\/\/areasaludplasencia.es\/aspwp\/wp-json\/wp\/v2\/pages"}],"about":[{"href":"https:\/\/areasaludplasencia.es\/aspwp\/wp-json\/wp\/v2\/types\/page"}],"author":[{"embeddable":true,"href":"https:\/\/areasaludplasencia.es\/aspwp\/wp-json\/wp\/v2\/users\/1"}],"replies":[{"embeddable":true,"href":"https:\/\/areasaludplasencia.es\/aspwp\/wp-json\/wp\/v2\/comments?post=144"}],"version-history":[{"count":7,"href":"https:\/\/areasaludplasencia.es\/aspwp\/wp-json\/wp\/v2\/pages\/144\/revisions"}],"predecessor-version":[{"id":2509,"href":"https:\/\/areasaludplasencia.es\/aspwp\/wp-json\/wp\/v2\/pages\/144\/revisions\/2509"}],"wp:attachment":[{"href":"https:\/\/areasaludplasencia.es\/aspwp\/wp-json\/wp\/v2\/media?parent=144"}],"curies":[{"name":"wp","href":"https:\/\/api.w.org\/{rel}","templated":true}]}}