{"id":1335,"date":"2017-04-20T09:25:17","date_gmt":"2017-04-20T09:25:17","guid":{"rendered":"http:\/\/areasaludplasencia.es\/aspwp\/?page_id=1335"},"modified":"2026-04-23T11:22:26","modified_gmt":"2026-04-23T11:22:26","slug":"formacion-2","status":"publish","type":"page","link":"https:\/\/areasaludplasencia.es\/aspwp\/formacion-2\/","title":{"rendered":"Formaci\u00f3n"},"content":{"rendered":"<p>[et_pb_section fb_built=&#8221;1&#8243; admin_label=&#8221;section&#8221; _builder_version=&#8221;4.0.5&#8243; custom_margin=&#8221;0px||||false|false&#8221; custom_padding=&#8221;0px||10px||false|false&#8221;][et_pb_row _builder_version=&#8221;4.7.7&#8243; min_height=&#8221;34.1px&#8221; custom_margin=&#8221;0px||-20px||false|false&#8221; custom_padding=&#8221;||||false|false&#8221;][et_pb_column type=&#8221;4_4&#8243; _builder_version=&#8221;4.0.5&#8243;][et_pb_text _builder_version=&#8221;4.0.5&#8243; text_font=&#8221;||||||||&#8221; text_text_color=&#8221;#2b5183&#8243; text_font_size=&#8221;26px&#8221; custom_margin=&#8221;||0px||false|false&#8221; border_color_all=&#8221;#588cd0&#8243; border_width_bottom=&#8221;4px&#8221; border_color_bottom=&#8221;#5992c1&#8243; border_style_bottom=&#8221;solid&#8221;]<\/p>\n<p>Formaci\u00f3n &#8211; Sesiones<\/p>\n<p>[\/et_pb_text][et_pb_text disabled_on=&#8221;on|on|on&#8221; _builder_version=&#8221;4.7.7&#8243; _module_preset=&#8221;default&#8221; custom_margin=&#8221;||-1px||false|false&#8221; disabled=&#8221;on&#8221;]<\/p>\n<h6 style=\"text-align: right;\"><span style=\"color: #ff6600;\">(S\u00f3lo profesionales SES)<\/span><\/h6>\n<p>[\/et_pb_text][\/et_pb_column][\/et_pb_row][\/et_pb_section][et_pb_section fb_built=&#8221;1&#8243; _builder_version=&#8221;4.7.7&#8243; _module_preset=&#8221;default&#8221; min_height=&#8221;3986.4px&#8221; custom_margin=&#8221;-10px||||false|false&#8221; custom_padding=&#8221;10px||11px|||&#8221;][et_pb_row column_structure=&#8221;1_2,1_2&#8243; _builder_version=&#8221;4.7.7&#8243; _module_preset=&#8221;default&#8221; min_height=&#8221;296.8px&#8221; custom_margin=&#8221;20px||||false|false&#8221; custom_padding=&#8221;0px||||false|false&#8221; hover_enabled=&#8221;0&#8243; sticky_enabled=&#8221;0&#8243;][et_pb_column type=&#8221;1_2&#8243; _builder_version=&#8221;4.7.7&#8243; _module_preset=&#8221;default&#8221;][et_pb_blurb title=&#8221;PACIENTE con DIABETES y ENFERMEDAD ARTERIOSCLER\u00d3TICA&#8221; url_new_window=&#8221;on&#8221; image=&#8221;https:\/\/areasaludplasencia.es\/aspwp\/wp-content\/uploads\/2026\/04\/260417.png&#8221; _builder_version=&#8221;4.7.7&#8243; _module_preset=&#8221;default&#8221; header_text_align=&#8221;center&#8221; body_text_align=&#8221;left&#8221; custom_padding=&#8221;|||0px|false|false&#8221; link_option_url=&#8221;https:\/\/areasaludplasencia.es\/docs\/sesiones\/ses-plasencia-sesion-260417.mp4&#8243; link_option_url_new_window=&#8221;on&#8221; hover_enabled=&#8221;0&#8243; border_width_all_image=&#8221;1px&#8221; border_color_all_image=&#8221;#000000&#8243; title_text=&#8221;260417&#8243; sticky_enabled=&#8221;0&#8243;]<\/p>\n<p style=\"text-align: center;\">Jes\u00fas M. Mor\u00e1n L\u00f3pez<\/p>\n<p style=\"text-align: center;\">Servicio de Endocrinolog\u00eda<br \/> Hospital Virgen del Puerto \u00b7 Plasencia \u00b7 SES<\/p>\n<p style=\"text-align: center;\">17 de abril de 2026<\/p>\n<p>[\/et_pb_blurb][\/et_pb_column][et_pb_column type=&#8221;1_2&#8243; _builder_version=&#8221;4.7.7&#8243; _module_preset=&#8221;default&#8221;][et_pb_blurb title=&#8221;ABC del CHOQUE CARDIOG\u00c9NICO EN PEDIATRIA&#8221; url_new_window=&#8221;on&#8221; image=&#8221;https:\/\/areasaludplasencia.es\/aspwp\/wp-content\/uploads\/2026\/04\/260410.png&#8221; _builder_version=&#8221;4.7.7&#8243; _module_preset=&#8221;default&#8221; header_text_align=&#8221;center&#8221; body_text_align=&#8221;left&#8221; custom_padding=&#8221;|||0px|false|false&#8221; link_option_url=&#8221;https:\/\/areasaludplasencia.es\/docs\/sesiones\/ses-plasencia-sesion-260410.mp4&#8243; link_option_url_new_window=&#8221;on&#8221; border_width_all_image=&#8221;1px&#8221; border_color_all_image=&#8221;#000000&#8243; disabled_on=&#8221;on|on|on&#8221; disabled=&#8221;on&#8221;]<\/p>\n<p style=\"text-align: center;\">Daniel Fern\u00e1ndez Casanova<\/p>\n<p style=\"text-align: center;\">Facultativo Especialista de Pediatr\u00eda<br \/> Hospital Virgen del Puerto \u00b7 Plasencia \u00b7 SES<\/p>\n<p style=\"text-align: center;\">10 de abril de 2026<\/p>\n<p>[\/et_pb_blurb][\/et_pb_column][\/et_pb_row][et_pb_row column_structure=&#8221;1_2,1_2&#8243; _builder_version=&#8221;4.7.7&#8243; _module_preset=&#8221;default&#8221; min_height=&#8221;296.8px&#8221; custom_margin=&#8221;20px||||false|false&#8221; custom_padding=&#8221;0px||||false|false&#8221;][et_pb_column type=&#8221;1_2&#8243; _builder_version=&#8221;4.7.7&#8243; _module_preset=&#8221;default&#8221;][et_pb_blurb title=&#8221;M\u00e1s que una curva: Gu\u00eda de supervivencia sobre la V\u00eda Arterial&#8221; url_new_window=&#8221;on&#8221; image=&#8221;https:\/\/areasaludplasencia.es\/aspwp\/wp-content\/uploads\/2026\/04\/260414.png&#8221; _builder_version=&#8221;4.7.7&#8243; _module_preset=&#8221;default&#8221; header_text_align=&#8221;center&#8221; body_text_align=&#8221;left&#8221; custom_padding=&#8221;|||0px|false|false&#8221; link_option_url=&#8221;https:\/\/areasaludplasencia.es\/docs\/sesiones\/ses-plasencia-sesion-260414.mp4&#8243; link_option_url_new_window=&#8221;on&#8221; hover_enabled=&#8221;0&#8243; border_width_all_image=&#8221;1px&#8221; border_color_all_image=&#8221;#000000&#8243; title_text=&#8221;260414&#8243; sticky_enabled=&#8221;0&#8243;]<\/p>\n<p style=\"text-align: center;\">Daniel Pic\u00f3n Ramos<\/p>\n<p style=\"text-align: center;\">Unidad de Cuidados Intensivos<br \/> Hospital Virgen del Puerto \u00b7 Plasencia \u00b7 SES<\/p>\n<p style=\"text-align: center;\">14 de abril de 2026<\/p>\n<p>[\/et_pb_blurb][\/et_pb_column][et_pb_column type=&#8221;1_2&#8243; _builder_version=&#8221;4.7.7&#8243; _module_preset=&#8221;default&#8221;][et_pb_blurb title=&#8221;ABC del CHOQUE CARDIOG\u00c9NICO EN PEDIATRIA&#8221; url_new_window=&#8221;on&#8221; image=&#8221;https:\/\/areasaludplasencia.es\/aspwp\/wp-content\/uploads\/2026\/04\/260410.png&#8221; _builder_version=&#8221;4.7.7&#8243; _module_preset=&#8221;default&#8221; header_text_align=&#8221;center&#8221; body_text_align=&#8221;left&#8221; custom_padding=&#8221;|||0px|false|false&#8221; link_option_url=&#8221;https:\/\/areasaludplasencia.es\/docs\/sesiones\/ses-plasencia-sesion-260410.mp4&#8243; link_option_url_new_window=&#8221;on&#8221; border_width_all_image=&#8221;1px&#8221; border_color_all_image=&#8221;#000000&#8243;]<\/p>\n<p style=\"text-align: center;\">Daniel Fern\u00e1ndez Casanova<\/p>\n<p style=\"text-align: center;\">Facultativo Especialista de Pediatr\u00eda<br \/> Hospital Virgen del Puerto \u00b7 Plasencia \u00b7 SES<\/p>\n<p style=\"text-align: center;\">10 de abril de 2026<\/p>\n<p>[\/et_pb_blurb][\/et_pb_column][\/et_pb_row][et_pb_row column_structure=&#8221;1_2,1_2&#8243; _builder_version=&#8221;4.7.7&#8243; _module_preset=&#8221;default&#8221; min_height=&#8221;296.8px&#8221; custom_margin=&#8221;20px||||false|false&#8221; custom_padding=&#8221;0px||||false|false&#8221;][et_pb_column type=&#8221;1_2&#8243; _builder_version=&#8221;4.7.7&#8243; _module_preset=&#8221;default&#8221;][et_pb_blurb title=&#8221;AISLAMIENTO INVERSO Y CUIDADOS DE ENFERMER\u00cdA EN PACIENTES INMUNODEPRIMIDOS&#8221; url_new_window=&#8221;on&#8221; image=&#8221;https:\/\/areasaludplasencia.es\/aspwp\/wp-content\/uploads\/2026\/04\/260408.png&#8221; _builder_version=&#8221;4.7.7&#8243; _module_preset=&#8221;default&#8221; header_text_align=&#8221;center&#8221; body_text_align=&#8221;left&#8221; custom_padding=&#8221;|||0px|false|false&#8221; link_option_url=&#8221;https:\/\/areasaludplasencia.es\/docs\/sesiones\/ses-plasencia-sesion-260408.mp4&#8243; link_option_url_new_window=&#8221;on&#8221; border_width_all_image=&#8221;1px&#8221; border_color_all_image=&#8221;#000000&#8243;]<\/p>\n<p style=\"text-align: center;\">Emilia Pardal de la Mano<\/p>\n<p style=\"text-align: center;\">Servicio de Hematolog\u00eda y Hemoterapia<br \/> Hospital Virgen del Puerto \u00b7 Plasencia \u00b7 SES<\/p>\n<p style=\"text-align: center;\">8 de abril de 2026<\/p>\n<p>[\/et_pb_blurb][\/et_pb_column][et_pb_column type=&#8221;1_2&#8243; _builder_version=&#8221;4.7.7&#8243; _module_preset=&#8221;default&#8221;][et_pb_blurb title=&#8221;Las heridas que hacemos: M.A.R.S.I.&#8221; url_new_window=&#8221;on&#8221; image=&#8221;https:\/\/areasaludplasencia.es\/aspwp\/wp-content\/uploads\/2026\/03\/heridas-marsi.jpg&#8221; disabled_on=&#8221;off|off|off&#8221; _builder_version=&#8221;4.7.7&#8243; _module_preset=&#8221;default&#8221; header_text_align=&#8221;center&#8221; body_text_align=&#8221;left&#8221; custom_padding=&#8221;|||0px|false|false&#8221; link_option_url=&#8221;https:\/\/areasaludplasencia.es\/docs\/sesiones\/ses-plasencia-sesion-260317-heridas-marsi.mp4&#8243; link_option_url_new_window=&#8221;on&#8221; border_width_all_image=&#8221;1px&#8221; border_color_all_image=&#8221;#000000&#8243;]<\/p>\n<p style=\"text-align: center;\">Alicia Redondo Ant\u00f3n<\/p>\n<p style=\"text-align: center;\">Enfermera \u00b7 Geriatr\u00eda y Especialidades m\u00e9dicas<br \/> Hospital Virgen del Puerto \u00b7 Plasencia \u00b7 SES<\/p>\n<p style=\"text-align: center;\">17 de marzo de 2026<\/p>\n<p>[\/et_pb_blurb][\/et_pb_column][\/et_pb_row][et_pb_row column_structure=&#8221;1_2,1_2&#8243; _builder_version=&#8221;4.7.7&#8243; _module_preset=&#8221;default&#8221; min_height=&#8221;296.8px&#8221; custom_margin=&#8221;20px||||false|false&#8221; custom_padding=&#8221;0px||||false|false&#8221;][et_pb_column type=&#8221;1_2&#8243; _builder_version=&#8221;4.7.7&#8243; _module_preset=&#8221;default&#8221;][et_pb_blurb title=&#8221;Biomec\u00e1nica del Parto&#8221; url_new_window=&#8221;on&#8221; image=&#8221;https:\/\/areasaludplasencia.es\/aspwp\/wp-content\/uploads\/2026\/03\/biomecanica-parto.jpg&#8221; _builder_version=&#8221;4.7.7&#8243; _module_preset=&#8221;default&#8221; header_text_align=&#8221;center&#8221; body_text_align=&#8221;left&#8221; custom_padding=&#8221;|||0px|false|false&#8221; link_option_url=&#8221;https:\/\/areasaludplasencia.es\/docs\/sesiones\/ses-plasencia-sesion-260310-biomecanica-parto.mp4&#8243; link_option_url_new_window=&#8221;on&#8221; border_width_all_image=&#8221;1px&#8221; border_color_all_image=&#8221;#000000&#8243;]<\/p>\n<p style=\"text-align: center;\">Juan Carlos Garc\u00eda Noya<\/p>\n<p style=\"text-align: center;\">Matrona<br \/> Hospital Virgen del Puerto \u00b7 Plasencia \u00b7 SES<\/p>\n<p style=\"text-align: center;\">10 de marzo de 2026<\/p>\n<p>[\/et_pb_blurb][\/et_pb_column][et_pb_column type=&#8221;1_2&#8243; _builder_version=&#8221;4.7.7&#8243; _module_preset=&#8221;default&#8221;][et_pb_blurb title=&#8221;A prop\u00f3sito de un caso: S\u00edndrome de Heyde&#8221; url_new_window=&#8221;on&#8221; image=&#8221;https:\/\/areasaludplasencia.es\/aspwp\/wp-content\/uploads\/2025\/02\/ses-plasencia-sesiones-clinicas-web.jpg&#8221; disabled_on=&#8221;off|off|off&#8221; _builder_version=&#8221;4.7.7&#8243; _module_preset=&#8221;default&#8221; header_text_align=&#8221;center&#8221; body_text_align=&#8221;left&#8221; custom_padding=&#8221;|||0px|false|false&#8221; link_option_url=&#8221;https:\/\/areasaludplasencia.es\/docs\/sesiones\/ses-plasencia-sesion-260306-geriatria.mp4&#8243; link_option_url_new_window=&#8221;on&#8221; border_width_all_image=&#8221;1px&#8221; border_color_all_image=&#8221;#000000&#8243;]<\/p>\n<p style=\"text-align: center;\">Ana Jimena P\u00e1ez D\u00edaz<\/p>\n<p style=\"text-align: center;\">MIR Geriatr\u00eda<br \/>Hospital Virgen del Puerto \u00b7 Plasencia \u00b7 SES<\/p>\n<p style=\"text-align: center;\">6 de marzo de 2026<\/p>\n<p>[\/et_pb_blurb][\/et_pb_column][\/et_pb_row][et_pb_row column_structure=&#8221;1_2,1_2&#8243; _builder_version=&#8221;4.7.7&#8243; _module_preset=&#8221;default&#8221; min_height=&#8221;296.8px&#8221; custom_margin=&#8221;20px||||false|false&#8221; custom_padding=&#8221;0px||||false|false&#8221;][et_pb_column type=&#8221;1_2&#8243; _builder_version=&#8221;4.7.7&#8243; _module_preset=&#8221;default&#8221;][et_pb_blurb title=&#8221;Protocolo de Atenci\u00f3n del Reci\u00e9n Nacido Prematuro Extremo y Muy Prematuro&#8221; url_new_window=&#8221;on&#8221; image=&#8221;https:\/\/areasaludplasencia.es\/aspwp\/wp-content\/uploads\/2026\/03\/prematuro.jpg&#8221; _builder_version=&#8221;4.7.7&#8243; _module_preset=&#8221;default&#8221; header_text_align=&#8221;center&#8221; body_text_align=&#8221;left&#8221; custom_padding=&#8221;|||0px|false|false&#8221; link_option_url=&#8221;https:\/\/areasaludplasencia.es\/docs\/sesiones\/ses-plasencia-sesion-260303-prematuro.mp4&#8243; link_option_url_new_window=&#8221;on&#8221; border_width_all_image=&#8221;1px&#8221; border_color_all_image=&#8221;#000000&#8243;]<\/p>\n<p style=\"text-align: center;\">M\u00aa Carmen Serrano Moreno<\/p>\n<p style=\"text-align: center;\">Enfermera Unidad de Pediatr\u00eda<br \/> Hospital Virgen del Puerto \u00b7 Plasencia \u00b7 SES<\/p>\n<p style=\"text-align: center;\">3 de marzo de 2026<\/p>\n<p>[\/et_pb_blurb][\/et_pb_column][et_pb_column type=&#8221;1_2&#8243; _builder_version=&#8221;4.7.7&#8243; _module_preset=&#8221;default&#8221;][et_pb_blurb title=&#8221;Sistema de Apoyos a las Personas con Discapacidad&#8221; url_new_window=&#8221;on&#8221; image=&#8221;https:\/\/areasaludplasencia.es\/aspwp\/wp-content\/uploads\/2026\/02\/discapacidad.jpg&#8221; _builder_version=&#8221;4.7.7&#8243; _module_preset=&#8221;default&#8221; header_text_align=&#8221;center&#8221; body_text_align=&#8221;left&#8221; custom_padding=&#8221;|||0px|false|false&#8221; link_option_url=&#8221;https:\/\/areasaludplasencia.es\/docs\/sesiones\/ses-plasencia-sesion-260227-discapacidad.mp4&#8243; link_option_url_new_window=&#8221;on&#8221; border_width_all_image=&#8221;1px&#8221; border_color_all_image=&#8221;#000000&#8243;]<\/p>\n<p style=\"text-align: center;\">Jos\u00e9 Manuel Rubio de la Iglesia<\/p>\n<p style=\"text-align: center;\">Fiscal Delegado de Protecci\u00f3n de Derechos de Mayores<br \/> Fiscal Decano de Plasencia<\/p>\n<p style=\"text-align: center;\">27 de febrero de 2026<\/p>\n<p>[\/et_pb_blurb][\/et_pb_column][\/et_pb_row][et_pb_row column_structure=&#8221;1_2,1_2&#8243; _builder_version=&#8221;4.7.7&#8243; _module_preset=&#8221;default&#8221; min_height=&#8221;296.8px&#8221; custom_margin=&#8221;20px||||false|false&#8221; custom_padding=&#8221;0px||||false|false&#8221;][et_pb_column type=&#8221;1_2&#8243; _builder_version=&#8221;4.7.7&#8243; _module_preset=&#8221;default&#8221;][et_pb_blurb title=&#8221;PACIENTE CR\u00cdTICO&#8221; url_new_window=&#8221;on&#8221; image=&#8221;https:\/\/areasaludplasencia.es\/aspwp\/wp-content\/uploads\/2026\/03\/Imagen2.png&#8221; _builder_version=&#8221;4.7.7&#8243; _module_preset=&#8221;default&#8221; header_text_align=&#8221;center&#8221; body_text_align=&#8221;left&#8221; custom_padding=&#8221;|||0px|false|false&#8221; link_option_url=&#8221;https:\/\/areasaludplasencia.es\/docs\/sesiones\/ses-plasencia-sesion-260217-paciente-critico.mp4&#8243; link_option_url_new_window=&#8221;on&#8221; border_width_all_image=&#8221;1px&#8221; border_color_all_image=&#8221;#000000&#8243;]<\/p>\n<p style=\"text-align: center;\">Favio Iv\u00e1n Rinc\u00f3n Jimenez<\/p>\n<p style=\"text-align: center;\">Coord. Medico Equipos de Atenci\u00f3n Primaria<br \/> \u00c1rea de Salud de Plasencia \u00b7 SES<\/p>\n<p style=\"text-align: center;\">17 de febrero de 2026<\/p>\n<p>[\/et_pb_blurb][\/et_pb_column][et_pb_column type=&#8221;1_2&#8243; _builder_version=&#8221;4.7.7&#8243; _module_preset=&#8221;default&#8221;][et_pb_blurb title=&#8221;Endoscopia Intraoperativa en Cirug\u00eda Digestiva&#8221; url_new_window=&#8221;on&#8221; image=&#8221;https:\/\/areasaludplasencia.es\/aspwp\/wp-content\/uploads\/2026\/02\/ses-plasencia-sesion-260213.jpg&#8221; _builder_version=&#8221;4.7.7&#8243; _module_preset=&#8221;default&#8221; header_text_align=&#8221;center&#8221; body_text_align=&#8221;left&#8221; custom_padding=&#8221;|||0px|false|false&#8221; link_option_url=&#8221;https:\/\/areasaludplasencia.es\/docs\/sesiones\/ses-plasencia-sesion-260213-digestivo.mp4&#8243; link_option_url_new_window=&#8221;on&#8221; border_width_all_image=&#8221;1px&#8221; border_color_all_image=&#8221;#000000&#8243;]<\/p>\n<p style=\"text-align: center;\">Paula Migu\u00e9lez Sierra<\/p>\n<p style=\"text-align: center;\">R5 Cirug\u00eda General y Aparato Digestivo<br \/> Hospital Virgen del Puerto \u00b7 Plasencia \u00b7 SES<\/p>\n<p style=\"text-align: center;\">13 de febrero de 2026<\/p>\n<p>[\/et_pb_blurb][\/et_pb_column][\/et_pb_row][et_pb_row column_structure=&#8221;1_2,1_2&#8243; _builder_version=&#8221;4.7.7&#8243; _module_preset=&#8221;default&#8221; min_height=&#8221;296.8px&#8221; custom_margin=&#8221;20px||||false|false&#8221; custom_padding=&#8221;0px||||false|false&#8221;][et_pb_column type=&#8221;1_2&#8243; _builder_version=&#8221;4.7.7&#8243; _module_preset=&#8221;default&#8221;][et_pb_blurb title=&#8221;Informe de Continuidad Cuidados Enfermer\u00eda&#8221; url_new_window=&#8221;on&#8221; image=&#8221;https:\/\/areasaludplasencia.es\/aspwp\/wp-content\/uploads\/2025\/12\/ses-plasencia-sesion-251216-enfer.png&#8221; _builder_version=&#8221;4.7.7&#8243; _module_preset=&#8221;default&#8221; header_text_align=&#8221;center&#8221; body_text_align=&#8221;left&#8221; custom_padding=&#8221;|||0px|false|false&#8221; link_option_url=&#8221;https:\/\/areasaludplasencia.es\/docs\/sesiones\/ses-plasencia-sesion-251216-enfer.mp4&#8243; link_option_url_new_window=&#8221;on&#8221; border_width_all_image=&#8221;1px&#8221; border_color_all_image=&#8221;#000000&#8243;]<\/p>\n<p style=\"text-align: center;\">Carolina Vecino Moreno<br \/> Petra Vazquez D\u00edaz<\/p>\n<p style=\"text-align: center;\">Enfermeras Geriatr\u00eda planta 5\u00aa<br \/> Hospital Virgen del Puerto \u00b7 Plasencia \u00b7 SES<\/p>\n<p style=\"text-align: center;\">16 de diciembre de 2025<\/p>\n<p>[\/et_pb_blurb][\/et_pb_column][et_pb_column type=&#8221;1_2&#8243; _builder_version=&#8221;4.7.7&#8243; _module_preset=&#8221;default&#8221;][et_pb_blurb title=&#8221;Dificultad Respiratoria en Neonatos&#8221; url_new_window=&#8221;on&#8221; image=&#8221;https:\/\/areasaludplasencia.es\/aspwp\/wp-content\/uploads\/2025\/12\/ses-plasencia-sesion-251202-enfer.png&#8221; _builder_version=&#8221;4.7.7&#8243; _module_preset=&#8221;default&#8221; header_text_align=&#8221;center&#8221; body_text_align=&#8221;left&#8221; custom_padding=&#8221;|||0px|false|false&#8221; link_option_url=&#8221;https:\/\/areasaludplasencia.es\/docs\/sesiones\/ses-plasencia-sesion-251202-enfer.mp4&#8243; link_option_url_new_window=&#8221;on&#8221; border_width_all_image=&#8221;1px&#8221; border_color_all_image=&#8221;#000000&#8243;]<\/p>\n<p style=\"text-align: center;\">Sandra Doncel Izquierdo<br \/> Raquel Blanco Ramos<\/p>\n<p style=\"text-align: center;\">Enfermeras Pediatr\u00eda &#8211; Neonatolog\u00eda<br \/> Hospital Virgen del Puerto \u00b7 Plasencia \u00b7 SES<\/p>\n<p style=\"text-align: center;\">2 de diciembre de 2025<\/p>\n<p>[\/et_pb_blurb][\/et_pb_column][\/et_pb_row][et_pb_row column_structure=&#8221;1_2,1_2&#8243; _builder_version=&#8221;4.7.7&#8243; _module_preset=&#8221;default&#8221; min_height=&#8221;296.8px&#8221; custom_margin=&#8221;20px||||false|false&#8221; custom_padding=&#8221;0px||||false|false&#8221;][et_pb_column type=&#8221;1_2&#8243; _builder_version=&#8221;4.7.7&#8243; _module_preset=&#8221;default&#8221;][et_pb_blurb title=&#8221;Ley Org\u00e1nica de Regulaci\u00f3n de la Eutanasia&#8221; url_new_window=&#8221;on&#8221; image=&#8221;https:\/\/areasaludplasencia.es\/aspwp\/wp-content\/uploads\/2025\/11\/lore.png&#8221; _builder_version=&#8221;4.7.7&#8243; _module_preset=&#8221;default&#8221; header_text_align=&#8221;center&#8221; body_text_align=&#8221;left&#8221; custom_padding=&#8221;|||0px|false|false&#8221; link_option_url=&#8221;https:\/\/areasaludplasencia.es\/docs\/sesiones\/ses-plasencia-sesion-251128-lore.mp4&#8243; link_option_url_new_window=&#8221;on&#8221; border_width_all_image=&#8221;1px&#8221; border_color_all_image=&#8221;#000000&#8243;]<\/p>\n<p style=\"text-align: center;\">Mayte Nieto Riesco<\/p>\n<p style=\"text-align: center;\">Equipo Funcional de Apoyo<br \/> Hospital Virgen del Puerto \u00b7 Plasencia \u00b7 SES<\/p>\n<p style=\"text-align: center;\">28 de noviembre de 2025<\/p>\n<p>[\/et_pb_blurb][\/et_pb_column][et_pb_column type=&#8221;1_2&#8243; _builder_version=&#8221;4.7.7&#8243; _module_preset=&#8221;default&#8221;][et_pb_blurb title=&#8221;Puzzle Vascular: A prop\u00f3sito de un caso&#8221; url_new_window=&#8221;on&#8221; image=&#8221;https:\/\/areasaludplasencia.es\/aspwp\/wp-content\/uploads\/2025\/11\/puzzle.jpg&#8221; _builder_version=&#8221;4.7.7&#8243; _module_preset=&#8221;default&#8221; header_text_align=&#8221;center&#8221; body_text_align=&#8221;left&#8221; custom_padding=&#8221;|||0px|false|false&#8221; link_option_url=&#8221;https:\/\/areasaludplasencia.es\/docs\/sesiones\/ses-plasencia-sesion-251121.mp4&#8243; link_option_url_new_window=&#8221;on&#8221; border_width_all_image=&#8221;1px&#8221; border_color_all_image=&#8221;#000000&#8243;]<\/p>\n<p style=\"text-align: center;\">Celia Santos Lebrato<\/p>\n<p style=\"text-align: center;\">R3 Medicina Interna (Rotaci\u00f3n en UCI)<br \/> Hospital Virgen del Puerto \u00b7 Plasencia \u00b7 SES<\/p>\n<p style=\"text-align: center;\">21 de noviembre de 2025<\/p>\n<p>[\/et_pb_blurb][\/et_pb_column][\/et_pb_row][et_pb_row column_structure=&#8221;1_2,1_2&#8243; _builder_version=&#8221;4.7.7&#8243; _module_preset=&#8221;default&#8221; min_height=&#8221;296.8px&#8221; custom_margin=&#8221;20px||||false|false&#8221; custom_padding=&#8221;0px||||false|false&#8221;][et_pb_column type=&#8221;1_2&#8243; _builder_version=&#8221;4.7.7&#8243; _module_preset=&#8221;default&#8221;][et_pb_blurb title=&#8221;C\u00e1ncer de origen desconocido&#8221; url_new_window=&#8221;on&#8221; image=&#8221;https:\/\/areasaludplasencia.es\/aspwp\/wp-content\/uploads\/2025\/11\/cancer.jpg&#8221; _builder_version=&#8221;4.7.7&#8243; _module_preset=&#8221;default&#8221; header_text_align=&#8221;center&#8221; body_text_align=&#8221;left&#8221; custom_padding=&#8221;|||0px|false|false&#8221; link_option_url=&#8221;https:\/\/areasaludplasencia.es\/docs\/sesiones\/ses-plasencia-sesion-251114.mp4&#8243; link_option_url_new_window=&#8221;on&#8221; border_width_all_image=&#8221;1px&#8221; border_color_all_image=&#8221;#000000&#8243;]<\/p>\n<p style=\"text-align: center;\">Carlota Valent\u00edn del Barco<br \/> Carmen Monterrey Gallardo<\/p>\n<p style=\"text-align: center;\">Residentes 2 Medicina Interna<br \/> Hospital Virgen del Puerto \u00b7 Plasencia \u00b7 SES<\/p>\n<p style=\"text-align: center;\">14 de noviembre de 2025<\/p>\n<p>[\/et_pb_blurb][\/et_pb_column][et_pb_column type=&#8221;1_2&#8243; _builder_version=&#8221;4.7.7&#8243; _module_preset=&#8221;default&#8221;][et_pb_blurb title=&#8221;RAD\u00d3N: una amenaza invisible&#8221; url_new_window=&#8221;on&#8221; image=&#8221;https:\/\/areasaludplasencia.es\/aspwp\/wp-content\/uploads\/2025\/11\/Radon.jpg&#8221; _builder_version=&#8221;4.7.7&#8243; _module_preset=&#8221;default&#8221; header_text_align=&#8221;center&#8221; body_text_align=&#8221;left&#8221; custom_padding=&#8221;|||0px|false|false&#8221; link_option_url=&#8221;https:\/\/areasaludplasencia.es\/docs\/sesiones\/ses-plasencia-sesion-251111.mp4&#8243; link_option_url_new_window=&#8221;on&#8221; border_color_all_image=&#8221;#000000&#8243;]<\/p>\n<p style=\"text-align: center;\">Sheila Diaz Correas<br \/> Diego Jos\u00e9 Ruiz Romero<\/p>\n<p style=\"text-align: center;\">Emfermera. Delegada de Prevenci\u00f3n de CCOO<br \/> T\u00e9cnico Superior de Prevenci\u00f3n de Riesgos Laborales<br \/> Hospital Virgen del Puerto \u00b7 Plasencia \u00b7 SES<\/p>\n<p style=\"text-align: center;\">11 de noviembre de 2025<\/p>\n<p>[\/et_pb_blurb][\/et_pb_column][\/et_pb_row][et_pb_row column_structure=&#8221;1_2,1_2&#8243; _builder_version=&#8221;4.7.7&#8243; _module_preset=&#8221;default&#8221; min_height=&#8221;296.8px&#8221; custom_margin=&#8221;20px||||false|false&#8221; custom_padding=&#8221;0px||||false|false&#8221;][et_pb_column type=&#8221;1_2&#8243; _builder_version=&#8221;4.7.7&#8243; _module_preset=&#8221;default&#8221;][et_pb_blurb title=&#8221;Cat\u00e9ter PICC de larga duraci\u00f3n&#8221; url_new_window=&#8221;on&#8221; image=&#8221;https:\/\/areasaludplasencia.es\/aspwp\/wp-content\/uploads\/2025\/11\/cateterpicc.jpg&#8221; _builder_version=&#8221;4.7.7&#8243; _module_preset=&#8221;default&#8221; header_text_align=&#8221;center&#8221; body_text_align=&#8221;left&#8221; custom_padding=&#8221;|||0px|false|false&#8221; link_option_url=&#8221;https:\/\/areasaludplasencia.es\/docs\/sesiones\/ses-plasencia-sesion-251104-enfer.mp4&#8243; link_option_url_new_window=&#8221;on&#8221; border_color_all_image=&#8221;#000000&#8243;]<\/p>\n<p style=\"text-align: center;\">Ana Victoria Clemente Calvo<\/p>\n<p style=\"text-align: center;\">Enfermera Equipo de Acceso Vascular Ecoguiado<br \/> Hospital de d\u00eda Onco &#8211; Hematol\u00f3gico<br \/> Hospital Virgen del Puerto \u00b7 Plasencia \u00b7 SES<\/p>\n<p style=\"text-align: center;\">4 de noviembre de 2025<\/p>\n<p>[\/et_pb_blurb][\/et_pb_column][et_pb_column type=&#8221;1_2&#8243; _builder_version=&#8221;4.7.7&#8243; _module_preset=&#8221;default&#8221;][et_pb_blurb title=&#8221;Avances tecnol\u00f3gicos en Radioterapia&#8221; url_new_window=&#8221;on&#8221; image=&#8221;https:\/\/areasaludplasencia.es\/aspwp\/wp-content\/uploads\/2025\/11\/radioterapia.jpg&#8221; _builder_version=&#8221;4.7.7&#8243; _module_preset=&#8221;default&#8221; header_text_align=&#8221;center&#8221; body_text_align=&#8221;left&#8221; custom_padding=&#8221;|||0px|false|false&#8221; link_option_url=&#8221;https:\/\/areasaludplasencia.es\/docs\/sesiones\/ses-plasencia-sesion-251031-radioterapia.mp4&#8243; link_option_url_new_window=&#8221;on&#8221; border_color_all_image=&#8221;#000000&#8243;]<\/p>\n<p style=\"text-align: center;\">Jennifer Caguana<\/p>\n<p style=\"text-align: center;\">Facultativo Especialista en Radioterapia<br \/> Hospital Virgen del Puerto \u00b7 Plasencia \u00b7 SES<\/p>\n<p style=\"text-align: center;\">31 de octubre de 2025<\/p>\n<p>[\/et_pb_blurb][\/et_pb_column][\/et_pb_row][et_pb_row _builder_version=&#8221;4.7.7&#8243; _module_preset=&#8221;default&#8221; custom_padding=&#8221;||0px|||&#8221;][et_pb_column type=&#8221;4_4&#8243; _builder_version=&#8221;4.7.7&#8243; _module_preset=&#8221;default&#8221;][et_pb_divider _builder_version=&#8221;4.7.7&#8243; _module_preset=&#8221;default&#8221;][\/et_pb_divider][\/et_pb_column][\/et_pb_row][et_pb_row column_structure=&#8221;1_2,1_2&#8243; _builder_version=&#8221;4.7.7&#8243; _module_preset=&#8221;default&#8221; min_height=&#8221;296.8px&#8221; custom_margin=&#8221;20px||||false|false&#8221; custom_padding=&#8221;0px||||false|false&#8221;][et_pb_column type=&#8221;1_2&#8243; _builder_version=&#8221;4.7.7&#8243; _module_preset=&#8221;default&#8221;][et_pb_blurb title=&#8221;Hidrataci\u00f3n en pacientes geri\u00e1tricos&#8221; url_new_window=&#8221;on&#8221; image=&#8221;https:\/\/areasaludplasencia.es\/aspwp\/wp-content\/uploads\/2025\/11\/ses-plasencia-sesion-251021-tcae.png&#8221; _builder_version=&#8221;4.7.7&#8243; _module_preset=&#8221;default&#8221; header_text_align=&#8221;center&#8221; body_text_align=&#8221;left&#8221; custom_padding=&#8221;|||0px|false|false&#8221; link_option_url=&#8221;https:\/\/areasaludplasencia.es\/docs\/sesiones\/ses-plasencia-sesion-251021-tcae.mp4&#8243; link_option_url_new_window=&#8221;on&#8221; border_color_all_image=&#8221;#000000&#8243;]<\/p>\n<p style=\"text-align: center;\">Nuria Maria Vaz D\u00edez<\/p>\n<p style=\"text-align: center;\">TCAE especialista en Medicina Geri\u00e1trica<br \/> Hospital Virgen del Puerto \u00b7 Plasencia \u00b7 SES<\/p>\n<p style=\"text-align: center;\">21 de octubre de 2025<\/p>\n<p>[\/et_pb_blurb][\/et_pb_column][et_pb_column type=&#8221;1_2&#8243; _builder_version=&#8221;4.7.7&#8243; _module_preset=&#8221;default&#8221;][et_pb_blurb title=&#8221;Exposici\u00f3n ante accidente con Riesgo Biol\u00f3gico: ARBIO&#8221; url_new_window=&#8221;on&#8221; image=&#8221;https:\/\/areasaludplasencia.es\/aspwp\/wp-content\/uploads\/2025\/06\/arbio.jpg&#8221; _builder_version=&#8221;4.7.7&#8243; _module_preset=&#8221;default&#8221; header_text_align=&#8221;center&#8221; body_text_align=&#8221;left&#8221; custom_padding=&#8221;|||0px|false|false&#8221; link_option_url=&#8221;https:\/\/areasaludplasencia.es\/docs\/sesiones\/ses-plasencia-sesion-250617-arbio.mp4&#8243; link_option_url_new_window=&#8221;on&#8221; border_color_all_image=&#8221;#000000&#8243;]<\/p>\n<p style=\"text-align: center;\">M\u00aa \u00c1ngeles G\u00f3mez Gonz\u00e1lez<\/p>\n<p style=\"text-align: center;\">Doctora Enfermera especialista del Trabajo<br \/> Hospital Virgen del Puerto \u00b7 Plasencia \u00b7 SES<\/p>\n<p style=\"text-align: center;\">17 de junio de 2025<\/p>\n<p>[\/et_pb_blurb][\/et_pb_column][\/et_pb_row][et_pb_row _builder_version=&#8221;4.7.7&#8243; _module_preset=&#8221;default&#8221;][et_pb_column type=&#8221;4_4&#8243; _builder_version=&#8221;4.7.7&#8243; _module_preset=&#8221;default&#8221;][et_pb_divider _builder_version=&#8221;4.7.7&#8243; _module_preset=&#8221;default&#8221;][\/et_pb_divider][\/et_pb_column][\/et_pb_row][et_pb_row column_structure=&#8221;1_2,1_2&#8243; _builder_version=&#8221;4.7.7&#8243; _module_preset=&#8221;default&#8221; min_height=&#8221;296.8px&#8221; custom_padding=&#8221;0px||||false|false&#8221;][et_pb_column type=&#8221;1_2&#8243; _builder_version=&#8221;4.7.7&#8243; _module_preset=&#8221;default&#8221;][et_pb_blurb title=&#8221;Tecnolog\u00eda aplicada a la Diabetes en Hospitalizaci\u00f3n&#8221; url_new_window=&#8221;on&#8221; image=&#8221;https:\/\/areasaludplasencia.es\/aspwp\/wp-content\/uploads\/2025\/02\/ses-plasencia-sesiones-clinicas-web.jpg&#8221; _builder_version=&#8221;4.7.7&#8243; _module_preset=&#8221;default&#8221; header_text_align=&#8221;center&#8221; body_text_align=&#8221;left&#8221; custom_padding=&#8221;|||0px|false|false&#8221; link_option_url=&#8221;https:\/\/areasaludplasencia.es\/docs\/sesiones\/ses-plasencia-sesion-250530-endocrino.mp4&#8243; link_option_url_new_window=&#8221;on&#8221; border_color_all_image=&#8221;#000000&#8243;]<\/p>\n<p style=\"text-align: center;\">M\u00aa Rosa Gonz\u00e1lez P\u00e9rez<\/p>\n<p style=\"text-align: center;\">Unidad de Endocrinolog\u00eda y Nutrici\u00f3n<br \/> Hospital Virgen del Puerto \u00b7 Plasencia \u00b7 SES<\/p>\n<p style=\"text-align: center;\">30 de mayo de 2025<\/p>\n<p>[\/et_pb_blurb][\/et_pb_column][et_pb_column type=&#8221;1_2&#8243; _builder_version=&#8221;4.7.7&#8243; _module_preset=&#8221;default&#8221;][et_pb_blurb title=&#8221;ROJO INTENSO&#8221; url_new_window=&#8221;on&#8221; image=&#8221;https:\/\/areasaludplasencia.es\/aspwp\/wp-content\/uploads\/2025\/05\/Rojo-Intenso.jpg&#8221; _builder_version=&#8221;4.7.7&#8243; _module_preset=&#8221;default&#8221; header_text_align=&#8221;center&#8221; body_text_align=&#8221;left&#8221; custom_padding=&#8221;|||0px|false|false&#8221; link_option_url=&#8221;https:\/\/areasaludplasencia.es\/docs\/sesiones\/ses-plasencia-sesion-250516.mp4&#8243; link_option_url_new_window=&#8221;on&#8221; border_radii_image=&#8221;on|1px|1px|1px|1px&#8221; border_width_all_image=&#8221;1px&#8221; border_color_all_image=&#8221;#E02B20&#8243;]<\/p>\n<p style=\"text-align: center;\">Danylo Palomino Mendoza<\/p>\n<p style=\"text-align: center;\">Hematolog\u00eda y Hemoterapia<br \/> Hospital Virgen del Puerto \u00b7 Plasencia \u00b7 SES<\/p>\n<p style=\"text-align: center;\">16 de mayo de 2025<\/p>\n<p>[\/et_pb_blurb][\/et_pb_column][\/et_pb_row][et_pb_row _builder_version=&#8221;4.7.7&#8243; _module_preset=&#8221;default&#8221;][et_pb_column type=&#8221;4_4&#8243; _builder_version=&#8221;4.7.7&#8243; _module_preset=&#8221;default&#8221;][et_pb_divider _builder_version=&#8221;4.7.7&#8243; _module_preset=&#8221;default&#8221;][\/et_pb_divider][\/et_pb_column][\/et_pb_row][et_pb_row column_structure=&#8221;1_2,1_2&#8243; _builder_version=&#8221;4.7.7&#8243; _module_preset=&#8221;default&#8221; min_height=&#8221;296.8px&#8221; custom_padding=&#8221;0px||||false|false&#8221;][et_pb_column type=&#8221;1_2&#8243; _builder_version=&#8221;4.7.7&#8243; _module_preset=&#8221;default&#8221;][et_pb_blurb title=&#8221;Obesidad y Coraz\u00f3n&#8221; url_new_window=&#8221;on&#8221; image=&#8221;https:\/\/areasaludplasencia.es\/aspwp\/wp-content\/uploads\/2025\/05\/obesidad.jpg&#8221; _builder_version=&#8221;4.7.7&#8243; _module_preset=&#8221;default&#8221; header_text_align=&#8221;center&#8221; body_text_align=&#8221;left&#8221; custom_padding=&#8221;|||0px|false|false&#8221; link_option_url=&#8221;https:\/\/areasaludplasencia.es\/docs\/sesiones\/ses-plasencia-sesion-250509.mp4&#8243; link_option_url_new_window=&#8221;on&#8221; border_radii_image=&#8221;on|1px|1px|1px|1px&#8221; border_width_all_image=&#8221;1px&#8221; border_color_all_image=&#8221;#0C71C3&#8243;]<\/p>\n<p style=\"text-align: center;\">Milagros Clemente Lorenzo<\/p>\n<p style=\"text-align: center;\">FEA Cardiolog\u00eda<br \/> Hospital Virgen del Puerto \u00b7 Plasencia \u00b7 SES<\/p>\n<p style=\"text-align: center;\">9 de mayo de 2025<\/p>\n<p>[\/et_pb_blurb][\/et_pb_column][et_pb_column type=&#8221;1_2&#8243; _builder_version=&#8221;4.7.7&#8243; _module_preset=&#8221;default&#8221;][et_pb_blurb title=&#8221;Cubriendo al hierro&#8221; url_new_window=&#8221;on&#8221; image=&#8221;https:\/\/areasaludplasencia.es\/aspwp\/wp-content\/uploads\/2025\/04\/sesion250425.jpg&#8221; _builder_version=&#8221;4.7.7&#8243; _module_preset=&#8221;default&#8221; header_text_align=&#8221;center&#8221; body_text_align=&#8221;left&#8221; custom_padding=&#8221;|||0px|false|false&#8221; link_option_url=&#8221;https:\/\/areasaludplasencia.es\/docs\/sesiones\/ses-plasencia-sesion-250425.mp4&#8243; link_option_url_new_window=&#8221;on&#8221; border_radii_image=&#8221;on|1px|1px|1px|1px&#8221; border_width_all_image=&#8221;1px&#8221; border_color_all_image=&#8221;#0C71C3&#8243;]<\/p>\n<p style=\"text-align: center;\">Elena Carrasco Brenes<\/p>\n<p style=\"text-align: center;\">MIR Medicina Interna<br \/> Hospital Virgen del Puerto \u00b7 Plasencia \u00b7 SES<\/p>\n<p style=\"text-align: center;\">25 de abril de 2025<\/p>\n<p>[\/et_pb_blurb][\/et_pb_column][\/et_pb_row][et_pb_row _builder_version=&#8221;4.7.7&#8243; _module_preset=&#8221;default&#8221;][et_pb_column type=&#8221;4_4&#8243; _builder_version=&#8221;4.7.7&#8243; _module_preset=&#8221;default&#8221;][et_pb_divider _builder_version=&#8221;4.7.7&#8243; _module_preset=&#8221;default&#8221;][\/et_pb_divider][\/et_pb_column][\/et_pb_row][et_pb_row column_structure=&#8221;1_2,1_2&#8243; _builder_version=&#8221;4.7.7&#8243; _module_preset=&#8221;default&#8221; min_height=&#8221;296.8px&#8221; custom_padding=&#8221;0px||||false|false&#8221;][et_pb_column type=&#8221;1_2&#8243; _builder_version=&#8221;4.7.7&#8243; _module_preset=&#8221;default&#8221;][et_pb_blurb title=&#8221;V\u00eda Subcut\u00e1nea Cont\u00ednua&#8221; url_new_window=&#8221;on&#8221; image=&#8221;https:\/\/areasaludplasencia.es\/aspwp\/wp-content\/uploads\/2025\/04\/Imagen1-1.jpg&#8221; _builder_version=&#8221;4.7.7&#8243; _module_preset=&#8221;default&#8221; header_text_align=&#8221;center&#8221; body_text_align=&#8221;left&#8221; custom_padding=&#8221;|||0px|false|false&#8221; link_option_url=&#8221;https:\/\/areasaludplasencia.es\/docs\/sesiones\/ses-plasencia-sesion-250408-enfer.mp4&#8243; link_option_url_new_window=&#8221;on&#8221; border_radii_image=&#8221;on|1px|1px|1px|1px&#8221; border_width_all_image=&#8221;1px&#8221; border_color_all_image=&#8221;#0C71C3&#8243;]<\/p>\n<p style=\"text-align: center;\">Mercedes Ramos Gonz\u00e1lez<\/p>\n<p style=\"text-align: center;\">Enfermera Cuidados Paliativos<br \/> Hospital Virgen del Puerto \u00b7 Plasencia \u00b7 SES<\/p>\n<p style=\"text-align: center;\">8 de abril de 2025<\/p>\n<p>[\/et_pb_blurb][\/et_pb_column][et_pb_column type=&#8221;1_2&#8243; _builder_version=&#8221;4.7.7&#8243; _module_preset=&#8221;default&#8221;][et_pb_blurb title=&#8221;C\u00f3digo Trauma&#8221; url_new_window=&#8221;on&#8221; image=&#8221;https:\/\/areasaludplasencia.es\/aspwp\/wp-content\/uploads\/2025\/04\/Imagen1.jpg&#8221; _builder_version=&#8221;4.7.7&#8243; _module_preset=&#8221;default&#8221; header_text_align=&#8221;center&#8221; body_text_align=&#8221;left&#8221; custom_padding=&#8221;|||0px|false|false&#8221; link_option_url=&#8221;https:\/\/areasaludplasencia.es\/docs\/sesiones\/ses-plasencia-sesion-250404.mp4&#8243; link_option_url_new_window=&#8221;on&#8221; border_radii_image=&#8221;on|1px|1px|1px|1px&#8221;]<\/p>\n<p style=\"text-align: center;\">Isabel P\u00e9rez Zambrano<\/p>\n<p style=\"text-align: center;\">M\u00e9dico de Urgencias<br \/> Hospital Virgen del Puerto \u00b7 Plasencia \u00b7 SES<\/p>\n<p style=\"text-align: center;\">4 de abril de 2025<\/p>\n<p>[\/et_pb_blurb][\/et_pb_column][\/et_pb_row][et_pb_row _builder_version=&#8221;4.7.7&#8243; _module_preset=&#8221;default&#8221;][et_pb_column type=&#8221;4_4&#8243; _builder_version=&#8221;4.7.7&#8243; _module_preset=&#8221;default&#8221;][et_pb_divider divider_weight=&#8221;3px&#8221; _builder_version=&#8221;4.7.7&#8243; _module_preset=&#8221;default&#8221;][\/et_pb_divider][\/et_pb_column][\/et_pb_row][et_pb_row column_structure=&#8221;1_2,1_2&#8243; _builder_version=&#8221;4.7.7&#8243; _module_preset=&#8221;default&#8221; min_height=&#8221;296.8px&#8221; custom_padding=&#8221;0px||||false|false&#8221;][et_pb_column type=&#8221;1_2&#8243; _builder_version=&#8221;4.7.7&#8243; _module_preset=&#8221;default&#8221;][et_pb_blurb title=&#8221;Sobrecrecimiento Bacteriano&#8221; url_new_window=&#8221;on&#8221; image=&#8221;https:\/\/areasaludplasencia.es\/aspwp\/wp-content\/uploads\/2025\/04\/ses-plasencia-sibo.jpg&#8221; _builder_version=&#8221;4.7.7&#8243; _module_preset=&#8221;default&#8221; header_text_align=&#8221;center&#8221; body_text_align=&#8221;left&#8221; custom_padding=&#8221;|||0px|false|false&#8221; link_option_url=&#8221;https:\/\/areasaludplasencia.es\/docs\/sesiones\/ses-plasencia-sesion-250328-sibo.mp4&#8243; link_option_url_new_window=&#8221;on&#8221; border_radii_image=&#8221;on|1px|1px|1px|1px&#8221; border_width_all_image=&#8221;1px&#8221; border_color_all_image=&#8221;#0C71C3&#8243;]<\/p>\n<p style=\"text-align: center;\">Tom\u00e1s Garc\u00eda Guerrero<\/p>\n<p style=\"text-align: center;\">FEA Aparato Digestivo<br \/> Hospital Virgen del Puerto \u00b7 Plasencia \u00b7 SES<\/p>\n<p style=\"text-align: center;\">28 de marzo de 2025<\/p>\n<p>[\/et_pb_blurb][\/et_pb_column][et_pb_column type=&#8221;1_2&#8243; _builder_version=&#8221;4.7.7&#8243; _module_preset=&#8221;default&#8221;][et_pb_blurb title=&#8221;Paciente Cr\u00f3nico Complejo&#8221; url_new_window=&#8221;on&#8221; image=&#8221;https:\/\/areasaludplasencia.es\/aspwp\/wp-content\/uploads\/2025\/04\/Imagen1-2.jpg&#8221; _builder_version=&#8221;4.7.7&#8243; _module_preset=&#8221;default&#8221; header_text_align=&#8221;center&#8221; body_text_align=&#8221;left&#8221; custom_padding=&#8221;|||0px|false|false&#8221; link_option_url=&#8221;https:\/\/areasaludplasencia.es\/docs\/sesiones\/ses-plasencia-sesion-250321.mp4&#8243; link_option_url_new_window=&#8221;on&#8221; border_radii_image=&#8221;on|1px|1px|1px|1px&#8221;]<\/p>\n<p style=\"text-align: center;\">Jean Carlo Heredia Pons<\/p>\n<p style=\"text-align: center;\">FEA Geriatra<br \/> Hospital Virgen del Puerto \u00b7 Plasencia \u00b7 SES<\/p>\n<p style=\"text-align: center;\">21 de marzo de 2025<\/p>\n<p>[\/et_pb_blurb][\/et_pb_column][\/et_pb_row][et_pb_row _builder_version=&#8221;4.7.7&#8243; _module_preset=&#8221;default&#8221;][et_pb_column type=&#8221;4_4&#8243; _builder_version=&#8221;4.7.7&#8243; _module_preset=&#8221;default&#8221;][et_pb_divider _builder_version=&#8221;4.7.7&#8243; _module_preset=&#8221;default&#8221;][\/et_pb_divider][\/et_pb_column][\/et_pb_row][et_pb_row column_structure=&#8221;1_2,1_2&#8243; _builder_version=&#8221;4.7.7&#8243; _module_preset=&#8221;default&#8221; min_height=&#8221;296.8px&#8221; custom_padding=&#8221;0px||||false|false&#8221;][et_pb_column type=&#8221;1_2&#8243; _builder_version=&#8221;4.7.7&#8243; _module_preset=&#8221;default&#8221;][et_pb_blurb title=&#8221;Sostenibilidad en Cirug\u00eda&#8221; url_new_window=&#8221;on&#8221; image=&#8221;https:\/\/areasaludplasencia.es\/aspwp\/wp-content\/uploads\/2025\/03\/ses-plasencia-sesion-250314.jpg&#8221; _builder_version=&#8221;4.7.7&#8243; _module_preset=&#8221;default&#8221; header_text_align=&#8221;center&#8221; body_text_align=&#8221;left&#8221; custom_padding=&#8221;|||0px|false|false&#8221; link_option_url=&#8221;https:\/\/areasaludplasencia.es\/docs\/sesiones\/ses-plasencia-sesion-250314.mp4&#8243; link_option_url_new_window=&#8221;on&#8221; border_radii_image=&#8221;on|1px|1px|1px|1px&#8221;]<\/p>\n<p style=\"text-align: center;\">Macarena Vargas Casc\u00f3n<\/p>\n<p style=\"text-align: center;\">R5 &#8211; Cirug\u00eda General y Ap. Digestivo<br \/> Hospital Virgen del Puerto \u00b7 Plasencia \u00b7 SES<\/p>\n<p style=\"text-align: center;\">14 de marzo de 2025<\/p>\n<p>[\/et_pb_blurb][\/et_pb_column][et_pb_column type=&#8221;1_2&#8243; _builder_version=&#8221;4.7.7&#8243; _module_preset=&#8221;default&#8221;][et_pb_blurb title=&#8221;C\u00f3mo funcionan las tetas&#8221; url_new_window=&#8221;on&#8221; image=&#8221;https:\/\/areasaludplasencia.es\/aspwp\/wp-content\/uploads\/2025\/03\/ses-plasencia-sesion-250311web.jpg&#8221; _builder_version=&#8221;4.7.7&#8243; _module_preset=&#8221;default&#8221; header_text_align=&#8221;center&#8221; body_text_align=&#8221;left&#8221; custom_padding=&#8221;|||0px|false|false&#8221; link_option_url=&#8221;https:\/\/areasaludplasencia.es\/docs\/sesiones\/ses-plasencia-sesion-250311-enfermeria.mp4&#8243; link_option_url_new_window=&#8221;on&#8221; border_radii_image=&#8221;on|1px|1px|1px|1px&#8221;]<\/p>\n<p style=\"text-align: center;\">Teresa Mesonero Garc\u00eda<\/p>\n<p style=\"text-align: center;\">Matrona<br \/> Hospital Virgen del Puerto \u00b7 Plasencia \u00b7 SES<\/p>\n<p style=\"text-align: center;\">11 de marzo de 2025<\/p>\n<p>[\/et_pb_blurb][\/et_pb_column][\/et_pb_row][et_pb_row _builder_version=&#8221;4.7.7&#8243; _module_preset=&#8221;default&#8221;][et_pb_column type=&#8221;4_4&#8243; _builder_version=&#8221;4.7.7&#8243; _module_preset=&#8221;default&#8221;][et_pb_divider divider_weight=&#8221;3px&#8221; _builder_version=&#8221;4.7.7&#8243; _module_preset=&#8221;default&#8221;][\/et_pb_divider][\/et_pb_column][\/et_pb_row][et_pb_row column_structure=&#8221;1_2,1_2&#8243; _builder_version=&#8221;4.7.7&#8243; _module_preset=&#8221;default&#8221; min_height=&#8221;296.8px&#8221; custom_padding=&#8221;0px||||false|false&#8221;][et_pb_column type=&#8221;1_2&#8243; _builder_version=&#8221;4.7.7&#8243; _module_preset=&#8221;default&#8221;][et_pb_blurb title=&#8221;El papel de la Enfermer\u00eda en Pacientes Cr\u00edticos&#8221; url_new_window=&#8221;on&#8221; image=&#8221;https:\/\/areasaludplasencia.es\/aspwp\/wp-content\/uploads\/2025\/02\/ses-plasencia-enfermeria1-sesiones-web.jpg&#8221; _builder_version=&#8221;4.7.7&#8243; _module_preset=&#8221;default&#8221; header_text_align=&#8221;center&#8221; body_text_align=&#8221;left&#8221; custom_padding=&#8221;|||0px|false|false&#8221; link_option_url=&#8221;https:\/\/areasaludplasencia.es\/docs\/sesiones\/ses-plasencia-sesion-250225-enfermeria.mp4&#8243; link_option_url_new_window=&#8221;on&#8221; border_radii_image=&#8221;on|1px|1px|1px|1px&#8221; border_width_all_image=&#8221;1px&#8221;]<\/p>\n<p style=\"text-align: center;\">Fabio Iv\u00e1n Rinc\u00f3n Jimenez<\/p>\n<p style=\"text-align: center;\">Coordinador de Equipos de A.P.<br \/> Gerencia del \u00c1rea de Salud de Plasencia \u00b7 SES<\/p>\n<p style=\"text-align: center;\">25 de febrero de 2025<\/p>\n<p>[\/et_pb_blurb][\/et_pb_column][et_pb_column type=&#8221;1_2&#8243; _builder_version=&#8221;4.7.7&#8243; _module_preset=&#8221;default&#8221;][et_pb_blurb title=&#8221;Agresiones en el Personal Sanitario II&#8221; url_new_window=&#8221;on&#8221; image=&#8221;https:\/\/areasaludplasencia.es\/aspwp\/wp-content\/uploads\/2025\/02\/ses-plasencia-sesion-250221.jpg&#8221; _builder_version=&#8221;4.7.7&#8243; _module_preset=&#8221;default&#8221; header_text_align=&#8221;center&#8221; body_text_align=&#8221;left&#8221; custom_padding=&#8221;|||0px|false|false&#8221; link_option_url=&#8221;https:\/\/areasaludplasencia.es\/docs\/sesiones\/ses-plasencia-sesion-250221.mp4&#8243; link_option_url_new_window=&#8221;on&#8221; border_radii_image=&#8221;on|1px|1px|1px|1px&#8221; border_width_all_image=&#8221;1px&#8221;]<\/p>\n<p style=\"text-align: center;\">Inspector Pedro Gamero Guti\u00e9rrez<\/p>\n<p style=\"text-align: center;\">Interlocutor Policial Sanitario<br \/> Seguridad Ciudadana \u00b7\u00a0POLICIA NACIONAL<\/p>\n<p style=\"text-align: center;\">21 de febrero de 2025<\/p>\n<p>[\/et_pb_blurb][\/et_pb_column][\/et_pb_row][et_pb_row _builder_version=&#8221;4.7.7&#8243; _module_preset=&#8221;default&#8221;][et_pb_column type=&#8221;4_4&#8243; _builder_version=&#8221;4.7.7&#8243; _module_preset=&#8221;default&#8221;][et_pb_divider _builder_version=&#8221;4.7.7&#8243; _module_preset=&#8221;default&#8221;][\/et_pb_divider][\/et_pb_column][\/et_pb_row][et_pb_row column_structure=&#8221;1_2,1_2&#8243; _builder_version=&#8221;4.7.7&#8243; _module_preset=&#8221;default&#8221; min_height=&#8221;296.8px&#8221; custom_padding=&#8221;0px||||false|false&#8221;][et_pb_column type=&#8221;1_2&#8243; _builder_version=&#8221;4.7.7&#8243; _module_preset=&#8221;default&#8221;][et_pb_blurb title=&#8221;Agresiones en el Personal Sanitario I&#8221; url_new_window=&#8221;on&#8221; image=&#8221;https:\/\/areasaludplasencia.es\/aspwp\/wp-content\/uploads\/2025\/02\/GuiAgresion-web.jpg&#8221; _builder_version=&#8221;4.7.7&#8243; _module_preset=&#8221;default&#8221; header_text_align=&#8221;center&#8221; body_text_align=&#8221;left&#8221; custom_padding=&#8221;|||0px|false|false&#8221; link_option_url=&#8221;https:\/\/portal.ses.care\/gestor_documental?p_p_id=20&#038;p_p_lifecycle=0&#038;p_p_state=normal&#038;p_p_mode=view&#038;_20_struts_action=%2Fdocument_library%2Fview&#038;_20_redirect=https%3A%2F%2Fportal.ses.care%2Fgestor_documental%3Fp_p_id%3D20%26p_p_lifecycle%3D0%26p_p_state%3Dnormal%26p_p_mode%3Dview%26_20_entryEnd%3D20%26_20_displayStyle%3D%26_20_viewFolders%3D1%26_20_viewEntries%3D1%26_20_folderStart%3D0%26_20_action%3DbrowseFolder%26_20_struts_action%3D%252Fdocument_library%252Fview%26_20_folderEnd%3D20%26_20_entryStart%3D0%26_20_folderId%3D367878&#038;_20_folderId=3219448&#8243; link_option_url_new_window=&#8221;on&#8221;]<\/p>\n<p style=\"text-align: center;\">Stefano Cicirello Salas<\/p>\n<p style=\"text-align: center;\">FEA Medicina del Trabajo<br \/> Hospital Virgen del Puerto \u00b7 Plasencia<\/p>\n<p style=\"text-align: center;\">14 de febrero de 2025<\/p>\n<p>[\/et_pb_blurb][\/et_pb_column][et_pb_column type=&#8221;1_2&#8243; _builder_version=&#8221;4.7.7&#8243; _module_preset=&#8221;default&#8221;][et_pb_blurb title=&#8221;Abordaje de Personas con ENFERMEDAD MENTAL&#8221; url_new_window=&#8221;on&#8221; image=&#8221;https:\/\/areasaludplasencia.es\/aspwp\/wp-content\/uploads\/2025\/02\/sesion250204-3.jpg&#8221; disabled_on=&#8221;off|off|off&#8221; _builder_version=&#8221;4.7.7&#8243; _module_preset=&#8221;default&#8221; header_text_align=&#8221;center&#8221; body_text_align=&#8221;left&#8221; custom_padding=&#8221;|||0px|false|false&#8221; link_option_url=&#8221;https:\/\/areasaludplasencia.es\/docs\/sesiones\/ses-plasencia-sesion-250204-enfermeria.mp4&#8243; link_option_url_new_window=&#8221;on&#8221;]<\/p>\n<p style=\"text-align: center;\">Nuria Bravo Garrido<\/p>\n<p style=\"text-align: center;\">Enfermera Especialista en Salud Mental. Doctora en Investigaci\u00f3n biom\u00e9dica. Supervisora General CSS Plasencia.<\/p>\n<p style=\"text-align: center;\">4 de febrero de 2025<\/p>\n<p>[\/et_pb_blurb][\/et_pb_column][\/et_pb_row][et_pb_row _builder_version=&#8221;4.7.7&#8243; _module_preset=&#8221;default&#8221;][et_pb_column type=&#8221;4_4&#8243; _builder_version=&#8221;4.7.7&#8243; _module_preset=&#8221;default&#8221;][et_pb_divider _builder_version=&#8221;4.7.7&#8243; _module_preset=&#8221;default&#8221;][\/et_pb_divider][\/et_pb_column][\/et_pb_row][et_pb_row column_structure=&#8221;1_2,1_2&#8243; _builder_version=&#8221;4.7.7&#8243; _module_preset=&#8221;default&#8221; min_height=&#8221;296.8px&#8221; custom_padding=&#8221;0px||||false|false&#8221;][et_pb_column type=&#8221;1_2&#8243; _builder_version=&#8221;4.7.7&#8243; _module_preset=&#8221;default&#8221;][et_pb_blurb title=&#8221;Ensayos Cl\u00ednicos: Pasado, Presente y Futuro&#8221; url_new_window=&#8221;on&#8221; image=&#8221;https:\/\/areasaludplasencia.es\/aspwp\/wp-content\/uploads\/2025\/05\/investigacion.jpg&#8221; _builder_version=&#8221;4.7.7&#8243; _module_preset=&#8221;default&#8221; header_text_align=&#8221;center&#8221; body_text_align=&#8221;left&#8221; custom_padding=&#8221;|||0px|false|false&#8221; link_option_url=&#8221;https:\/\/areasaludplasencia.es\/docs\/sesiones\/ses-plasencia-sesion-240209-investigacion.mp4&#8243; link_option_url_new_window=&#8221;on&#8221; border_radii_image=&#8221;on|1px|1px|1px|1px&#8221; border_width_all_image=&#8221;1px&#8221; border_color_all_image=&#8221;#0C71C3&#8243;]<\/p>\n<p style=\"text-align: center;\">Arancha Rodr\u00edguez Zambrano \u00b7 Bi\u00f3loga<br \/>Mar\u00eda Berm\u00fadez Sauco \u00b7 Biotecn\u00f3loga<\/p>\n<p style=\"text-align: center;\">Unidad de Investigaci\u00f3n<br \/> Hospital Virgen del Puerto \u00b7 Plasencia \u00b7 SES<\/p>\n<p style=\"text-align: center;\">9 de febrero de 2024<\/p>\n<p>[\/et_pb_blurb][\/et_pb_column][et_pb_column type=&#8221;1_2&#8243; _builder_version=&#8221;4.7.7&#8243; _module_preset=&#8221;default&#8221;][et_pb_blurb title=&#8221;Inhibidores de la Bomba de Protones&#8221; url_new_window=&#8221;on&#8221; image=&#8221;https:\/\/areasaludplasencia.es\/aspwp\/wp-content\/uploads\/2025\/05\/ibp.jpg&#8221; disabled_on=&#8221;off|off|off&#8221; _builder_version=&#8221;4.7.7&#8243; _module_preset=&#8221;default&#8221; header_text_align=&#8221;center&#8221; body_text_align=&#8221;left&#8221; custom_padding=&#8221;|||0px|false|false&#8221; link_option_url=&#8221;https:\/\/areasaludplasencia.es\/docs\/sesiones\/ses-plasencia-sesion-240202.mp4&#8243; link_option_url_new_window=&#8221;on&#8221; border_radii_image=&#8221;on|1px|1px|1px|1px&#8221; border_width_all_image=&#8221;1px&#8221;]<\/p>\n<p style=\"text-align: center;\">Sara Al-Abrash Ghalyoun<\/p>\n<p style=\"text-align: center;\">R4 Medicina de Familia y Comunitaria<br \/> Hospital Virgen del Puerto \u00b7 Plasencia \u00b7 SES<\/p>\n<p style=\"text-align: center;\">2 de febrero de 2024<\/p>\n<p>[\/et_pb_blurb][\/et_pb_column][\/et_pb_row][et_pb_row _builder_version=&#8221;4.7.7&#8243; _module_preset=&#8221;default&#8221;][et_pb_column type=&#8221;4_4&#8243; _builder_version=&#8221;4.7.7&#8243; _module_preset=&#8221;default&#8221;][et_pb_divider _builder_version=&#8221;4.7.7&#8243; _module_preset=&#8221;default&#8221;][\/et_pb_divider][\/et_pb_column][\/et_pb_row][et_pb_row column_structure=&#8221;1_2,1_2&#8243; _builder_version=&#8221;4.7.7&#8243; _module_preset=&#8221;default&#8221; min_height=&#8221;296.8px&#8221; custom_padding=&#8221;0px||13px||false|false&#8221;][et_pb_column type=&#8221;1_2&#8243; _builder_version=&#8221;4.7.7&#8243; _module_preset=&#8221;default&#8221;][et_pb_blurb title=&#8221;Retos del Servicio de Urgencias&#8221; url_new_window=&#8221;on&#8221; image=&#8221;https:\/\/areasaludplasencia.es\/aspwp\/wp-content\/uploads\/2025\/05\/urgencias.jpg&#8221; _builder_version=&#8221;4.7.7&#8243; _module_preset=&#8221;default&#8221; header_text_align=&#8221;center&#8221; body_text_align=&#8221;left&#8221; custom_padding=&#8221;|||0px|false|false&#8221; link_option_url=&#8221;https:\/\/areasaludplasencia.es\/docs\/sesiones\/ses-plasencia-sesion-240126-urgencias.mp4&#8243; link_option_url_new_window=&#8221;on&#8221; border_radii_image=&#8221;on|1px|1px|1px|1px&#8221; border_width_all_image=&#8221;1px&#8221; border_color_all_image=&#8221;#0C71C3&#8243;]<\/p>\n<p style=\"text-align: center;\">Juan Pablo L\u00f3pez Mu\u00f1oz<\/p>\n<p style=\"text-align: center;\">M\u00e9dico de Urgencias Hospitalarias<br \/> Hospital Virgen del Puerto \u00b7 Plasencia \u00b7 SES<\/p>\n<p style=\"text-align: center;\">26 de enero de 2024<\/p>\n<p>[\/et_pb_blurb][\/et_pb_column][et_pb_column type=&#8221;1_2&#8243; _builder_version=&#8221;4.7.7&#8243; _module_preset=&#8221;default&#8221;][et_pb_blurb title=&#8221;Prescripci\u00f3n electr\u00f3nica asistida \u00b7 PRESSALUD&#8221; url_new_window=&#8221;on&#8221; image=&#8221;https:\/\/areasaludplasencia.es\/aspwp\/wp-content\/uploads\/2025\/05\/pressalud.jpg&#8221; disabled_on=&#8221;off|off|off&#8221; _builder_version=&#8221;4.7.7&#8243; _module_preset=&#8221;default&#8221; header_text_align=&#8221;center&#8221; body_text_align=&#8221;left&#8221; custom_padding=&#8221;|||0px|false|false&#8221; link_option_url=&#8221;https:\/\/areasaludplasencia.es\/docs\/sesiones\/ses-plasencia-sesion-240119-farmacia.mp4&#8243; link_option_url_new_window=&#8221;on&#8221; border_radii_image=&#8221;on|1px|1px|1px|1px&#8221; border_width_all_image=&#8221;1px&#8221;]<\/p>\n<p style=\"text-align: center;\">Cristina Bonilla Gal\u00e1n<\/p>\n<p style=\"text-align: center;\">FEA Farmacia Hospitalaria<br \/>Hospital Virgen del Puerto \u00b7 Plasencia \u00b7 SES<\/p>\n<p style=\"text-align: center;\">19 de enero de 2024<\/p>\n<p>[\/et_pb_blurb][\/et_pb_column][\/et_pb_row][\/et_pb_section][et_pb_section fb_built=&#8221;1&#8243; disabled_on=&#8221;off|off|off&#8221; _builder_version=&#8221;4.0.5&#8243; custom_padding=&#8221;17px|||||&#8221;][et_pb_row _builder_version=&#8221;4.0.5&#8243; custom_padding=&#8221;10px|||||&#8221;][et_pb_column type=&#8221;4_4&#8243; _builder_version=&#8221;4.0.5&#8243;][et_pb_text _builder_version=&#8221;4.7.7&#8243; text_font=&#8221;||||||||&#8221; text_text_color=&#8221;#2b5183&#8243; text_font_size=&#8221;26px&#8221; custom_margin=&#8221;||0px||false|false&#8221; border_color_all=&#8221;#588cd0&#8243; border_width_bottom=&#8221;4px&#8221; border_color_bottom=&#8221;#5992c1&#8243; border_style_bottom=&#8221;solid&#8221;]<\/p>\n<p>Sesiones Cl\u00ednicas anteriores (archivo)<\/p>\n<p>[\/et_pb_text][\/et_pb_column][\/et_pb_row][et_pb_row column_structure=&#8221;1_3,1_3,1_3&#8243; _builder_version=&#8221;4.0.5&#8243;][et_pb_column type=&#8221;1_3&#8243; _builder_version=&#8221;4.0.5&#8243;][\/et_pb_column][et_pb_column type=&#8221;1_3&#8243; _builder_version=&#8221;4.0.5&#8243;][et_pb_image src=&#8221;https:\/\/areasaludplasencia.es\/aspwp\/wp-content\/uploads\/2019\/11\/archivo.jpg&#8221; url=&#8221;https:\/\/areasaludplasencia.es\/aspwp\/sesiones-clinicas-archivo&#8221; url_new_window=&#8221;on&#8221; _builder_version=&#8221;4.0.5&#8243;][\/et_pb_image][\/et_pb_column][et_pb_column type=&#8221;1_3&#8243; _builder_version=&#8221;4.0.5&#8243;][\/et_pb_column][\/et_pb_row][\/et_pb_section]<\/p>\n","protected":false},"excerpt":{"rendered":"<p>[et_pb_section fb_built=&#8221;1&#8243; admin_label=&#8221;section&#8221; _builder_version=&#8221;4.0.5&#8243; custom_margin=&#8221;0px||||false|false&#8221; custom_padding=&#8221;0px||10px||false|false&#8221;][et_pb_row _builder_version=&#8221;4.7.7&#8243; min_height=&#8221;34.1px&#8221; custom_margin=&#8221;0px||-20px||false|false&#8221; custom_padding=&#8221;||||false|false&#8221;][et_pb_column type=&#8221;4_4&#8243; _builder_version=&#8221;4.0.5&#8243;][et_pb_text _builder_version=&#8221;4.0.5&#8243; text_font=&#8221;||||||||&#8221; text_text_color=&#8221;#2b5183&#8243; text_font_size=&#8221;26px&#8221; custom_margin=&#8221;||0px||false|false&#8221; border_color_all=&#8221;#588cd0&#8243; border_width_bottom=&#8221;4px&#8221; border_color_bottom=&#8221;#5992c1&#8243; border_style_bottom=&#8221;solid&#8221;] Formaci\u00f3n &#8211; Sesiones [\/et_pb_text][et_pb_text disabled_on=&#8221;on|on|on&#8221; _builder_version=&#8221;4.7.7&#8243; _module_preset=&#8221;default&#8221; custom_margin=&#8221;||-1px||false|false&#8221; disabled=&#8221;on&#8221;] (S\u00f3lo profesionales SES) [\/et_pb_text][\/et_pb_column][\/et_pb_row][\/et_pb_section][et_pb_section fb_built=&#8221;1&#8243; _builder_version=&#8221;4.7.7&#8243; _module_preset=&#8221;default&#8221; min_height=&#8221;3986.4px&#8221; custom_margin=&#8221;-10px||||false|false&#8221; custom_padding=&#8221;10px||11px|||&#8221;][et_pb_row column_structure=&#8221;1_2,1_2&#8243; _builder_version=&#8221;4.7.7&#8243; _module_preset=&#8221;default&#8221; min_height=&#8221;296.8px&#8221; custom_margin=&#8221;20px||||false|false&#8221; custom_padding=&#8221;0px||||false|false&#8221; hover_enabled=&#8221;0&#8243; sticky_enabled=&#8221;0&#8243;][et_pb_column type=&#8221;1_2&#8243; _builder_version=&#8221;4.7.7&#8243; _module_preset=&#8221;default&#8221;][et_pb_blurb title=&#8221;PACIENTE con DIABETES y &hellip; <a href=\"https:\/\/areasaludplasencia.es\/aspwp\/formacion-2\/\" class=\"more-link\">Seguir leyendo <span class=\"screen-reader-text\">Formaci\u00f3n<\/span> <span class=\"meta-nav\">&rarr;<\/span><\/a><\/p>\n","protected":false},"author":1,"featured_media":0,"parent":0,"menu_order":0,"comment_status":"closed","ping_status":"closed","template":"page-templates\/full-width.php","meta":{"_et_pb_use_builder":"on","_et_pb_old_content":"","_et_gb_content_width":""},"_links":{"self":[{"href":"https:\/\/areasaludplasencia.es\/aspwp\/wp-json\/wp\/v2\/pages\/1335"}],"collection":[{"href":"https:\/\/areasaludplasencia.es\/aspwp\/wp-json\/wp\/v2\/pages"}],"about":[{"href":"https:\/\/areasaludplasencia.es\/aspwp\/wp-json\/wp\/v2\/types\/page"}],"author":[{"embeddable":true,"href":"https:\/\/areasaludplasencia.es\/aspwp\/wp-json\/wp\/v2\/users\/1"}],"replies":[{"embeddable":true,"href":"https:\/\/areasaludplasencia.es\/aspwp\/wp-json\/wp\/v2\/comments?post=1335"}],"version-history":[{"count":127,"href":"https:\/\/areasaludplasencia.es\/aspwp\/wp-json\/wp\/v2\/pages\/1335\/revisions"}],"predecessor-version":[{"id":6096,"href":"https:\/\/areasaludplasencia.es\/aspwp\/wp-json\/wp\/v2\/pages\/1335\/revisions\/6096"}],"wp:attachment":[{"href":"https:\/\/areasaludplasencia.es\/aspwp\/wp-json\/wp\/v2\/media?parent=1335"}],"curies":[{"name":"wp","href":"https:\/\/api.w.org\/{rel}","templated":true}]}}