{"id":127,"date":"2017-03-05T08:54:59","date_gmt":"2017-03-05T08:54:59","guid":{"rendered":"http:\/\/areasaludplasencia.es\/aspwp\/?page_id=127"},"modified":"2026-01-19T16:03:15","modified_gmt":"2026-01-19T16:03:15","slug":"directorio","status":"publish","type":"page","link":"https:\/\/areasaludplasencia.es\/aspwp\/directorio\/","title":{"rendered":"Directorio"},"content":{"rendered":"<p>[et_pb_section fb_built=&#8221;1&#8243; admin_label=&#8221;section&#8221; _builder_version=&#8221;3.22&#8243; custom_margin=&#8221;-8px||-39px|||&#8221; custom_padding=&#8221;||21px|||&#8221;][et_pb_row _builder_version=&#8221;4.0.5&#8243; custom_margin=&#8221;-45px|auto||auto||&#8221; custom_padding=&#8221;||22px|||&#8221;][et_pb_column type=&#8221;4_4&#8243; _builder_version=&#8221;4.0.5&#8243;][et_pb_text _builder_version=&#8221;4.0.5&#8243; text_font=&#8221;||||||||&#8221; text_text_color=&#8221;#0022ad&#8221; text_font_size=&#8221;26px&#8221; custom_margin=&#8221;||5px|||&#8221; border_color_all=&#8221;#0C71C3&#8243; border_width_bottom=&#8221;4px&#8221; border_color_bottom=&#8221;#5992c1&#8243; border_style_bottom=&#8221;solid&#8221;]<\/p>\n<p>Directorio<\/p>\n<p>[\/et_pb_text][\/et_pb_column][\/et_pb_row][\/et_pb_section][et_pb_section fb_built=&#8221;1&#8243; _builder_version=&#8221;4.0.5&#8243; custom_padding=&#8221;15px|||||&#8221;][et_pb_row column_structure=&#8221;1_2,1_2&#8243; _builder_version=&#8221;4.0.5&#8243;][et_pb_column type=&#8221;1_2&#8243; _builder_version=&#8221;4.0.5&#8243;][et_pb_blurb title=&#8221;Equipo Directivo&#8221; use_icon=&#8221;on&#8221; font_icon=&#8221;%%131%%&#8221; icon_color=&#8221;#FFFFFF&#8221; icon_placement=&#8221;left&#8221; use_icon_font_size=&#8221;on&#8221; icon_font_size=&#8221;28px&#8221; _builder_version=&#8221;4.0.5&#8243; header_level=&#8221;h2&#8243; header_text_color=&#8221;#FFFFFF&#8221; background_color=&#8221;#76c0e0&#8243; custom_margin=&#8221;||10px||false|false&#8221; custom_padding=&#8221;7px||0px|12px|false|false&#8221; border_radii=&#8221;on|3px|3px|3px|3px&#8221;][\/et_pb_blurb][et_pb_text _builder_version=&#8221;4.7.7&#8243; custom_margin=&#8221;||-10px||false|false&#8221;]<\/p>\n<table style=\"width: 100%;\">\n<tbody>\n<tr>\n<td style=\"width: 40%;\">Gerente de \u00c1rea<\/td>\n<td>Santiago San Jos\u00e9 Pizarro<br \/> <img src=\"\/images\/emails\/gerente.hvpt.jpg\" \/><br \/> 927 428 327<\/td>\n<\/tr>\n<\/tbody>\n<\/table>\n<p>[\/et_pb_text][et_pb_text _builder_version=&#8221;4.7.7&#8243; custom_margin=&#8221;||-10px||false|false&#8221;]<\/p>\n<table style=\"width: 100%;\">\n<tbody>\n<tr>\n<td style=\"width: 40%;\">Director de Salud<\/td>\n<td>Manuel Jos\u00e9 Caldera Belv\u00eds<br \/> <img src=\"\/images\/emails\/dirsal.plasenciax.jpg\" \/><br \/> 927 428 368<\/td>\n<\/tr>\n<\/tbody>\n<\/table>\n<p>[\/et_pb_text][et_pb_text _builder_version=&#8221;4.7.7&#8243; custom_margin=&#8221;||-10px||false|false&#8221;]<\/p>\n<table style=\"width: 100%;\">\n<tbody>\n<tr>\n<td style=\"width: 40%;\">Director Asistencial<\/td>\n<td>Montserrat Zaragoza Fern\u00e1ndez<br \/> <img src=\"\/images\/emails\/dirmed.plasenciax.jpg\" \/><br \/> 927 428 303<\/td>\n<\/tr>\n<\/tbody>\n<\/table>\n<p>[\/et_pb_text][et_pb_text _builder_version=&#8221;4.7.7&#8243; custom_margin=&#8221;||-10px||false|false&#8221;]<\/p>\n<table style=\"width: 100%;\">\n<tbody>\n<tr>\n<td style=\"width: 40%;\">Directora Econ\u00f3mico y Presupuestaria<\/td>\n<td>Mercedes Refolio Padilla<br \/>\n<img src=\"\/images\/emails\/direcon.plasenciax.jpg\" \/><br \/>\n927 428 325<\/td>\n<\/tr>\n<\/tbody>\n<\/table>\n<p>[\/et_pb_text][et_pb_text _builder_version=&#8221;4.7.7&#8243; custom_margin=&#8221;||-10px||false|false&#8221;]<\/p>\n<table style=\"width: 100%;\">\n<tbody>\n<tr>\n<td style=\"width: 40%;\">Director de Recursos Humanos<\/td>\n<td>Luis D\u00edaz S\u00e1nchez<br \/> <img src=\"\/images\/emails\/rrhh.plasenciax.jpg\" \/><br \/> 927 428 360<\/td>\n<\/tr>\n<\/tbody>\n<\/table>\n<p>[\/et_pb_text][et_pb_text _builder_version=&#8221;4.7.7&#8243; custom_margin=&#8221;||-10px||false|false&#8221;]<\/p>\n<table style=\"width: 100%;\">\n<tbody>\n<tr>\n<td style=\"width: 40%;\">Director M\u00e9dico<br \/> Atenci\u00f3n Especializada<\/td>\n<td>&#8211;<br \/> &#8211;<br \/>&#8211;<\/td>\n<\/tr>\n<\/tbody>\n<\/table>\n<p>[\/et_pb_text][et_pb_text _builder_version=&#8221;4.7.7&#8243; custom_margin=&#8221;||-10px||false|false&#8221;]<\/p>\n<table style=\"width: 100%;\">\n<tbody>\n<tr>\n<td style=\"width: 40%;\">Directora M\u00e9dico<br \/>\nAtenci\u00f3n Primaria<\/td>\n<td>Esther Artacho Aznar<br \/>\n<img src=\"\/images\/emails\/esther.artacho.jpg\" \/><br \/>\n927 428 365<\/td>\n<\/tr>\n<\/tbody>\n<\/table>\n<p>[\/et_pb_text][et_pb_text disabled_on=&#8221;on|on|on&#8221; _builder_version=&#8221;4.7.7&#8243; custom_margin=&#8221;||-10px||false|false&#8221; disabled=&#8221;on&#8221;]<\/p>\n<table style=\"width: 100%;\">\n<tbody>\n<tr>\n<td style=\"width: 40%;\">Coordinadora M\u00e9dico<br \/>Equipos Atenci\u00f3n Primaria<\/td>\n<td>Esther Artacho Aznar<br \/> <img src=\"\/images\/emails\/antonia.ingelmo.jpg\" \/><br \/> 927 428 365<\/td>\n<\/tr>\n<\/tbody>\n<\/table>\n<p>[\/et_pb_text][et_pb_text _builder_version=&#8221;4.7.7&#8243; custom_margin=&#8221;||-10px||false|false&#8221;]<\/p>\n<table style=\"width: 100%;\">\n<tbody>\n<tr>\n<td style=\"width: 40%;\">Directora de Enfermer\u00eda<br \/> Atenci\u00f3n Especializada<\/td>\n<td>Vanessa Porra Ace\u00f1a<br \/> <img src=\"\/images\/emails\/direnf.hvptx.jpg\" \/><br \/> 927 428 300<\/td>\n<\/tr>\n<\/tbody>\n<\/table>\n<p>[\/et_pb_text][et_pb_text _builder_version=&#8221;4.7.7&#8243; custom_margin=&#8221;||-10px||false|false&#8221;]<\/p>\n<table style=\"width: 100%;\">\n<tbody>\n<tr>\n<td style=\"width: 40%;\">Directora de Enfermer\u00eda<br \/> Atenci\u00f3n Pimaria<\/td>\n<td>M\u00aa Paz Montero G\u00f3mez<br \/> <img src=\"\/images\/emails\/direnf.plasenciax.jpg\" \/><br \/> 927 428 363<\/td>\n<\/tr>\n<\/tbody>\n<\/table>\n<p>[\/et_pb_text][et_pb_blurb title=&#8221;HOSPITAL&#8221; use_icon=&#8221;on&#8221; font_icon=&#8221;%%131%%&#8221; icon_color=&#8221;#FFFFFF&#8221; icon_placement=&#8221;left&#8221; use_icon_font_size=&#8221;on&#8221; icon_font_size=&#8221;28px&#8221; _builder_version=&#8221;4.0.5&#8243; header_level=&#8221;h2&#8243; header_text_color=&#8221;#FFFFFF&#8221; background_color=&#8221;#76c0e0&#8243; custom_padding=&#8221;7px||0px|12px|false|false&#8221; link_option_url=&#8221;https:\/\/areasaludplasencia.es\/aspwp\/zonas-de-salud\/&#8221; border_radii=&#8221;on|3px|3px|3px|3px&#8221;][\/et_pb_blurb][et_pb_cta button_url=&#8221;https:\/\/areasaludplasencia.es\/aspwp\/directorio-hospital\/&#8221; button_text=&#8221;Directorio&#8221; _builder_version=&#8221;4.0.5&#8243; background_color=&#8221;#76c0e0&#8243; custom_button=&#8221;on&#8221; button_text_size=&#8221;16px&#8221; button_text_color=&#8221;#FFFFFF&#8221; button_icon=&#8221;%%28%%&#8221; button_alignment=&#8221;center&#8221; custom_margin=&#8221;-26px||66px||false|false&#8221; custom_padding=&#8221;0px||10px||false|false&#8221;][\/et_pb_cta][\/et_pb_column][et_pb_column type=&#8221;1_2&#8243; _builder_version=&#8221;4.0.5&#8243;][et_pb_blurb title=&#8221;Gerencia&#8221; use_icon=&#8221;on&#8221; font_icon=&#8221;%%131%%&#8221; icon_color=&#8221;#FFFFFF&#8221; icon_placement=&#8221;left&#8221; use_icon_font_size=&#8221;on&#8221; icon_font_size=&#8221;28px&#8221; _builder_version=&#8221;4.0.5&#8243; header_level=&#8221;h2&#8243; header_text_color=&#8221;#FFFFFF&#8221; background_color=&#8221;#76c0e0&#8243; custom_margin=&#8221;||10px||false|false&#8221; custom_padding=&#8221;7px||0px|12px|false|false&#8221; border_radii=&#8221;on|3px|3px|3px|3px&#8221;][\/et_pb_blurb][et_pb_text _builder_version=&#8221;4.7.7&#8243; custom_margin=&#8221;||-10px||false|false&#8221;]<\/p>\n<table style=\"width: 100%;\">\n<tbody>\n<tr>\n<td style=\"width: 50%;\">Administraci\u00f3n de Personal<br \/>\nJefe de Servicio<\/td>\n<td>Berta S\u00e1nchez Hern\u00e1ndez<br \/>\n<img src=\"\/images\/emails\/berta.sanchezx.jpg\" \/><br \/>\n927 428 364<\/td>\n<\/tr>\n<\/tbody>\n<\/table>\n<p>[\/et_pb_text][et_pb_text _builder_version=&#8221;4.7.7&#8243; custom_margin=&#8221;||-10px||false|false&#8221;]<\/p>\n<table style=\"width: 100%;\">\n<tbody>\n<tr>\n<td style=\"width: 50%;\">\n<p>Farmac\u00e9utico de \u00c1rea<\/p>\n<p>Coordinador de Calidad<\/p>\n<\/td>\n<td>Miguel Angel Garc\u00eda Mart\u00edn<br \/> <img src=\"\/images\/emails\/miguel.garciamax.jpg\" \/><br \/> 927 428 369<\/td>\n<\/tr>\n<\/tbody>\n<\/table>\n<p>[\/et_pb_text][et_pb_text _builder_version=&#8221;4.7.7&#8243; custom_margin=&#8221;||-10px||false|false&#8221;]<\/p>\n<table style=\"width: 100%;\">\n<tbody>\n<tr>\n<td style=\"width: 50%;\">Ingenier\u00eda y Mantenimiento<\/td>\n<td>Carlos Mata G\u00f3mez<br \/>\n<img src=\"\/images\/emails\/carlos.matax.jpg\" \/><br \/>\n927 428 407<\/td>\n<\/tr>\n<\/tbody>\n<\/table>\n<p>[\/et_pb_text][et_pb_text _builder_version=&#8221;4.7.7&#8243; custom_margin=&#8221;||-10px||false|false&#8221;]<\/p>\n<table style=\"width: 100%;\">\n<tbody>\n<tr>\n<td style=\"width: 50%;\">Coordinadora de Sistemas<br \/>\nde Informaci\u00f3n<\/td>\n<td>M\u00aa Jos\u00e9 Acevedo Gonz\u00e1lez<br \/>\n<img src=\"\/images\/emails\/coorsis.plasenciax.jpg\" \/><br \/>\n927 423 707<\/td>\n<\/tr>\n<\/tbody>\n<\/table>\n<p>[\/et_pb_text][et_pb_text _builder_version=&#8221;4.7.7&#8243; custom_margin=&#8221;||-10px||false|false&#8221;]<\/p>\n<table style=\"width: 100%;\">\n<tbody>\n<tr>\n<td style=\"width: 50%;\">Contrataci\u00f3n Administrativa<br \/>\nJefe de Grupo<\/td>\n<td>Eusebia Mart\u00edn S\u00e1nchez<br \/>\n<img src=\"\/images\/emails\/eusebia.martinx.jpg\" \/><br \/>\n927 428 351<\/td>\n<\/tr>\n<\/tbody>\n<\/table>\n<p>[\/et_pb_text][et_pb_text _builder_version=&#8221;4.7.7&#8243; custom_margin=&#8221;||-10px||false|false&#8221;]<\/p>\n<table style=\"width: 100%;\">\n<tbody>\n<tr>\n<td style=\"width: 50%;\">Suministros y Compras<br \/>\nJefe de Secci\u00f3n<\/td>\n<td>Pilar Calzas Obregon<br \/>\n<img src=\"\/images\/emails\/sumini.plasenciax.jpg\" \/><br \/>\n927 428 333<\/td>\n<\/tr>\n<\/tbody>\n<\/table>\n<p>[\/et_pb_text][et_pb_text _builder_version=&#8221;4.7.7&#8243; custom_margin=&#8221;||-10px||false|false&#8221;]<\/p>\n<table style=\"width: 100%;\">\n<tbody>\n<tr>\n<td style=\"width: 50%;\">Servicios Generales-Hosteler\u00eda<br \/> Jefe de Secci\u00f3n<\/td>\n<td>Adolfo S\u00e1nchez Galindo<br \/> <img src=\"\/images\/emails\/adolfo.sanchezx.jpg\" \/><br \/> 927 428 336<\/td>\n<\/tr>\n<\/tbody>\n<\/table>\n<p>[\/et_pb_text][et_pb_text _builder_version=&#8221;4.7.7&#8243; custom_margin=&#8221;||-10px||false|false&#8221;]<\/p>\n<table style=\"width: 100%;\">\n<tbody>\n<tr>\n<td style=\"width: 50%;\">Contabilidad<br \/>\nJefe Secci\u00f3n<\/td>\n<td>Ana Isabel S\u00e1nchez Vivas<br \/>\n<img src=\"\/images\/emails\/anaisabel.sanchezx.jpg\" \/><br \/>\n927 428 360<\/td>\n<\/tr>\n<\/tbody>\n<\/table>\n<p>[\/et_pb_text][et_pb_text _builder_version=&#8221;4.7.7&#8243; custom_margin=&#8221;||-10px||false|false&#8221;]<\/p>\n<table style=\"width: 100%;\">\n<tbody>\n<tr>\n<td style=\"width: 50%;\">Gesti\u00f3n de Usuarios<br \/>\nJefe de Grupo<\/td>\n<td>Carlos Dom\u00ednguez Santamar\u00eda<br \/>\n<img src=\"\/images\/emails\/carlos.dominguezx.jpg\" \/><br \/>\n927 428 366<\/td>\n<\/tr>\n<\/tbody>\n<\/table>\n<p>[\/et_pb_text][et_pb_text _builder_version=&#8221;4.7.7&#8243; custom_margin=&#8221;||-10px||false|false&#8221;]<\/p>\n<table style=\"width: 100%;\">\n<tbody>\n<tr>\n<td style=\"width: 50%;\">Consultas Externas<br \/>\nResp. Administrativa<\/td>\n<td>Julia Manuel Conejero<br \/>\n<img src=\"\/images\/emails\/julia.manuelx.jpg\" \/><br \/>\n927 428 301<\/td>\n<\/tr>\n<\/tbody>\n<\/table>\n<p>[\/et_pb_text][et_pb_text _builder_version=&#8221;4.7.7&#8243; custom_margin=&#8221;||-10px||false|false&#8221;]<\/p>\n<table style=\"width: 100%;\">\n<tbody>\n<tr>\n<td style=\"width: 50%;\">Facturaci\u00f3n y Cargos<br \/>\nJefe Secci\u00f3n<\/td>\n<td>Jesus Manuel S\u00e1nchez Blanco<br \/>\n<img src=\"\/images\/emails\/jesus.sanchezbx.jpg\" \/><br \/>\n927 428 313<\/td>\n<\/tr>\n<\/tbody>\n<\/table>\n<p>[\/et_pb_text][\/et_pb_column][\/et_pb_row][et_pb_row _builder_version=&#8221;4.7.7&#8243; _module_preset=&#8221;default&#8221;][et_pb_column type=&#8221;4_4&#8243; _builder_version=&#8221;4.7.7&#8243; _module_preset=&#8221;default&#8221;][et_pb_divider _builder_version=&#8221;4.7.7&#8243; _module_preset=&#8221;default&#8221; custom_padding=&#8221;||0px|||&#8221;][\/et_pb_divider][\/et_pb_column][\/et_pb_row][et_pb_row column_structure=&#8221;1_2,1_2&#8243; _builder_version=&#8221;4.0.5&#8243;][et_pb_column type=&#8221;1_2&#8243; _builder_version=&#8221;4.0.5&#8243;][et_pb_blurb title=&#8221;Cuidados Paliativos&#8221; use_icon=&#8221;on&#8221; font_icon=&#8221;%%131%%&#8221; icon_color=&#8221;#FFFFFF&#8221; icon_placement=&#8221;left&#8221; use_icon_font_size=&#8221;on&#8221; icon_font_size=&#8221;28px&#8221; _builder_version=&#8221;4.0.5&#8243; header_level=&#8221;h2&#8243; header_text_color=&#8221;#FFFFFF&#8221; background_color=&#8221;#76c0e0&#8243; custom_margin=&#8221;||10px||false|false&#8221; custom_padding=&#8221;7px||0px|12px|false|false&#8221; border_radii=&#8221;on|3px|3px|3px|3px&#8221;][\/et_pb_blurb][et_pb_text _builder_version=&#8221;4.7.7&#8243;]<\/p>\n<table style=\"width: 100%;\">\n<tbody>\n<tr>\n<td style=\"width: 40%;\">\n<p>Coordinadora de Equipo<\/p>\n<p>Hospital Virgen del Puerto<br \/> Plasencia<\/p>\n<\/td>\n<td>M\u00aa Angeles S\u00e1nchez P\u00e9rez<br \/> <img src=\"\/images\/emails\/ecuipal.plasenciax.jpg\" \/><br \/> 927 428 405\u00a0 &#8211;\u00a0 78514<\/td>\n<\/tr>\n<\/tbody>\n<\/table>\n<p>[\/et_pb_text][et_pb_blurb title=&#8221;Salud Mental&#8221; use_icon=&#8221;on&#8221; font_icon=&#8221;%%131%%&#8221; icon_color=&#8221;#FFFFFF&#8221; icon_placement=&#8221;left&#8221; use_icon_font_size=&#8221;on&#8221; icon_font_size=&#8221;28px&#8221; _builder_version=&#8221;4.0.5&#8243; header_level=&#8221;h2&#8243; header_text_color=&#8221;#FFFFFF&#8221; background_color=&#8221;#76c0e0&#8243; custom_margin=&#8221;||10px||false|false&#8221; custom_padding=&#8221;7px||0px|12px|false|false&#8221; border_radii=&#8221;on|3px|3px|3px|3px&#8221;][\/et_pb_blurb][et_pb_text _builder_version=&#8221;4.7.7&#8243;]<\/p>\n<table style=\"width: 100%;\">\n<tbody>\n<tr>\n<td style=\"width: 40%;\">\n<p>Coordinadora de Equipo<\/p>\n<p>Centro de Especialidades<br \/> Luis de Toro &#8211; Plasencia<\/p>\n<\/td>\n<td>M\u00aa Victoria G\u00f3mez Tom\u00e9<br \/> <img src=\"\/images\/emails\/mariavictoria.gomeztx.jpg\" \/><br \/> 927 458 036\u00a0 &#8211;\u00a0 74921<\/td>\n<\/tr>\n<\/tbody>\n<\/table>\n<p>[\/et_pb_text][\/et_pb_column][et_pb_column type=&#8221;1_2&#8243; _builder_version=&#8221;4.0.5&#8243;][et_pb_blurb title=&#8221;Unidad del Dolor&#8221; use_icon=&#8221;on&#8221; font_icon=&#8221;%%131%%&#8221; icon_color=&#8221;#FFFFFF&#8221; icon_placement=&#8221;left&#8221; use_icon_font_size=&#8221;on&#8221; icon_font_size=&#8221;28px&#8221; _builder_version=&#8221;4.0.5&#8243; header_level=&#8221;h2&#8243; header_text_color=&#8221;#FFFFFF&#8221; background_color=&#8221;#76c0e0&#8243; custom_margin=&#8221;||10px||false|false&#8221; custom_padding=&#8221;7px||0px|12px|false|false&#8221; border_radii=&#8221;on|3px|3px|3px|3px&#8221;][\/et_pb_blurb][et_pb_text _builder_version=&#8221;4.7.7&#8243; custom_margin=&#8221;||2px|||&#8221; custom_padding=&#8221;||0px|||&#8221; hover_enabled=&#8221;0&#8243; sticky_enabled=&#8221;0&#8243;]<\/p>\n<table style=\"width: 100%;\">\n<tbody>\n<tr>\n<td style=\"width: 40%;\">\n<p>Coordinadora<\/p>\n<p>Edificio Polivalente<br \/> (antigua gerencia)<br \/> Plasencia<\/p>\n<\/td>\n<td>Manuela Valero Oropesa<br \/> <img src=\"\/images\/emails\/udolor.plasenciax.jpg\" \/><br \/> 927 428 342\u00a0 &#8211;\u00a0 78601<\/td>\n<\/tr>\n<\/tbody>\n<\/table>\n<p>[\/et_pb_text][et_pb_blurb title=&#8221;Servicio de Atenci\u00f3n al Usuario&#8221; use_icon=&#8221;on&#8221; font_icon=&#8221;%%131%%&#8221; icon_color=&#8221;#FFFFFF&#8221; icon_placement=&#8221;left&#8221; use_icon_font_size=&#8221;on&#8221; icon_font_size=&#8221;28px&#8221; _builder_version=&#8221;4.7.7&#8243; header_level=&#8221;h2&#8243; header_text_color=&#8221;#FFFFFF&#8221; background_color=&#8221;#76c0e0&#8243; custom_margin=&#8221;||10px||false|false&#8221; custom_padding=&#8221;7px||0px|12px|false|false&#8221; border_radii=&#8221;on|3px|3px|3px|3px&#8221;][\/et_pb_blurb][et_pb_text _builder_version=&#8221;4.7.7&#8243; custom_margin=&#8221;||2px|||&#8221; custom_padding=&#8221;||0px|||&#8221;]<\/p>\n<table style=\"width: 100%;\">\n<tbody>\n<tr>\n<td style=\"width: 40%;\">Responsable<\/p>\n<p>Hospital Virgen del Puerto<br \/>\nPlasencia<\/td>\n<td>Salvadora Mart\u00edn Bohollo<br \/>\n<img src=\"\/images\/emails\/sau.plasencia.jpg\" \/><br \/>\n927 428 302\u00a0 &#8211;\u00a0 78002<\/td>\n<\/tr>\n<\/tbody>\n<\/table>\n<p>[\/et_pb_text][\/et_pb_column][\/et_pb_row][et_pb_row _builder_version=&#8221;4.0.5&#8243;][et_pb_column type=&#8221;4_4&#8243; _builder_version=&#8221;4.0.5&#8243;][et_pb_blurb title=&#8221;Centro de Orientaci\u00f3n y Planificaci\u00f3n Familiar (COPF)&#8221; content_max_width=&#8221;600px&#8221; _builder_version=&#8221;4.7.7&#8243; header_level=&#8221;h2&#8243; header_text_align=&#8221;center&#8221; header_text_color=&#8221;#FFFFFF&#8221; background_color=&#8221;#76c0e0&#8243; custom_padding=&#8221;6px||0px||false|false&#8221; border_radii=&#8221;on|3px|3px|3px|3px&#8221;][\/et_pb_blurb][\/et_pb_column][\/et_pb_row][et_pb_row column_structure=&#8221;1_2,1_2&#8243; _builder_version=&#8221;4.7.7&#8243; _module_preset=&#8221;default&#8221;][et_pb_column type=&#8221;1_2&#8243; _builder_version=&#8221;4.7.7&#8243; _module_preset=&#8221;default&#8221;][et_pb_text _builder_version=&#8221;4.7.7&#8243; custom_margin=&#8221;0px||||false|false&#8221; custom_padding=&#8221;0px|||||&#8221;]<\/p>\n<table style=\"width: 100%;\">\n<tbody>\n<tr>\n<td colspan=\"2\" style=\"text-align: center;\"><strong>PLASENCIA I<\/strong><\/td>\n<\/tr>\n<tr>\n<td style=\"width: 40%;\">Medicina<\/td>\n<td>M\u00aa Bego\u00f1a Romo Herrero<br \/>\n<img src=\"\/images\/emails\/begona.romoh.jpg\" \/><br \/>\n927 423 436<\/td>\n<\/tr>\n<tr>\n<td style=\"width: 40%;\">Enfermer\u00eda<\/td>\n<td>Manuela Mor\u00e1n Canelo<br \/>\n<img src=\"\/images\/emails\/manuela.moran.jpg\" \/><br \/>\n927 423 436<\/td>\n<\/tr>\n<tr>\n<td style=\"width: 40%;\">Trabajo Social<\/td>\n<td>Encarnaci\u00f3n Hurtado Marcos<br \/>\n<img src=\"\/images\/emails\/encarnacion.hurtado.jpg\" \/><br \/>\n927 423 436<\/td>\n<\/tr>\n<\/tbody>\n<\/table>\n<p>[\/et_pb_text][\/et_pb_column][et_pb_column type=&#8221;1_2&#8243; _builder_version=&#8221;4.7.7&#8243; _module_preset=&#8221;default&#8221;][et_pb_text _builder_version=&#8221;4.7.7&#8243; custom_margin=&#8221;0px||||false|false&#8221; custom_padding=&#8221;0px|||||&#8221;]<\/p>\n<table style=\"width: 100%;\">\n<tbody>\n<tr>\n<td colspan=\"2\" style=\"text-align: center;\"><strong>PLASENCIA II \/ JARAIZ DE LA VERA<\/strong><\/td>\n<\/tr>\n<tr>\n<td style=\"width: 40%;\">Medicina<\/td>\n<td>Alberto Meizoso Beceiro<br \/> <img src=\"\/images\/emails\/alberto.meizoso.jpg\" \/><br \/> 927 423 100 \/ 927 170 221<\/td>\n<\/tr>\n<tr>\n<td style=\"width: 40%;\">Enfermer\u00eda<\/td>\n<td>Marta Ba\u00f1uls Coca<br \/> <img src=\"\/images\/emails\/marta.banulsc.jpg\" \/><br \/>927 423 100 \/ 927 170 221<\/td>\n<\/tr>\n<tr>\n<td style=\"width: 40%;\">Trabajo Social<\/td>\n<td>Montserrat Cort\u00e9s Momp\u00f3<br \/> <img src=\"\/images\/emails\/montserrat.cortes.jpg\" \/><br \/> 927 423 100 \/ 927 170 221<\/td>\n<\/tr>\n<\/tbody>\n<\/table>\n<p>[\/et_pb_text][\/et_pb_column][\/et_pb_row][et_pb_row _builder_version=&#8221;4.0.5&#8243;][et_pb_column type=&#8221;4_4&#8243; _builder_version=&#8221;4.0.5&#8243;][et_pb_blurb title=&#8221;Unidades Medicalizadas de Emergencias (UME)&#8221; _builder_version=&#8221;4.7.7&#8243; header_level=&#8221;h2&#8243; header_text_align=&#8221;center&#8221; header_text_color=&#8221;#FFFFFF&#8221; background_color=&#8221;#76c0e0&#8243; custom_padding=&#8221;6px||0px||false|false&#8221; border_radii=&#8221;on|3px|3px|3px|3px&#8221;][\/et_pb_blurb][\/et_pb_column][\/et_pb_row][et_pb_row column_structure=&#8221;1_2,1_2&#8243; _builder_version=&#8221;4.0.5&#8243; custom_margin=&#8221;|auto|-17px|auto||&#8221; custom_padding=&#8221;0px||16px|||&#8221;][et_pb_column type=&#8221;1_2&#8243; _builder_version=&#8221;4.0.5&#8243;][et_pb_text _builder_version=&#8221;4.7.7&#8243; custom_margin=&#8221;0px||||false|false&#8221; custom_padding=&#8221;0px|||||&#8221;]<\/p>\n<table style=\"width: 100%;\">\n<tbody>\n<tr>\n<td colspan=\"2\" style=\"text-align: center;\"><strong>PLASENCIA UME &#8211; 7.1<\/strong><\/td>\n<\/tr>\n<tr>\n<td style=\"width: 40%;\">Coordinador<\/td>\n<td>Carlos Blasco Arrojo<br \/> <img src=\"\/images\/emails\/carlos.blasco.jpg\" \/><br \/> 927 414 375<\/td>\n<\/tr>\n<tr>\n<td style=\"width: 40%;\">Resp. Enfermer\u00eda<\/td>\n<td>Susana G\u00f3mez Calle<br \/> <img src=\"\/images\/emails\/susana.gomezx.jpg\" \/><br \/> 927 414 375<\/td>\n<\/tr>\n<\/tbody>\n<\/table>\n<p>[\/et_pb_text][et_pb_text _builder_version=&#8221;4.7.7&#8243; custom_margin=&#8221;0px||||false|false&#8221; custom_padding=&#8221;0px|||||&#8221;]<\/p>\n<table style=\"width: 100%;\">\n<tbody>\n<tr>\n<td colspan=\"2\" style=\"text-align: center;\"><strong>JARA\u00cdZ DE LA VERA &#8211; UME 7.3<\/strong><\/td>\n<\/tr>\n<tr>\n<td style=\"width: 40%;\">Coordinadora<\/td>\n<td>Noem\u00ed D\u00edaz D\u00edaz<br \/> <img src=\"\/images\/emails\/noemi.diaz.jpg\" \/><br \/> 927 170 221 (Centro de Salud)<\/td>\n<\/tr>\n<tr>\n<td style=\"width: 40%;\">Resp. Enfermer\u00eda<\/td>\n<td>Luis A. Cordero Cor\u00f3n<br \/> <img src=\"\/images\/emails\/luisantonio.cordero.jpg\" \/><br \/> 927 170 221<\/td>\n<\/tr>\n<\/tbody>\n<\/table>\n<p>[\/et_pb_text][\/et_pb_column][et_pb_column type=&#8221;1_2&#8243; _builder_version=&#8221;4.0.5&#8243;][et_pb_text _builder_version=&#8221;4.7.7&#8243; custom_margin=&#8221;0px||||false|false&#8221; custom_padding=&#8221;0px|||||&#8221;]<\/p>\n<table style=\"width: 100%;\">\n<tbody>\n<tr>\n<td colspan=\"2\" style=\"text-align: center;\"><strong>CAMINOMORISCO UME &#8211; 7.2<\/strong><\/td>\n<\/tr>\n<tr>\n<td style=\"width: 40%;\">Coordinador<\/td>\n<td>Jes\u00fas Preciado S\u00e1nchez<br \/> <img src=\"\/images\/emails\/jesus.preciado.jpg\" \/><br \/> 927 185 671 (Consultorio)<\/td>\n<\/tr>\n<tr>\n<td style=\"width: 40%;\">Resp. Enfermer\u00eda<\/td>\n<td>Juan Carlos Resmella Lozanoz<br \/> <img src=\"\/images\/emails\/juancarlos.resmella.jpg\" \/><br \/> 927 185 671 (Consultorio)<\/td>\n<\/tr>\n<\/tbody>\n<\/table>\n<p>[\/et_pb_text][\/et_pb_column][\/et_pb_row][et_pb_row _builder_version=&#8221;4.0.5&#8243;][et_pb_column type=&#8221;4_4&#8243; _builder_version=&#8221;4.0.5&#8243;][et_pb_blurb title=&#8221;Equipos de Conductas Adictivas (antes CEDEX)&#8221; _builder_version=&#8221;4.7.7&#8243; header_level=&#8221;h2&#8243; header_text_align=&#8221;center&#8221; header_text_color=&#8221;#FFFFFF&#8221; background_color=&#8221;#76c0e0&#8243; custom_padding=&#8221;6px||0px||false|false&#8221; border_radii=&#8221;on|3px|3px|3px|3px&#8221;][\/et_pb_blurb][\/et_pb_column][\/et_pb_row][et_pb_row column_structure=&#8221;1_2,1_2&#8243; _builder_version=&#8221;4.0.5&#8243; custom_margin=&#8221;|auto|-17px|auto||&#8221; custom_padding=&#8221;0px||16px|||&#8221;][et_pb_column type=&#8221;1_2&#8243; _builder_version=&#8221;4.0.5&#8243;][et_pb_text _builder_version=&#8221;4.7.7&#8243; custom_margin=&#8221;0px||||false|false&#8221; custom_padding=&#8221;0px|||||&#8221;]<\/p>\n<table style=\"width: 100%;\">\n<tbody>\n<tr>\n<td colspan=\"2\" style=\"text-align: center;\"><strong>JARA\u00cdZ de LA VERA<\/strong><\/td>\n<\/tr>\n<tr>\n<td style=\"width: 40%;\">\n<p>Coordinador ECA<\/p>\n<p>Jaraiz de la Vera<\/p>\n<\/td>\n<td>Coordinador del Centro de Salud de<br \/> Jara\u00edz de la Vera<br \/> <img src=\"\/images\/emails\/jaraizdelavera.admonx.jpg\" \/><br \/> 927 170 500<\/td>\n<\/tr>\n<\/tbody>\n<\/table>\n<p>[\/et_pb_text][\/et_pb_column][et_pb_column type=&#8221;1_2&#8243; _builder_version=&#8221;4.0.5&#8243;][et_pb_text _builder_version=&#8221;4.7.7&#8243; custom_margin=&#8221;0px||||false|false&#8221; custom_padding=&#8221;0px|||||&#8221;]<\/p>\n<table style=\"width: 100%;\">\n<tbody>\n<tr>\n<td colspan=\"2\" style=\"text-align: center;\"><strong>PLASENCIA<\/strong><\/td>\n<\/tr>\n<tr>\n<td style=\"width: 40%;\">\n<p>Coordinador ECA<\/p>\n<p>Centro de Especialidades<br \/> Plasencia<\/p>\n<\/td>\n<td>&#8211;<br \/> @<br \/> 927 427 129<\/td>\n<\/tr>\n<\/tbody>\n<\/table>\n<p>[\/et_pb_text][\/et_pb_column][\/et_pb_row][et_pb_row _builder_version=&#8221;4.0.5&#8243;][et_pb_column type=&#8221;4_4&#8243; _builder_version=&#8221;4.0.5&#8243;][et_pb_blurb title=&#8221;Centros de Salud&#8221; _builder_version=&#8221;4.0.5&#8243; header_level=&#8221;h2&#8243; header_text_align=&#8221;center&#8221; header_text_color=&#8221;#FFFFFF&#8221; background_color=&#8221;#76c0e0&#8243; custom_padding=&#8221;6px||0px||false|false&#8221; border_radii=&#8221;on|3px|3px|3px|3px&#8221;][\/et_pb_blurb][\/et_pb_column][\/et_pb_row][et_pb_row column_structure=&#8221;1_2,1_2&#8243; _builder_version=&#8221;4.0.5&#8243; custom_margin=&#8221;|auto|-17px|auto||&#8221; custom_padding=&#8221;0px||16px|||&#8221;][et_pb_column type=&#8221;1_2&#8243; _builder_version=&#8221;4.0.5&#8243;][et_pb_text _builder_version=&#8221;4.0.5&#8243; header_3_font=&#8221;||||||||&#8221; header_3_text_color=&#8221;#FFFFFF&#8221; background_color=&#8221;#76c0e0&#8243; custom_margin=&#8221;0px||||false|false&#8221; custom_padding=&#8221;7px||0px||false|false&#8221; border_radii=&#8221;on|3px|3px|3px|3px&#8221;]<\/p>\n<h3 style=\"text-align: center;\">C.S.\u00a0 Ahigal<\/h3>\n<p>[\/et_pb_text][et_pb_text _builder_version=&#8221;4.7.7&#8243; custom_margin=&#8221;-25px|||||&#8221; custom_padding=&#8221;0px|||||&#8221;]<\/p>\n<table style=\"width: 100%;\">\n<tbody>\n<tr>\n<td style=\"width: 40%;\">Coordinadora<\/td>\n<td>Isabel Caballero Mart\u00edn<img src=\"\/images\/emails\/isabel.caballerox.jpg\" \/><br \/>\n72261<\/td>\n<\/tr>\n<tr>\n<td style=\"width: 40%;\">Responsable Enfermer\u00eda<\/td>\n<td>Ana Isabel S\u00e1nchez Mor\u00e1n<br \/>\n<img src=\"\/images\/emails\/ana.sanchezmx.jpg\" \/><br \/>\n72641 \/ 72441<\/td>\n<\/tr>\n<tr>\n<td colspan=\"2\" style=\"text-align: center;\">\n<img src=\"\/images\/emails\/ahigal.admon.jpg\" \/><\/td>\n<\/tr>\n<\/tbody>\n<\/table>\n<p>[\/et_pb_text][\/et_pb_column][et_pb_column type=&#8221;1_2&#8243; _builder_version=&#8221;4.0.5&#8243;][et_pb_text _builder_version=&#8221;4.0.5&#8243; header_3_font=&#8221;||||||||&#8221; header_3_text_color=&#8221;#FFFFFF&#8221; background_color=&#8221;#76c0e0&#8243; custom_margin=&#8221;0px||||false|false&#8221; custom_padding=&#8221;7px||0px||false|false&#8221; border_radii=&#8221;on|3px|3px|3px|3px&#8221;]<\/p>\n<h3 style=\"text-align: center;\">C.S.\u00a0 Aldeanueva del Camino<\/h3>\n<p>[\/et_pb_text][et_pb_text _builder_version=&#8221;4.7.7&#8243; custom_margin=&#8221;-25px|||||&#8221; custom_padding=&#8221;0px|||||&#8221;]<\/p>\n<table style=\"width: 100%;\">\n<tbody>\n<tr>\n<td style=\"width: 40%;\">Coordinador<\/td>\n<td>Irene Prieto del Amo<br \/>\n<img src=\"\/images\/emails\/irene.prieto.jpg\" \/><br \/>\n73500<\/td>\n<\/tr>\n<tr>\n<td style=\"width: 40%;\">Responsable Enfermer\u00eda<\/td>\n<td>Jose Julio Valentin Delgado<br \/>\n<img src=\"\/images\/emails\/josejulio.valentin.jpg\" \/><br \/>\n72161<\/td>\n<\/tr>\n<tr>\n<td colspan=\"2\" style=\"text-align: center;\">\n<img src=\"\/images\/emails\/aldeanueva.admon.jpg\" \/><\/td>\n<\/tr>\n<\/tbody>\n<\/table>\n<p>[\/et_pb_text][\/et_pb_column][\/et_pb_row][et_pb_row column_structure=&#8221;1_2,1_2&#8243; _builder_version=&#8221;4.0.5&#8243; custom_margin=&#8221;|auto|-17px|auto||&#8221; custom_padding=&#8221;0px||16px|||&#8221;][et_pb_column type=&#8221;1_2&#8243; _builder_version=&#8221;4.0.5&#8243;][et_pb_text _builder_version=&#8221;4.0.5&#8243; header_3_font=&#8221;||||||||&#8221; header_3_text_color=&#8221;#FFFFFF&#8221; background_color=&#8221;#76c0e0&#8243; custom_margin=&#8221;0px||||false|false&#8221; custom_padding=&#8221;7px||0px||false|false&#8221; border_radii=&#8221;on|3px|3px|3px|3px&#8221;]<\/p>\n<h3 style=\"text-align: center;\">C.S.\u00a0 Cabezuela del Valle<\/h3>\n<p>[\/et_pb_text][et_pb_text _builder_version=&#8221;4.7.7&#8243; custom_margin=&#8221;-25px|||||&#8221; custom_padding=&#8221;0px|||||&#8221;]<\/p>\n<table style=\"width: 100%;\">\n<tbody>\n<tr>\n<td style=\"width: 40%;\">Coordinador<\/td>\n<td>Juli\u00e1n Ba\u00f1ez Gutierrez<br \/>\n<img src=\"\/images\/emails\/julian.banez.jpg\" \/><br \/>\n73600<\/td>\n<\/tr>\n<tr>\n<td style=\"width: 40%;\">Responsable Enfermer\u00eda<\/td>\n<td>Saturna Tierno P\u00e9rez<br \/>\n<img src=\"\/images\/emails\/saturna.tierno.jpg\" \/><br \/>\n72582 \/ 72782<\/td>\n<\/tr>\n<tr>\n<td colspan=\"2\" style=\"text-align: center;\">\n<img src=\"\/images\/emails\/cabezuela.admon.jpg\" \/><\/td>\n<\/tr>\n<\/tbody>\n<\/table>\n<p>[\/et_pb_text][\/et_pb_column][et_pb_column type=&#8221;1_2&#8243; _builder_version=&#8221;4.0.5&#8243;][et_pb_text _builder_version=&#8221;4.0.5&#8243; header_3_font=&#8221;||||||||&#8221; header_3_text_color=&#8221;#FFFFFF&#8221; background_color=&#8221;#76c0e0&#8243; custom_margin=&#8221;0px||||false|false&#8221; custom_padding=&#8221;7px||0px||false|false&#8221; border_radii=&#8221;on|3px|3px|3px|3px&#8221;]<\/p>\n<h3 style=\"text-align: center;\">C.S.\u00a0 Casas del Casta\u00f1ar<\/h3>\n<p>[\/et_pb_text][et_pb_text _builder_version=&#8221;4.7.7&#8243; custom_margin=&#8221;-25px|||||&#8221; custom_padding=&#8221;0px|||||&#8221;]<\/p>\n<table style=\"width: 100%;\">\n<tbody>\n<tr>\n<td style=\"width: 40%;\">Coordinador<\/td>\n<td>Jose Luis Prieto Garc\u00eda<br \/>\n<img src=\"\/images\/emails\/jose.prietox.jpg\" \/><br \/>\n72722<\/td>\n<\/tr>\n<tr>\n<td style=\"width: 40%;\">Responsable Enfermer\u00eda<\/td>\n<td>Paz Montero G\u00f3mez (Aten.Cont.)<br \/>\n<img src=\"\/images\/emails\/mariapaz.montero.jpg\" \/><br \/>\n647 709 778<\/td>\n<\/tr>\n<tr>\n<td colspan=\"2\" style=\"text-align: center;\">\n<img src=\"\/images\/emails\/casascastanar.admon.jpg\" \/><\/td>\n<\/tr>\n<\/tbody>\n<\/table>\n<p>[\/et_pb_text][\/et_pb_column][\/et_pb_row][et_pb_row column_structure=&#8221;1_2,1_2&#8243; _builder_version=&#8221;4.0.5&#8243; custom_margin=&#8221;|auto|-17px|auto||&#8221; custom_padding=&#8221;0px||16px|||&#8221;][et_pb_column type=&#8221;1_2&#8243; _builder_version=&#8221;4.0.5&#8243;][et_pb_text _builder_version=&#8221;4.0.5&#8243; header_3_font=&#8221;||||||||&#8221; header_3_text_color=&#8221;#FFFFFF&#8221; background_color=&#8221;#76c0e0&#8243; custom_margin=&#8221;0px||||false|false&#8221; custom_padding=&#8221;7px||0px||false|false&#8221; border_radii=&#8221;on|3px|3px|3px|3px&#8221;]<\/p>\n<h3 style=\"text-align: center;\">C.S.\u00a0 Herv\u00e1s<\/h3>\n<p>[\/et_pb_text][et_pb_text _builder_version=&#8221;4.7.7&#8243; custom_margin=&#8221;-25px|||||&#8221; custom_padding=&#8221;0px|||||&#8221;]<\/p>\n<table style=\"width: 100%;\">\n<tbody>\n<tr>\n<td style=\"width: 40%;\">Coordinadora<\/td>\n<td>Inmaculada Duarte Hern\u00e1ndez<br \/>\n<img src=\"\/images\/emails\/inmaculada.duarte.jpg\" \/><br \/>\n73800<\/td>\n<\/tr>\n<tr>\n<td style=\"width: 40%;\">Responsable Enfermer\u00eda<\/td>\n<td>Angela Mart\u00edn Gonz\u00e1lez<br \/>\n<img src=\"\/images\/emails\/angela.martin.jpg\" \/><br \/>\n72121<\/td>\n<\/tr>\n<tr>\n<td colspan=\"2\" style=\"text-align: center;\">\n<img src=\"\/images\/emails\/hervas.admon.jpg\" \/><\/td>\n<\/tr>\n<\/tbody>\n<\/table>\n<p>[\/et_pb_text][\/et_pb_column][et_pb_column type=&#8221;1_2&#8243; _builder_version=&#8221;4.0.5&#8243;][et_pb_text _builder_version=&#8221;4.0.5&#8243; header_3_font=&#8221;||||||||&#8221; header_3_text_color=&#8221;#FFFFFF&#8221; background_color=&#8221;#76c0e0&#8243; custom_margin=&#8221;0px||||false|false&#8221; custom_padding=&#8221;7px||0px||false|false&#8221; border_radii=&#8221;on|3px|3px|3px|3px&#8221;]<\/p>\n<h3 style=\"text-align: center;\">C.S.\u00a0 Jara\u00edz de la Vera<\/h3>\n<p>[\/et_pb_text][et_pb_text _builder_version=&#8221;4.7.7&#8243; custom_margin=&#8221;-25px|||||&#8221; custom_padding=&#8221;0px|||||&#8221;]<\/p>\n<table style=\"width: 100%;\">\n<tbody>\n<tr>\n<td style=\"width: 40%;\">Coordinador<\/td>\n<td>Ignacio Araujo Ramos<img src=\"\/images\/emails\/ignacio.araujox.jpg\" \/><br \/>\n72061<\/td>\n<\/tr>\n<tr>\n<td style=\"width: 40%;\">Responsable Enfermer\u00eda<\/td>\n<td>Juan Carlos Garc\u00eda Noya<br \/>\n<img src=\"\/images\/emails\/juancarlos.garcian.jpg\" \/><br \/>\n73950<\/td>\n<\/tr>\n<tr>\n<td colspan=\"2\" style=\"text-align: center;\"><img src=\"\/images\/emails\/jaraizdelavera.admonx.jpg\" \/><\/td>\n<\/tr>\n<\/tbody>\n<\/table>\n<p>[\/et_pb_text][\/et_pb_column][\/et_pb_row][et_pb_row column_structure=&#8221;1_2,1_2&#8243; _builder_version=&#8221;4.0.5&#8243; custom_margin=&#8221;|auto|-17px|auto||&#8221; custom_padding=&#8221;0px||16px|||&#8221;][et_pb_column type=&#8221;1_2&#8243; _builder_version=&#8221;4.0.5&#8243;][et_pb_text _builder_version=&#8221;4.0.5&#8243; header_3_font=&#8221;||||||||&#8221; header_3_text_color=&#8221;#FFFFFF&#8221; background_color=&#8221;#76c0e0&#8243; custom_margin=&#8221;0px||||false|false&#8221; custom_padding=&#8221;7px||0px||false|false&#8221; border_radii=&#8221;on|3px|3px|3px|3px&#8221;]<\/p>\n<h3 style=\"text-align: center;\">C.S.\u00a0 Mohedas de Granadilla<\/h3>\n<p>[\/et_pb_text][et_pb_text _builder_version=&#8221;4.7.7&#8243; custom_margin=&#8221;-25px|||||&#8221; custom_padding=&#8221;0px|||||&#8221;]<\/p>\n<table style=\"width: 100%;\">\n<tbody>\n<tr>\n<td style=\"width: 40%;\">Coordinador<\/td>\n<td>Ra\u00fal Jimenez Ramos<br \/>\n<img src=\"\/images\/emails\/raul.jimenez.jpg\" \/><br \/>\n74000<\/td>\n<\/tr>\n<tr>\n<td style=\"width: 40%;\">Responsable Enfermer\u00eda<\/td>\n<td>Emilia Hern\u00e1ndez Mu\u00f1oz<br \/>\n<img src=\"\/images\/emails\/emilia.hernandezm.jpg\" \/><br \/>\n72702<\/td>\n<\/tr>\n<tr>\n<td colspan=\"2&quot;\" style=\"text-align: center;\">\n<img src=\"\/images\/emails\/mohedas.admon.jpg\" \/><\/td>\n<\/tr>\n<\/tbody>\n<\/table>\n<p>[\/et_pb_text][\/et_pb_column][et_pb_column type=&#8221;1_2&#8243; _builder_version=&#8221;4.0.5&#8243;][et_pb_text _builder_version=&#8221;4.0.5&#8243; header_3_font=&#8221;||||||||&#8221; header_3_text_color=&#8221;#FFFFFF&#8221; background_color=&#8221;#76c0e0&#8243; custom_margin=&#8221;0px||||false|false&#8221; custom_padding=&#8221;7px||0px||false|false&#8221; border_radii=&#8221;on|3px|3px|3px|3px&#8221;]<\/p>\n<h3 style=\"text-align: center;\">C.S.\u00a0 Montehermoso<\/h3>\n<p>[\/et_pb_text][et_pb_text _builder_version=&#8221;4.7.7&#8243; custom_margin=&#8221;-25px|||||&#8221; custom_padding=&#8221;0px|||||&#8221;]<\/p>\n<table style=\"width: 100%;\">\n<tbody>\n<tr>\n<td style=\"width: 40%;\">Coordinador<\/td>\n<td>Higinio Salgado Pacheco<img src=\"\/images\/emails\/higinio.salgadox.jpg\" \/><br \/>\n74113<\/td>\n<\/tr>\n<tr>\n<td style=\"width: 40%;\">Responsable Enfermer\u00eda<\/td>\n<td>Olga Maria Rubio Duran<br \/>\n<img src=\"\/images\/emails\/olga.rubio.jpg\" \/><br \/>\n74115<\/td>\n<\/tr>\n<tr>\n<td colspan=\"2\" style=\"text-align: center;\">\n<img src=\"\/images\/emails\/montehermoso.admon.jpg\" \/><\/td>\n<\/tr>\n<\/tbody>\n<\/table>\n<p>[\/et_pb_text][\/et_pb_column][\/et_pb_row][et_pb_row column_structure=&#8221;1_2,1_2&#8243; _builder_version=&#8221;4.0.5&#8243; custom_margin=&#8221;|auto|-17px|auto||&#8221; custom_padding=&#8221;0px||16px|||&#8221;][et_pb_column type=&#8221;1_2&#8243; _builder_version=&#8221;4.0.5&#8243;][et_pb_text _builder_version=&#8221;4.0.5&#8243; header_3_font=&#8221;||||||||&#8221; header_3_text_color=&#8221;#FFFFFF&#8221; background_color=&#8221;#76c0e0&#8243; custom_margin=&#8221;0px||||false|false&#8221; custom_padding=&#8221;7px||0px||false|false&#8221; border_radii=&#8221;on|3px|3px|3px|3px&#8221;]<\/p>\n<h3 style=\"text-align: center;\">C.S.\u00a0 Nu\u00f1omoral<\/h3>\n<p>[\/et_pb_text][et_pb_text _builder_version=&#8221;4.7.7&#8243; custom_margin=&#8221;-25px|||||&#8221; custom_padding=&#8221;0px|||||&#8221;]<\/p>\n<table style=\"width: 100%;\">\n<tbody>\n<tr>\n<td style=\"width: 40%;\">Coordinadora<\/td>\n<td>Javier Ruano Carpintero<br \/>\n<img src=\"\/images\/emails\/francisco.ruano.jpg\" \/><br \/>\n74202<\/td>\n<\/tr>\n<tr>\n<td style=\"width: 40%;\">Responsable Enfermer\u00eda<\/td>\n<td>Mercedes Serrano Carbajo<img src=\"\/images\/emails\/mercedes.serranox.jpg\" \/><br \/>\n74203<\/td>\n<\/tr>\n<tr>\n<td colspan=\"2\" style=\"text-align: center;\">\n<img src=\"\/images\/emails\/nunomoral.admon.jpg\" \/><\/td>\n<\/tr>\n<\/tbody>\n<\/table>\n<p>[\/et_pb_text][\/et_pb_column][et_pb_column type=&#8221;1_2&#8243; _builder_version=&#8221;4.0.5&#8243;][et_pb_text _builder_version=&#8221;4.0.5&#8243; header_3_font=&#8221;||||||||&#8221; header_3_text_color=&#8221;#FFFFFF&#8221; background_color=&#8221;#76c0e0&#8243; custom_margin=&#8221;0px||||false|false&#8221; custom_padding=&#8221;7px||0px||false|false&#8221; border_radii=&#8221;on|3px|3px|3px|3px&#8221;]<\/p>\n<h3 style=\"text-align: center;\">C.S.\u00a0 Pinofranqueado<\/h3>\n<p>[\/et_pb_text][et_pb_text _builder_version=&#8221;4.7.7&#8243; custom_margin=&#8221;-25px|||||&#8221; custom_padding=&#8221;0px|||||&#8221;]<\/p>\n<table style=\"width: 100%;\">\n<tbody>\n<tr>\n<td style=\"width: 40%;\">Coordinadora<\/td>\n<td>Celestino S\u00e1nchez Gonz\u00e1lez<br \/>\n<img src=\"\/images\/emails\/celestino.sanchez.jpg\" \/><br \/>\n74300<\/td>\n<\/tr>\n<tr>\n<td style=\"width: 40%;\">Responsable Enfermer\u00eda<\/td>\n<td>Bel\u00e9n Garc\u00eda Rubio<br \/>\n<img src=\"\/images\/emails\/mariabelen.garciax.jpg\" \/><br \/>\n74319<\/td>\n<\/tr>\n<tr>\n<td colspan=\"2\" style=\"text-align: center;\">\n<img src=\"\/images\/emails\/pinofranqueado.admon.jpg\" \/><\/td>\n<\/tr>\n<\/tbody>\n<\/table>\n<p>[\/et_pb_text][\/et_pb_column][\/et_pb_row][et_pb_row column_structure=&#8221;1_2,1_2&#8243; _builder_version=&#8221;4.0.5&#8243; custom_margin=&#8221;|auto|-17px|auto||&#8221; custom_padding=&#8221;0px||16px|||&#8221;][et_pb_column type=&#8221;1_2&#8243; _builder_version=&#8221;4.0.5&#8243;][et_pb_text _builder_version=&#8221;4.0.5&#8243; header_3_font=&#8221;||||||||&#8221; header_3_text_color=&#8221;#FFFFFF&#8221; background_color=&#8221;#76c0e0&#8243; custom_margin=&#8221;0px||||false|false&#8221; custom_padding=&#8221;7px||0px||false|false&#8221; border_radii=&#8221;on|3px|3px|3px|3px&#8221;]<\/p>\n<h3 style=\"text-align: center;\">C.S.\u00a0 Plasencia\u00a0 I\u00a0 \u00a0(centro)<\/h3>\n<p>[\/et_pb_text][et_pb_text _builder_version=&#8221;4.7.7&#8243; custom_margin=&#8221;-25px|||||&#8221; custom_padding=&#8221;0px|||||&#8221;]<\/p>\n<table style=\"width: 100%;\">\n<tbody>\n<tr>\n<td style=\"width: 40%;\">Coordinador<\/td>\n<td>Miguel Angel Martin Puertas<br \/>\n<img src=\"\/images\/emails\/miguelangel.martinp.jpg\" \/><br \/>\n74400<\/td>\n<\/tr>\n<tr>\n<td style=\"width: 40%;\">Responsable Enfermer\u00eda<\/td>\n<td>Carmen Rodriguez Jimenez<br \/>\n<img src=\"\/images\/emails\/carmen.rodriguezj.jpg\" \/><br \/>\n74408<\/td>\n<\/tr>\n<tr>\n<td colspan=\"2\" style=\"text-align: center;\">\n<img src=\"\/images\/emails\/plasencia1.admon.jpg\" \/><\/td>\n<\/tr>\n<\/tbody>\n<\/table>\n<p>[\/et_pb_text][\/et_pb_column][et_pb_column type=&#8221;1_2&#8243; _builder_version=&#8221;4.0.5&#8243;][et_pb_text _builder_version=&#8221;4.0.5&#8243; header_3_font=&#8221;||||||||&#8221; header_3_text_color=&#8221;#FFFFFF&#8221; background_color=&#8221;#76c0e0&#8243; custom_margin=&#8221;0px||||false|false&#8221; custom_padding=&#8221;7px||0px||false|false&#8221; border_radii=&#8221;on|3px|3px|3px|3px&#8221;]<\/p>\n<h3 style=\"text-align: center;\">C.S.\u00a0 Plasencia\u00a0 II\u00a0 \u00a0(sur)<\/h3>\n<p>[\/et_pb_text][et_pb_text _builder_version=&#8221;4.7.7&#8243; custom_margin=&#8221;-25px|||||&#8221; custom_padding=&#8221;0px|||||&#8221;]<\/p>\n<table style=\"width: 100%;\">\n<tbody>\n<tr>\n<td style=\"width: 40%;\">Coordinador<\/td>\n<td>Carmen Sorribas Mollon<br \/>\n<img src=\"\/images\/emails\/carmen.sorribas.jpg\" \/><br \/>\n74600<\/td>\n<\/tr>\n<tr>\n<td style=\"width: 40%;\">Responsable Enfermer\u00eda<\/td>\n<td>Maria Jose Rosa Albarran<br \/>\n<img src=\"\/images\/emails\/maria.rosa.jpg\" \/><br \/>\n72423<\/td>\n<\/tr>\n<tr>\n<td colspan=\"2\" style=\"text-align: center;\">\n<img src=\"\/images\/emails\/plasencia2.admon.jpg\" \/><\/td>\n<\/tr>\n<\/tbody>\n<\/table>\n<p>&nbsp;<\/p>\n<p>[\/et_pb_text][\/et_pb_column][\/et_pb_row][et_pb_row column_structure=&#8221;1_2,1_2&#8243; _builder_version=&#8221;4.0.5&#8243; custom_margin=&#8221;|auto|-17px|auto||&#8221; custom_padding=&#8221;0px||16px|||&#8221;][et_pb_column type=&#8221;1_2&#8243; _builder_version=&#8221;4.0.5&#8243;][et_pb_text _builder_version=&#8221;4.0.5&#8243; header_3_font=&#8221;||||||||&#8221; header_3_text_color=&#8221;#FFFFFF&#8221; background_color=&#8221;#76c0e0&#8243; custom_margin=&#8221;0px||||false|false&#8221; custom_padding=&#8221;7px||0px||false|false&#8221; border_radii=&#8221;on|3px|3px|3px|3px&#8221;]<\/p>\n<h3 style=\"text-align: center;\">C.S.\u00a0 Plasencia\u00a0 III\u00a0 \u00a0(norte)<\/h3>\n<p>[\/et_pb_text][et_pb_text _builder_version=&#8221;4.7.7&#8243; custom_margin=&#8221;-25px|||||&#8221; custom_padding=&#8221;0px|||||&#8221;]<\/p>\n<table style=\"width: 100%;\">\n<tbody>\n<tr>\n<td style=\"width: 40%;\">Coordinador<\/td>\n<td>Juan Antonio Peromingo Matute<img src=\"\/images\/emails\/juan.peromingox.jpg\" \/><br \/>\n74508<\/td>\n<\/tr>\n<tr>\n<td style=\"width: 40%;\">Responsable Enfermer\u00eda<\/td>\n<td>Isabel Maria Maestre Cerro<br \/>\n<img src=\"\/images\/emails\/isabelmaria.maestre.jpg\" \/><br \/>\n74559<\/td>\n<\/tr>\n<tr>\n<td colspan=\"2\" style=\"text-align: center;\">\n<img src=\"\/images\/emails\/plasencia3.admon.jpg\" \/><\/td>\n<\/tr>\n<\/tbody>\n<\/table>\n<p>&nbsp;<\/p>\n<p>[\/et_pb_text][\/et_pb_column][et_pb_column type=&#8221;1_2&#8243; _builder_version=&#8221;4.0.5&#8243;][et_pb_text _builder_version=&#8221;4.0.5&#8243; header_3_font=&#8221;||||||||&#8221; header_3_text_color=&#8221;#FFFFFF&#8221; background_color=&#8221;#76c0e0&#8243; custom_margin=&#8221;0px||||false|false&#8221; custom_padding=&#8221;7px||0px||false|false&#8221; border_radii=&#8221;on|3px|3px|3px|3px&#8221;]<\/p>\n<h3 style=\"text-align: center;\">C.S.\u00a0 Serradilla<\/h3>\n<p>[\/et_pb_text][et_pb_text _builder_version=&#8221;4.7.7&#8243; custom_margin=&#8221;-25px|||||&#8221; custom_padding=&#8221;0px|||||&#8221;]<\/p>\n<table style=\"width: 100%;\">\n<tbody>\n<tr>\n<td style=\"width: 40%;\">Coordinador<\/td>\n<td>Maria del Mar Serrano Rodillo<img src=\"\/images\/emails\/mar.serranox.jpg\" \/><br \/>\n72521<\/td>\n<\/tr>\n<tr>\n<td style=\"width: 40%;\">Responsable Enfermer\u00eda<\/td>\n<td>Lidia Peral Baena<img src=\"\/images\/emails\/lidia.peralx.jpg\" \/><br \/>\n74705<\/td>\n<\/tr>\n<tr>\n<td colspan=\"2\" style=\"text-align: center;\">\n<img src=\"\/images\/emails\/serradilla.admon.jpg\" \/><\/td>\n<\/tr>\n<\/tbody>\n<\/table>\n<p>&nbsp;<\/p>\n<p>[\/et_pb_text][\/et_pb_column][\/et_pb_row][\/et_pb_section]<\/p>\n","protected":false},"excerpt":{"rendered":"<p>[et_pb_section fb_built=&#8221;1&#8243; admin_label=&#8221;section&#8221; _builder_version=&#8221;3.22&#8243; custom_margin=&#8221;-8px||-39px|||&#8221; custom_padding=&#8221;||21px|||&#8221;][et_pb_row _builder_version=&#8221;4.0.5&#8243; custom_margin=&#8221;-45px|auto||auto||&#8221; custom_padding=&#8221;||22px|||&#8221;][et_pb_column type=&#8221;4_4&#8243; _builder_version=&#8221;4.0.5&#8243;][et_pb_text _builder_version=&#8221;4.0.5&#8243; text_font=&#8221;||||||||&#8221; text_text_color=&#8221;#0022ad&#8221; text_font_size=&#8221;26px&#8221; custom_margin=&#8221;||5px|||&#8221; border_color_all=&#8221;#0C71C3&#8243; border_width_bottom=&#8221;4px&#8221; border_color_bottom=&#8221;#5992c1&#8243; border_style_bottom=&#8221;solid&#8221;] Directorio [\/et_pb_text][\/et_pb_column][\/et_pb_row][\/et_pb_section][et_pb_section fb_built=&#8221;1&#8243; _builder_version=&#8221;4.0.5&#8243; custom_padding=&#8221;15px|||||&#8221;][et_pb_row column_structure=&#8221;1_2,1_2&#8243; _builder_version=&#8221;4.0.5&#8243;][et_pb_column type=&#8221;1_2&#8243; _builder_version=&#8221;4.0.5&#8243;][et_pb_blurb title=&#8221;Equipo Directivo&#8221; use_icon=&#8221;on&#8221; font_icon=&#8221;%%131%%&#8221; icon_color=&#8221;#FFFFFF&#8221; icon_placement=&#8221;left&#8221; use_icon_font_size=&#8221;on&#8221; icon_font_size=&#8221;28px&#8221; _builder_version=&#8221;4.0.5&#8243; header_level=&#8221;h2&#8243; header_text_color=&#8221;#FFFFFF&#8221; background_color=&#8221;#76c0e0&#8243; custom_margin=&#8221;||10px||false|false&#8221; custom_padding=&#8221;7px||0px|12px|false|false&#8221; border_radii=&#8221;on|3px|3px|3px|3px&#8221;][\/et_pb_blurb][et_pb_text _builder_version=&#8221;4.7.7&#8243; custom_margin=&#8221;||-10px||false|false&#8221;] Gerente de \u00c1rea Santiago San Jos\u00e9 Pizarro 927 428 &hellip; <a href=\"https:\/\/areasaludplasencia.es\/aspwp\/directorio\/\" class=\"more-link\">Seguir leyendo <span class=\"screen-reader-text\">Directorio<\/span> <span class=\"meta-nav\">&rarr;<\/span><\/a><\/p>\n","protected":false},"author":1,"featured_media":0,"parent":0,"menu_order":0,"comment_status":"closed","ping_status":"closed","template":"page-templates\/full-width.php","meta":{"_et_pb_use_builder":"on","_et_pb_old_content":"<script type=\"text\/javascript\">\r\n\tfunction cambioIndice() {\r\n\t\tvar marcador = (document.formInd.indice.options[document.formInd.indice.selectedIndex].value)\r\n        window.open(marcador,'_self')\r\n\t}\r\n<\/script>\r\n\r\n<h1 id=\"tituloPpal\">Directorio<\/h1>\r\n\r\n<hr style=\"border: 2px solid #588cd0;\" \/>\r\n\r\n&nbsp;\r\n\r\n\t\t<form name=\"formInd\" action=\"\" method=\"post\">\r\n            <select name=\"indice\" onchange=\"javascript:cambioIndice();\">\r\n            \t<option value=\"\" class=\"texto\">seleccione directorio:<\/option>\r\n                <option value=\"directivo\">Equipo Directivo<\/option>\r\n                <option value=\"gerencia\">Gerencia<\/option>\r\n                <option value=\"atprimaria\">Atenci\u00f3n Primaria<\/option>\r\n                <option value=\"?page_id=979\">Centro de Salud de Ahigal<\/option> \r\n                <option value=\"aldeanueva\">Centro de Salud de Aldeanueva del Camino<\/option>  \r\n                <option value=\"cabezuela\">Centro de Salud de Cabezuela del Valle<\/option>\r\n                <option value=\"casas\">Centro de Salud de Casas del Casta\u00f1ar<\/option>  \r\n                <option value=\"hervas\">Centro de Salud de Herv&aacute;s<\/option> \r\n                <option value=\"jaraiz\">Centro de Salud de Jaraiz de la Vera<\/option>\r\n                <option value=\"mohedas\">Centro de Salud de Mohedas de Granadilla<\/option>\r\n                <option value=\"montehermoso\">Centro de Salud de Montehermoso<\/option> \r\n                <option value=\"nunomoral\">Centro de Salud de Nu\u00f1omoral<\/option>\r\n                <option value=\"pino\">Centro de Salud de Pinofranqueado<\/option>  \r\n                <option value=\"plasencia1\">Centro de Salud de Plasencia I-Zona Centro<\/option>\r\n                <option value=\"plasencia2\">Centro de Salud de Plasencia II-Zona Sur<\/option> \r\n                <option value=\"plasencia3\">Centro de Salud de Plasencia III-Zona Norte + PAC<\/option>  \r\n                <option value=\"serradilla\">Centro de Salud de Serradilla<\/option>\r\n                <option value=\"paliativos\">Equipo Soporte Cuidados Paliativos<\/option>\r\n                <option value=\"saludmental\">Equipos de Salud Mental e Infanto Juvenil<\/option>\r\n                <option value=\"cedex\">Equipos de Conductas Adictivas (CEDEX)<\/option>\r\n                <option value=\"medicalizadas\">Unidades Medicalizadas de Emergencia<\/option>  \r\n                <option value=\"athospitalaria\">Atencion Hospitalaria<\/option>\r\n\t\t\t<\/select>\r\n\t\t<\/form>\r\n\r\n","_et_gb_content_width":""},"_links":{"self":[{"href":"https:\/\/areasaludplasencia.es\/aspwp\/wp-json\/wp\/v2\/pages\/127"}],"collection":[{"href":"https:\/\/areasaludplasencia.es\/aspwp\/wp-json\/wp\/v2\/pages"}],"about":[{"href":"https:\/\/areasaludplasencia.es\/aspwp\/wp-json\/wp\/v2\/types\/page"}],"author":[{"embeddable":true,"href":"https:\/\/areasaludplasencia.es\/aspwp\/wp-json\/wp\/v2\/users\/1"}],"replies":[{"embeddable":true,"href":"https:\/\/areasaludplasencia.es\/aspwp\/wp-json\/wp\/v2\/comments?post=127"}],"version-history":[{"count":184,"href":"https:\/\/areasaludplasencia.es\/aspwp\/wp-json\/wp\/v2\/pages\/127\/revisions"}],"predecessor-version":[{"id":5940,"href":"https:\/\/areasaludplasencia.es\/aspwp\/wp-json\/wp\/v2\/pages\/127\/revisions\/5940"}],"wp:attachment":[{"href":"https:\/\/areasaludplasencia.es\/aspwp\/wp-json\/wp\/v2\/media?parent=127"}],"curies":[{"name":"wp","href":"https:\/\/api.w.org\/{rel}","templated":true}]}}