{"id":1244,"date":"2017-04-19T09:15:06","date_gmt":"2017-04-19T09:15:06","guid":{"rendered":"http:\/\/areasaludplasencia.es\/aspwp\/?page_id=1244"},"modified":"2025-11-26T08:34:01","modified_gmt":"2025-11-26T08:34:01","slug":"centro-salud-hervas","status":"publish","type":"page","link":"https:\/\/areasaludplasencia.es\/aspwp\/centro-salud-hervas\/","title":{"rendered":"CSHervas"},"content":{"rendered":"<p>[et_pb_section fb_built=&#8221;1&#8243; admin_label=&#8221;section&#8221; _builder_version=&#8221;4.0.5&#8243; custom_margin=&#8221;-18px||||false|false&#8221; custom_padding=&#8221;0px||10px||false|false&#8221;][et_pb_row _builder_version=&#8221;4.0.5&#8243; custom_margin=&#8221;0px||||false|false&#8221; custom_padding=&#8221;||||false|false&#8221;][et_pb_column type=&#8221;4_4&#8243; _builder_version=&#8221;4.0.5&#8243;][et_pb_text _builder_version=&#8221;4.0.5&#8243; text_font=&#8221;||||||||&#8221; text_text_color=&#8221;#2b5183&#8243; text_font_size=&#8221;26px&#8221; custom_margin=&#8221;||0px||false|false&#8221; border_color_all=&#8221;#588cd0&#8243; border_width_bottom=&#8221;4px&#8221; border_color_bottom=&#8221;#5992c1&#8243; border_style_bottom=&#8221;solid&#8221;]<\/p>\n<p>Zona de Salud de HERV\u00c1S<\/p>\n<p>[\/et_pb_text][\/et_pb_column][\/et_pb_row][\/et_pb_section][et_pb_section fb_built=&#8221;1&#8243; _builder_version=&#8221;4.0.5&#8243; custom_padding=&#8221;0px|||||&#8221;][et_pb_row column_structure=&#8221;1_2,1_2&#8243; _builder_version=&#8221;4.0.5&#8243; custom_padding=&#8221;7px|||||&#8221;][et_pb_column type=&#8221;1_2&#8243; _builder_version=&#8221;4.0.5&#8243;][et_pb_image src=&#8221;https:\/\/areasaludplasencia.es\/aspwp\/wp-content\/uploads\/2017\/04\/cab_hervas.jpg&#8221; _builder_version=&#8221;4.0.5&#8243;][\/et_pb_image][et_pb_text _builder_version=&#8221;4.0.5&#8243; header_3_font=&#8221;||||||||&#8221; header_3_text_color=&#8221;#FFFFFF&#8221; background_color=&#8221;#76c0e0&#8243; custom_margin=&#8221;0px||||false|false&#8221; custom_padding=&#8221;7px||0px||false|false&#8221; border_radii=&#8221;on|3px|3px|3px|3px&#8221;]<\/p>\n<h3 style=\"text-align: center;\">Centro de Salud<\/h3>\n<p>[\/et_pb_text][et_pb_text _builder_version=&#8221;4.7.7&#8243; custom_margin=&#8221;|||30px|false|false&#8221; hover_enabled=&#8221;0&#8243; sticky_enabled=&#8221;0&#8243;]<\/p>\n<p><a href=\"https:\/\/areasaludplasencia.es\/aspwp\/wp-content\/uploads\/2019\/12\/ses_plasencia_direccion.png\"><img loading=\"lazy\" src=\"https:\/\/areasaludplasencia.es\/aspwp\/wp-content\/uploads\/2019\/12\/ses_plasencia_direccion-150x150.png\" width=\"25\" height=\"25\" alt=\"\" class=\"wp-image-2676 alignnone size-thumbnail\" srcset=\"https:\/\/areasaludplasencia.es\/aspwp\/wp-content\/uploads\/2019\/12\/ses_plasencia_direccion-150x150.png 150w, https:\/\/areasaludplasencia.es\/aspwp\/wp-content\/uploads\/2019\/12\/ses_plasencia_direccion-300x300.png 300w, https:\/\/areasaludplasencia.es\/aspwp\/wp-content\/uploads\/2019\/12\/ses_plasencia_direccion.png 512w\" sizes=\"(max-width: 25px) 100vw, 25px\" \/><\/a><a href=\"https:\/\/areasaludplasencia.es\/aspwp\/wp-content\/uploads\/2019\/12\/ses_plasencia_consultorio.png\">\u00a0 \u00a0 \u00a0<\/a>El Prado, s\/n\u00a0 \u00a0 \u00a010700\u00a0 Herv\u00e1s<\/p>\n<p><a href=\"https:\/\/areasaludplasencia.es\/aspwp\/wp-content\/uploads\/2019\/12\/ses_plasencia_consultorio.png\"><\/a><a href=\"https:\/\/areasaludplasencia.es\/aspwp\/wp-content\/uploads\/2019\/12\/ses_plasencia_consultorio.png\"><\/a><a href=\"https:\/\/areasaludplasencia.es\/aspwp\/wp-content\/uploads\/2019\/12\/ses_plasencia_telefono1.png\"><img loading=\"lazy\" src=\"https:\/\/areasaludplasencia.es\/aspwp\/wp-content\/uploads\/2019\/12\/ses_plasencia_telefono1-150x150.png\" width=\"25\" height=\"25\" alt=\"\" class=\"wp-image-2679 alignnone size-thumbnail\" srcset=\"https:\/\/areasaludplasencia.es\/aspwp\/wp-content\/uploads\/2019\/12\/ses_plasencia_telefono1-150x150.png 150w, https:\/\/areasaludplasencia.es\/aspwp\/wp-content\/uploads\/2019\/12\/ses_plasencia_telefono1-300x300.png 300w, https:\/\/areasaludplasencia.es\/aspwp\/wp-content\/uploads\/2019\/12\/ses_plasencia_telefono1.png 512w\" sizes=\"(max-width: 25px) 100vw, 25px\" \/><\/a><a href=\"https:\/\/areasaludplasencia.es\/aspwp\/wp-content\/uploads\/2019\/12\/ses_plasencia_consultorio.png\">\u00a0 \u00a0 \u00a0<\/a>927 473 291\u00a0 \u00a0 \u00a0cita previa<\/p>\n<p><a href=\"https:\/\/areasaludplasencia.es\/aspwp\/wp-content\/uploads\/2019\/12\/ses_plasencia_telefono1.png\"><img loading=\"lazy\" src=\"https:\/\/areasaludplasencia.es\/aspwp\/wp-content\/uploads\/2019\/12\/ses_plasencia_telefono1-150x150.png\" width=\"25\" height=\"25\" alt=\"\" class=\"wp-image-2679 alignnone size-thumbnail\" srcset=\"https:\/\/areasaludplasencia.es\/aspwp\/wp-content\/uploads\/2019\/12\/ses_plasencia_telefono1-150x150.png 150w, https:\/\/areasaludplasencia.es\/aspwp\/wp-content\/uploads\/2019\/12\/ses_plasencia_telefono1-300x300.png 300w, https:\/\/areasaludplasencia.es\/aspwp\/wp-content\/uploads\/2019\/12\/ses_plasencia_telefono1.png 512w\" sizes=\"(max-width: 25px) 100vw, 25px\" \/><\/a><a href=\"https:\/\/areasaludplasencia.es\/aspwp\/wp-content\/uploads\/2019\/12\/ses_plasencia_consultorio.png\">\u00a0 \u00a0 \u00a0<\/a>927 473 302\u00a0 \u00a0 \u00a0urgencias<\/p>\n<p><a href=\"https:\/\/areasaludplasencia.es\/aspwp\/wp-content\/uploads\/2019\/12\/ses_plasencia_consultorio.png\"><\/a><a href=\"https:\/\/areasaludplasencia.es\/aspwp\/wp-content\/uploads\/2019\/12\/ses_plasencia_email.png\"><img loading=\"lazy\" src=\"https:\/\/areasaludplasencia.es\/aspwp\/wp-content\/uploads\/2019\/12\/ses_plasencia_email-150x150.png\" width=\"25\" height=\"25\" alt=\"\" class=\"wp-image-2683 alignnone size-thumbnail\" \/><\/a><a href=\"https:\/\/areasaludplasencia.es\/aspwp\/wp-content\/uploads\/2019\/12\/ses_plasencia_consultorio.png\">\u00a0 \u00a0 \u00a0<\/a><img src=\"\/images\/emails\/hervas.admon.jpg\" \/><\/p>\n<p>[\/et_pb_text][et_pb_text _builder_version=&#8221;4.0.5&#8243; header_3_font=&#8221;||||||||&#8221; header_3_text_color=&#8221;#FFFFFF&#8221; background_color=&#8221;#76c0e0&#8243; custom_margin=&#8221;0px||||false|false&#8221; custom_padding=&#8221;7px||0px||false|false&#8221; border_radii=&#8221;on|3px|3px|3px|3px&#8221;]<\/p>\n<h3 style=\"text-align: center;\">Punto de Atenci\u00f3n Continuada<\/h3>\n<p>[\/et_pb_text][et_pb_text _builder_version=&#8221;4.0.5&#8243; custom_margin=&#8221;|||30px|false|false&#8221;]<\/p>\n<p><a href=\"https:\/\/areasaludplasencia.es\/aspwp\/wp-content\/uploads\/2019\/12\/ses_plasencia_telefono1.png\"><img loading=\"lazy\" src=\"https:\/\/areasaludplasencia.es\/aspwp\/wp-content\/uploads\/2019\/12\/ses_plasencia_telefono1-150x150.png\" width=\"25\" height=\"25\" alt=\"\" class=\"wp-image-2679 alignnone size-thumbnail\" srcset=\"https:\/\/areasaludplasencia.es\/aspwp\/wp-content\/uploads\/2019\/12\/ses_plasencia_telefono1-150x150.png 150w, https:\/\/areasaludplasencia.es\/aspwp\/wp-content\/uploads\/2019\/12\/ses_plasencia_telefono1-300x300.png 300w, https:\/\/areasaludplasencia.es\/aspwp\/wp-content\/uploads\/2019\/12\/ses_plasencia_telefono1.png 512w\" sizes=\"(max-width: 25px) 100vw, 25px\" \/><\/a><a href=\"https:\/\/areasaludplasencia.es\/aspwp\/wp-content\/uploads\/2019\/12\/ses_plasencia_consultorio.png\">\u00a0 \u00a0 \u00a0<\/a>927 473 302\u00a0 \u00a0 \u00a0PAC<\/p>\n<p>[\/et_pb_text][\/et_pb_column][et_pb_column type=&#8221;1_2&#8243; _builder_version=&#8221;4.0.5&#8243;][et_pb_text _builder_version=&#8221;4.0.5&#8243; header_3_font=&#8221;||||||||&#8221; header_3_text_color=&#8221;#FFFFFF&#8221; background_color=&#8221;#76c0e0&#8243; custom_margin=&#8221;0px||||false|false&#8221; custom_padding=&#8221;7px||0px||false|false&#8221; border_radii=&#8221;on|3px|3px|3px|3px&#8221;]<\/p>\n<h3 style=\"text-align: center;\">Consultorios Locales<\/h3>\n<p>[\/et_pb_text][et_pb_text _builder_version=&#8221;4.0.5&#8243;]<\/p>\n<p style=\"padding-left: 30px;\"><a href=\"https:\/\/areasaludplasencia.es\/aspwp\/wp-content\/uploads\/2019\/12\/ses_plasencia_consultorio.png\"><img loading=\"lazy\" src=\"https:\/\/areasaludplasencia.es\/aspwp\/wp-content\/uploads\/2019\/12\/ses_plasencia_consultorio-150x150.png\" width=\"25\" height=\"25\" alt=\"\" class=\"wp-image-2666 alignnone size-thumbnail\" style=\"float: left;\" srcset=\"https:\/\/areasaludplasencia.es\/aspwp\/wp-content\/uploads\/2019\/12\/ses_plasencia_consultorio-150x150.png 150w, https:\/\/areasaludplasencia.es\/aspwp\/wp-content\/uploads\/2019\/12\/ses_plasencia_consultorio-300x300.png 300w, https:\/\/areasaludplasencia.es\/aspwp\/wp-content\/uploads\/2019\/12\/ses_plasencia_consultorio.png 512w\" sizes=\"(max-width: 25px) 100vw, 25px\" \/>\u00a0 \u00a0\u00a0\u00a0<\/a>Ba\u00f1os de Montemayor\u00a0 \u00a0 \u00a0 \u00a0 \u00a0927 488 143<\/p>\n<p style=\"padding-left: 30px;\"><a href=\"https:\/\/areasaludplasencia.es\/aspwp\/wp-content\/uploads\/2019\/12\/ses_plasencia_consultorio.png\"><img loading=\"lazy\" src=\"https:\/\/areasaludplasencia.es\/aspwp\/wp-content\/uploads\/2019\/12\/ses_plasencia_consultorio-150x150.png\" width=\"25\" height=\"25\" alt=\"\" class=\"wp-image-2666 alignnone size-thumbnail\" srcset=\"https:\/\/areasaludplasencia.es\/aspwp\/wp-content\/uploads\/2019\/12\/ses_plasencia_consultorio-150x150.png 150w, https:\/\/areasaludplasencia.es\/aspwp\/wp-content\/uploads\/2019\/12\/ses_plasencia_consultorio-300x300.png 300w, https:\/\/areasaludplasencia.es\/aspwp\/wp-content\/uploads\/2019\/12\/ses_plasencia_consultorio.png 512w\" sizes=\"(max-width: 25px) 100vw, 25px\" \/>\u00a0 \u00a0 \u00a0<\/a>La Garganta\u00a0 \u00a0 \u00a0 \u00a0 \u00a0 \u00a0 \u00a0 \u00a0 \u00a0 \u00a0 \u00a0 \u00a0 \u00a0 \u00a0 \u00a0 \u00a0 \u00a0927 464 530<\/p>\n<p>[\/et_pb_text][et_pb_text _builder_version=&#8221;4.0.5&#8243; header_3_font=&#8221;||||||||&#8221; header_3_text_color=&#8221;#FFFFFF&#8221; background_color=&#8221;#76c0e0&#8243; custom_margin=&#8221;0px||||false|false&#8221; custom_padding=&#8221;7px||0px||false|false&#8221; border_radii=&#8221;on|3px|3px|3px|3px&#8221;]<\/p>\n<h3 style=\"text-align: center;\">Categor\u00edas Profesionales<\/h3>\n<p>[\/et_pb_text][et_pb_text _builder_version=&#8221;4.0.5&#8243; custom_margin=&#8221;|||30px|false|false&#8221;]<\/p>\n<p>M\u00e9dico de Familia\u00a0 \u00a0 \u00a0 \u00a0 \u00a0 \u00a0 \u00a0 \u00a0 \u00a0 \u00a0 \u00a0 \u00a0Auxiliar de Enfermer\u00eda<\/p>\n<p>Pediatra\u00a0 \u00a0 \u00a0 \u00a0 \u00a0 \u00a0 \u00a0 \u00a0 \u00a0 \u00a0 \u00a0 \u00a0 \u00a0 \u00a0 \u00a0 \u00a0 \u00a0 \u00a0 \u00a0 \u00a0 \u00a0 \u00a0 \u00a0Veterinario<\/p>\n<p>Enfermera\u00a0 \u00a0 \u00a0 \u00a0 \u00a0 \u00a0 \u00a0 \u00a0 \u00a0 \u00a0 \u00a0 \u00a0 \u00a0 \u00a0 \u00a0 \u00a0 \u00a0 \u00a0 \u00a0 \u00a0 Trabajador social<\/p>\n<p>Matrona\u00a0 \u00a0 \u00a0 \u00a0 \u00a0 \u00a0 \u00a0 \u00a0 \u00a0 \u00a0 \u00a0 \u00a0 \u00a0 \u00a0 \u00a0 \u00a0 \u00a0 \u00a0 \u00a0 \u00a0 \u00a0 \u00a0 Auxiliar Administrativo<\/p>\n<p>Fisioterapia\u00a0 \u00a0 \u00a0 \u00a0 \u00a0 \u00a0 \u00a0 \u00a0 \u00a0 \u00a0 \u00a0 \u00a0 \u00a0 \u00a0 \u00a0 \u00a0 \u00a0 \u00a0 \u00a0Celador<\/p>\n<p>Farmac\u00e9utico\u00a0 \u00a0 \u00a0 \u00a0 \u00a0 \u00a0<\/p>\n<p>[\/et_pb_text][\/et_pb_column][\/et_pb_row][et_pb_row _builder_version=&#8221;4.0.5&#8243;][et_pb_column type=&#8221;4_4&#8243; _builder_version=&#8221;4.0.5&#8243;][et_pb_divider _builder_version=&#8221;4.0.5&#8243;][\/et_pb_divider][\/et_pb_column][\/et_pb_row][\/et_pb_section]<\/p>\n","protected":false},"excerpt":{"rendered":"<p>[et_pb_section fb_built=&#8221;1&#8243; admin_label=&#8221;section&#8221; _builder_version=&#8221;4.0.5&#8243; custom_margin=&#8221;-18px||||false|false&#8221; custom_padding=&#8221;0px||10px||false|false&#8221;][et_pb_row _builder_version=&#8221;4.0.5&#8243; custom_margin=&#8221;0px||||false|false&#8221; custom_padding=&#8221;||||false|false&#8221;][et_pb_column type=&#8221;4_4&#8243; _builder_version=&#8221;4.0.5&#8243;][et_pb_text _builder_version=&#8221;4.0.5&#8243; text_font=&#8221;||||||||&#8221; text_text_color=&#8221;#2b5183&#8243; text_font_size=&#8221;26px&#8221; custom_margin=&#8221;||0px||false|false&#8221; border_color_all=&#8221;#588cd0&#8243; border_width_bottom=&#8221;4px&#8221; border_color_bottom=&#8221;#5992c1&#8243; border_style_bottom=&#8221;solid&#8221;] Zona de Salud de HERV\u00c1S [\/et_pb_text][\/et_pb_column][\/et_pb_row][\/et_pb_section][et_pb_section fb_built=&#8221;1&#8243; _builder_version=&#8221;4.0.5&#8243; custom_padding=&#8221;0px|||||&#8221;][et_pb_row column_structure=&#8221;1_2,1_2&#8243; _builder_version=&#8221;4.0.5&#8243; custom_padding=&#8221;7px|||||&#8221;][et_pb_column type=&#8221;1_2&#8243; _builder_version=&#8221;4.0.5&#8243;][et_pb_image src=&#8221;https:\/\/areasaludplasencia.es\/aspwp\/wp-content\/uploads\/2017\/04\/cab_hervas.jpg&#8221; _builder_version=&#8221;4.0.5&#8243;][\/et_pb_image][et_pb_text _builder_version=&#8221;4.0.5&#8243; header_3_font=&#8221;||||||||&#8221; header_3_text_color=&#8221;#FFFFFF&#8221; background_color=&#8221;#76c0e0&#8243; custom_margin=&#8221;0px||||false|false&#8221; custom_padding=&#8221;7px||0px||false|false&#8221; border_radii=&#8221;on|3px|3px|3px|3px&#8221;] Centro de Salud [\/et_pb_text][et_pb_text _builder_version=&#8221;4.7.7&#8243; custom_margin=&#8221;|||30px|false|false&#8221; hover_enabled=&#8221;0&#8243; sticky_enabled=&#8221;0&#8243;] \u00a0 \u00a0 \u00a0El Prado, &hellip; <a href=\"https:\/\/areasaludplasencia.es\/aspwp\/centro-salud-hervas\/\" class=\"more-link\">Seguir leyendo <span class=\"screen-reader-text\">CSHervas<\/span> <span class=\"meta-nav\">&rarr;<\/span><\/a><\/p>\n","protected":false},"author":1,"featured_media":0,"parent":0,"menu_order":0,"comment_status":"closed","ping_status":"closed","template":"page-templates\/full-width.php","meta":{"_et_pb_use_builder":"on","_et_pb_old_content":"<h1 style=\"color: #223650;\">Zona de Salud de HERV\u00c1S<\/h1>\n\n<hr style=\"border: 2px solid #588cd0;\">\n\n<div id=\"base\">\n<div id=\"columna1\" style=\"width: 47%; position: relative; float: left; text-align: justify; margin-bottom: 20%;\">\n\n<img class=\"alignnone size-full wp-image-1600\" src=\"http:\/\/areasaludplasencia.es\/aspwp\/wp-content\/uploads\/2017\/04\/cab_hervas.jpg\" alt=\"\" width=\"482\" height=\"136\">\n<h4>Centro de Salud<\/h4>\n<table class=\"tablasinborde\" style=\"width: 100%;\">\n<tbody>\n<tr>\n<td style=\"text-align: right;\" width=\"15%\"><img class=\"alignnone wp-image-1004\" src=\"http:\/\/areasaludplasencia.es\/aspwp\/wp-content\/uploads\/2017\/04\/location-icon-png-4240.png\" alt=\"\" width=\"24\" height=\"24\"><\/td>\n<td>El Prado s\/n 10700, Herv\u00e1s<\/td>\n<\/tr>\n<tr>\n<td style=\"text-align: right;\" width=\"15%\"><img class=\"alignnone wp-image-1014\" src=\"http:\/\/areasaludplasencia.es\/aspwp\/wp-content\/uploads\/2017\/04\/078613-blue-jelly-icon-business-phone-clear-300x300.png\" alt=\"\" width=\"29\" height=\"29\"><\/td>\n<td>927 473 291 cita previa<\/td>\n<\/tr>\n<tr>\n<td style=\"text-align: right;\" width=\"15%\"><img class=\"alignnone wp-image-1014\" src=\"http:\/\/areasaludplasencia.es\/aspwp\/wp-content\/uploads\/2017\/04\/078613-blue-jelly-icon-business-phone-clear-300x300.png\" alt=\"\" width=\"29\" height=\"29\"><\/td>\n<td>927 473 302 urgencias<\/td>\n<\/tr>\n<tr>\n<td style=\"text-align: right;\" width=\"15%\"><img class=\"alignnone wp-image-1006\" src=\"http:\/\/areasaludplasencia.es\/aspwp\/wp-content\/uploads\/2017\/04\/fax-icon-png-4910-300x300.png\" alt=\"\" width=\"29\" height=\"29\"><\/td>\n<td>927 473 196 fax<\/td>\n<\/tr>\n<tr>\n<td style=\"text-align: right;\" width=\"15%\"><img class=\"alignnone wp-image-1006\" src=\"http:\/\/areasaludplasencia.es\/aspwp\/wp-content\/uploads\/2017\/04\/at-sign-icon-5696-300x300.png\" alt=\"\" width=\"29\" height=\"29\"><\/td>\n<td>hervas.admon@salud-juntaex.es<\/td>\n<\/tr>\n<\/tbody>\n<\/table>\n<h4>Punto de Atenci\u00f3n Continuada<\/h4>\n<table class=\"tablasinborde\" style=\"width: 100%;\">\n<tbody>\n<tr>\n<td style=\"text-align: right;\" width=\"15%\"><img class=\"alignnone wp-image-1014\" src=\"http:\/\/areasaludplasencia.es\/aspwp\/wp-content\/uploads\/2017\/04\/078613-blue-jelly-icon-business-phone-clear-300x300.png\" alt=\"\" width=\"29\" height=\"29\"><\/td>\n<td>927 473 302 PAC<\/td>\n<\/tr>\n<\/tbody>\n<\/table>\n<h4>Coordinador del EAP<\/h4>\n<p style=\"margin-left: 20%;\">Jos\u00e9 Manuel de Vega Parra<\/p>\n\n<h4>Responsable de enfermer\u00eda<\/h4>\n<p style=\"margin-left: 20%;\">\u00c1ngela Mart\u00edn Gonz\u00e1lez<\/p>\n\n<\/div>\n<div id=\"columna2\" style=\"width: 47%; position: relative; float: right; text-align: justify; margin-bottom: 20%;\">\n<h4>Consultorios Locales<\/h4>\n<table class=\"tablasinborde\" style=\"width: 100%;\">\n<tbody>\n<tr>\n<td style=\"text-align: right;\" width=\"15%\"><img class=\"alignnone wp-image-1067\" src=\"http:\/\/areasaludplasencia.es\/aspwp\/wp-content\/uploads\/2017\/04\/building-icon-35628-300x300.jpg\" alt=\"\" width=\"29\" height=\"29\"><\/td>\n<td width=\"30%\">Ba\u00f1os de Montemayor<\/td>\n<td>927 488 143<\/td>\n<\/tr>\n<tr>\n<td style=\"text-align: right;\" width=\"15%\"><img class=\"alignnone wp-image-1067\" src=\"http:\/\/areasaludplasencia.es\/aspwp\/wp-content\/uploads\/2017\/04\/building-icon-35628-300x300.jpg\" alt=\"\" width=\"29\" height=\"29\"><\/td>\n<td>La Garganta<\/td>\n<td>927 464 530<\/td>\n<\/tr>\n<\/tbody>\n<\/table>\n<h4>Profesionales de la Zona de Salud<\/h4>\n<table class=\"tablasinborde\" style=\"width: 100%;\">\n<tbody>\n<tr>\n<td><\/td>\n<td colspan=\"2\">Medico de familia<\/td>\n<\/tr>\n<tr>\n<td><\/td>\n<td colspan=\"2\">Pediatra<\/td>\n<\/tr>\n<tr>\n<td><\/td>\n<td colspan=\"2\">Enfermera<\/td>\n<\/tr>\n<tr>\n<td><\/td>\n<td colspan=\"2\">Matrona<\/td>\n<\/tr>\n<tr>\n<td><\/td>\n<td colspan=\"2\">Fisioterapeuta<\/td>\n<\/tr>\n<tr>\n<td><\/td>\n<td colspan=\"2\">Auxiliar de enfermer\u00eda<\/td>\n<\/tr>\n<tr>\n<td><\/td>\n<td colspan=\"2\">Trabajador social<\/td>\n<\/tr>\n<tr>\n<td><\/td>\n<td colspan=\"2\">Auxiliar administrativo<\/td>\n<\/tr>\n<tr>\n<td><\/td>\n<td colspan=\"2\">Celador<\/td>\n<\/tr>\n<tr>\n<td><\/td>\n<td colspan=\"2\">Farmac\u00e9utico<\/td>\n<\/tr>\n<tr>\n<td><\/td>\n<td colspan=\"2\">Veterinario<\/td>\n<\/tr>\n<\/tbody>\n<\/table>\n<\/div>\n<\/div>","_et_gb_content_width":""},"_links":{"self":[{"href":"https:\/\/areasaludplasencia.es\/aspwp\/wp-json\/wp\/v2\/pages\/1244"}],"collection":[{"href":"https:\/\/areasaludplasencia.es\/aspwp\/wp-json\/wp\/v2\/pages"}],"about":[{"href":"https:\/\/areasaludplasencia.es\/aspwp\/wp-json\/wp\/v2\/types\/page"}],"author":[{"embeddable":true,"href":"https:\/\/areasaludplasencia.es\/aspwp\/wp-json\/wp\/v2\/users\/1"}],"replies":[{"embeddable":true,"href":"https:\/\/areasaludplasencia.es\/aspwp\/wp-json\/wp\/v2\/comments?post=1244"}],"version-history":[{"count":12,"href":"https:\/\/areasaludplasencia.es\/aspwp\/wp-json\/wp\/v2\/pages\/1244\/revisions"}],"predecessor-version":[{"id":5908,"href":"https:\/\/areasaludplasencia.es\/aspwp\/wp-json\/wp\/v2\/pages\/1244\/revisions\/5908"}],"wp:attachment":[{"href":"https:\/\/areasaludplasencia.es\/aspwp\/wp-json\/wp\/v2\/media?parent=1244"}],"curies":[{"name":"wp","href":"https:\/\/api.w.org\/{rel}","templated":true}]}}